{"id":27746,"date":"2025-10-27T18:24:40","date_gmt":"2025-10-27T17:24:40","guid":{"rendered":"http:\/\/voyagesalaune.com\/?page_id=27746"},"modified":"2026-03-09T11:31:52","modified_gmt":"2026-03-09T10:31:52","slug":"les-lacs-italiens-et-leurs-sublimes-villas","status":"publish","type":"page","link":"https:\/\/voyagesalaune.com\/index.php\/voyages-accompagnes\/les-lacs-italiens-et-leurs-sublimes-villas\/","title":{"rendered":"LES LACS ITALIENS ET LEURS SUBLIMES VILLAS"},"content":{"rendered":"\t\t<div data-elementor-type=\"wp-page\" data-elementor-id=\"27746\" class=\"elementor elementor-27746\" data-elementor-post-type=\"page\">\n\t\t\t\t\t\t<section class=\"elementor-section elementor-top-section elementor-element elementor-element-d4b3b88 elementor-section-boxed elementor-section-height-default elementor-section-height-default qodef-backgound-letter-holder-no qodef-elementor-content-no\" data-id=\"d4b3b88\" data-element_type=\"section\" data-e-type=\"section\">\n\t\t\t\t\t\t<div class=\"elementor-container elementor-column-gap-default\">\n\t\t\t\t\t<div class=\"elementor-column elementor-col-100 elementor-top-column elementor-element elementor-element-a2dc611\" data-id=\"a2dc611\" data-element_type=\"column\" data-e-type=\"column\">\n\t\t\t<div class=\"elementor-widget-wrap elementor-element-populated\">\n\t\t\t\t\t\t<div class=\"elementor-element elementor-element-1cb5cf5 elementor-widget elementor-widget-slider_revolution\" data-id=\"1cb5cf5\" data-element_type=\"widget\" data-e-type=\"widget\" data-widget_type=\"slider_revolution.default\">\n\t\t\t\t<div class=\"elementor-widget-container\">\n\t\t\t\t\t\n\t\t<div class=\"wp-block-themepunch-revslider\">\n\t\t\t<!-- START LES LACS ITALIENS ET LEURS SUBLIMES VILLAS REVOLUTION SLIDER 6.5.8 --><p class=\"rs-p-wp-fix\"><\/p>\n\t\t\t<rs-module-wrap id=\"rev_slider_133_1_wrapper\" data-source=\"gallery\" style=\"visibility:hidden;background:transparent;padding:0;margin:0px auto;margin-top:0;margin-bottom:0;\">\n\t\t\t\t<rs-module id=\"rev_slider_133_1\" style=\"\" data-version=\"6.5.8\">\n\t\t\t\t\t<rs-slides>\n\t\t\t\t\t\t<rs-slide style=\"position: absolute;\" data-key=\"rs-145\" data-title=\"Slide\" data-in=\"o:0;\" data-out=\"a:false;\">\n\t\t\t\t\t\t\t<img fetchpriority=\"high\" decoding=\"async\" src=\"\/\/voyagesalaune.com\/wp-content\/plugins\/revslider\/public\/assets\/assets\/dummy.png\" title=\"italie &#8211; lac de co\u0302me\" width=\"1280\" height=\"800\" class=\"rev-slidebg tp-rs-img rs-lazyload\" data-lazyload=\"\/\/voyagesalaune.com\/wp-content\/uploads\/2025\/09\/italie-lac-de-come.jpeg\" data-bg=\"p:left center;\" data-no-retina>\n<!--\n\t\t\t\t\t\t\t--><rs-layer\n\t\t\t\t\t\t\t\tid=\"slider-133-slide-145-layer-0\" \n\t\t\t\t\t\t\t\tdata-type=\"text\"\n\t\t\t\t\t\t\t\tdata-rsp_ch=\"on\"\n\t\t\t\t\t\t\t\tdata-xy=\"x:c;xo:56px,11px,0,1px;y:m;yo:-26px,-26px,-24px,-12px;\"\n\t\t\t\t\t\t\t\tdata-text=\"w:normal;s:40,33,25,25;l:68,56,42,31;a:center;\"\n\t\t\t\t\t\t\t\tdata-dim=\"w:940px,776px,589px,auto;\"\n\t\t\t\t\t\t\t\tdata-frame_999=\"o:0;st:w;\"\n\t\t\t\t\t\t\t\tstyle=\"z-index:8;font-family:'Proza Libre';\"\n\t\t\t\t\t\t\t>LES LACS ITALIENS ET LEURS SUBLIMES VILLAS<br \/>\n \n\t\t\t\t\t\t\t<\/rs-layer><!--\n\n\t\t\t\t\t\t\t--><rs-layer\n\t\t\t\t\t\t\t\tid=\"slider-133-slide-145-layer-1\" \n\t\t\t\t\t\t\t\tdata-type=\"text\"\n\t\t\t\t\t\t\t\tdata-rsp_ch=\"on\"\n\t\t\t\t\t\t\t\tdata-xy=\"x:c;xo:55px,10px,-5px,-6px;y:b;yo:69px,62px,65px,68px;\"\n\t\t\t\t\t\t\t\tdata-text=\"w:normal;s:33,27,20,18;l:41,33,25,22;a:center;\"\n\t\t\t\t\t\t\t\tdata-dim=\"w:auto,auto,248.023px,auto;\"\n\t\t\t\t\t\t\t\tdata-frame_999=\"o:0;st:w;\"\n\t\t\t\t\t\t\t\tstyle=\"z-index:9;font-family:'Proza Libre';\"\n\t\t\t\t\t\t\t>Du 30 avril au 3 mai 2026 <br>\nAvec Evelyne LEVER\n \n\t\t\t\t\t\t\t<\/rs-layer><!--\n-->\t\t\t\t\t\t<\/rs-slide>\n\t\t\t\t\t<\/rs-slides>\n\t\t\t\t<\/rs-module>\n\t\t\t\t<script type=\"text\/javascript\">\n\t\t\t\t\tsetREVStartSize({c: 'rev_slider_133_1',rl:[1240,1024,778,480],el:[300,300,300,300],gw:[1240,1024,778,480],gh:[300,300,300,300],type:'standard',justify:'',layout:'fullwidth',mh:\"0\"});if (window.RS_MODULES!==undefined && window.RS_MODULES.modules!==undefined && window.RS_MODULES.modules[\"revslider1331\"]!==undefined) {window.RS_MODULES.modules[\"revslider1331\"].once = false;window.revapi133 = undefined;if (window.RS_MODULES.checkMinimal!==undefined) window.RS_MODULES.checkMinimal()}\n\t\t\t\t<\/script>\n\t\t\t<\/rs-module-wrap>\n\t\t\t<!-- END REVOLUTION SLIDER -->\n<\/div>\n\n\t\t\t\t\t\t<\/div>\n\t\t\t\t<\/div>\n\t\t\t\t\t<\/div>\n\t\t<\/div>\n\t\t\t\t\t<\/div>\n\t\t<\/section>\n\t\t\t\t<section class=\"elementor-section elementor-top-section elementor-element elementor-element-ab778c9 elementor-section-boxed elementor-section-height-default elementor-section-height-default qodef-backgound-letter-holder-no qodef-elementor-content-no\" data-id=\"ab778c9\" data-element_type=\"section\" data-e-type=\"section\">\n\t\t\t\t\t\t<div class=\"elementor-container elementor-column-gap-default\">\n\t\t\t\t\t<div class=\"elementor-column elementor-col-100 elementor-top-column elementor-element elementor-element-6e1a983\" data-id=\"6e1a983\" data-element_type=\"column\" data-e-type=\"column\">\n\t\t\t<div class=\"elementor-widget-wrap\">\n\t\t\t\t\t\t\t<\/div>\n\t\t<\/div>\n\t\t\t\t\t<\/div>\n\t\t<\/section>\n\t\t\t\t<section class=\"elementor-section elementor-top-section elementor-element elementor-element-1eafe89 elementor-section-boxed elementor-section-height-default elementor-section-height-default qodef-backgound-letter-holder-no qodef-elementor-content-no\" data-id=\"1eafe89\" data-element_type=\"section\" data-e-type=\"section\">\n\t\t\t\t\t\t<div class=\"elementor-container elementor-column-gap-default\">\n\t\t\t\t\t<div class=\"elementor-column elementor-col-25 elementor-top-column elementor-element elementor-element-55f3546\" data-id=\"55f3546\" data-element_type=\"column\" data-e-type=\"column\">\n\t\t\t<div class=\"elementor-widget-wrap elementor-element-populated\">\n\t\t\t\t\t\t<div class=\"elementor-element elementor-element-95f9dbb elementor-widget elementor-widget-spacer\" data-id=\"95f9dbb\" data-element_type=\"widget\" data-e-type=\"widget\" data-widget_type=\"spacer.default\">\n\t\t\t\t<div class=\"elementor-widget-container\">\n\t\t\t\t\t\t\t<div class=\"elementor-spacer\">\n\t\t\t<div class=\"elementor-spacer-inner\"><\/div>\n\t\t<\/div>\n\t\t\t\t\t\t<\/div>\n\t\t\t\t<\/div>\n\t\t\t\t<div class=\"elementor-element elementor-element-80143f6 elementor-align-center elementor-widget elementor-widget-button\" data-id=\"80143f6\" data-element_type=\"widget\" data-e-type=\"widget\" data-widget_type=\"button.default\">\n\t\t\t\t<div class=\"elementor-widget-container\">\n\t\t\t\t\t\t\t\t\t<div class=\"elementor-button-wrapper\">\n\t\t\t\t\t<a class=\"elementor-button elementor-button-link elementor-size-xs\" href=\"#elementor-action%3Aaction%3Dpopup%3Aopen%26settings%3DeyJpZCI6IjI4MjY1IiwidG9nZ2xlIjpmYWxzZX0%3D\" url=\"https:\/\/voyagesalaune.com\/wp-content\/uploads\/2026\/03\/202604-LACS-ITALIENS-PROGRAMME-ET-BI-060326.pdf\" id=\"bouton_pdf\">\n\t\t\t\t\t\t<span class=\"elementor-button-content-wrapper\">\n\t\t\t\t\t\t\t\t\t<span class=\"elementor-button-text\">Demandez le programme<\/span>\n\t\t\t\t\t<\/span>\n\t\t\t\t\t<\/a>\n\t\t\t\t<\/div>\n\t\t\t\t\t\t\t\t<\/div>\n\t\t\t\t<\/div>\n\t\t\t\t\t<\/div>\n\t\t<\/div>\n\t\t\t\t<div class=\"elementor-column elementor-col-50 elementor-top-column elementor-element elementor-element-aadb55d\" data-id=\"aadb55d\" data-element_type=\"column\" data-e-type=\"column\">\n\t\t\t<div class=\"elementor-widget-wrap elementor-element-populated\">\n\t\t\t\t\t\t<div class=\"elementor-element elementor-element-bef3ed3 elementor-widget elementor-widget-text-editor\" data-id=\"bef3ed3\" data-element_type=\"widget\" data-e-type=\"widget\" data-widget_type=\"text-editor.default\">\n\t\t\t\t<div class=\"elementor-widget-container\">\n\t\t\t\t\t\t\t\t\t<p>C\u2019est la saison id\u00e9ale pour retrouver l\u2019atmosph\u00e8re romantique du lac Majeur et du lac de C\u00f4me, leurs c\u00e9l\u00e8bres villas et leur v\u00e9g\u00e9tation exub\u00e9rante. L\u2019Historienne Evelyne Lever, nous ouvrira les portes de la Villa Serbelloni et de ses superbes jardins puis de la Villa Carlotta et sa tr\u00e8s belle collection de statues. Au cours dune journ\u00e9e, vous appr\u00e9cierez la beaut\u00e9 du lac de C\u00f4me. Nous s\u00e9journerons au mythique Grand H\u00f4tel des Iles Borrom\u00e9es, magnifique palais princier situ\u00e9 au coeur d\u2019un parc sur les rives du lac Majeur.<\/p>\t\t\t\t\t\t\t\t<\/div>\n\t\t\t\t<\/div>\n\t\t\t\t\t<\/div>\n\t\t<\/div>\n\t\t\t\t<div class=\"elementor-column elementor-col-25 elementor-top-column elementor-element elementor-element-2c6dedd\" data-id=\"2c6dedd\" data-element_type=\"column\" data-e-type=\"column\">\n\t\t\t<div class=\"elementor-widget-wrap elementor-element-populated\">\n\t\t\t\t\t\t<section class=\"elementor-section elementor-inner-section elementor-element elementor-element-1cf5ded elementor-section-content-middle elementor-section-boxed elementor-section-height-default elementor-section-height-default qodef-backgound-letter-holder-no qodef-elementor-content-no\" data-id=\"1cf5ded\" data-element_type=\"section\" data-e-type=\"section\">\n\t\t\t\t\t\t<div class=\"elementor-container elementor-column-gap-wide\">\n\t\t\t\t\t<div class=\"elementor-column elementor-col-50 elementor-inner-column elementor-element elementor-element-e1986b6\" data-id=\"e1986b6\" data-element_type=\"column\" data-e-type=\"column\">\n\t\t\t<div class=\"elementor-widget-wrap elementor-element-populated\">\n\t\t\t\t\t\t<div class=\"elementor-element elementor-element-67fff2d elementor-view-default elementor-widget elementor-widget-icon\" data-id=\"67fff2d\" data-element_type=\"widget\" data-e-type=\"widget\" data-widget_type=\"icon.default\">\n\t\t\t\t<div class=\"elementor-widget-container\">\n\t\t\t\t\t\t\t<div class=\"elementor-icon-wrapper\">\n\t\t\t<div class=\"elementor-icon\">\n\t\t\t<i aria-hidden=\"true\" class=\"far fa-calendar-alt\"><\/i>\t\t\t<\/div>\n\t\t<\/div>\n\t\t\t\t\t\t<\/div>\n\t\t\t\t<\/div>\n\t\t\t\t<div class=\"elementor-element elementor-element-6a3b8ae elementor-widget elementor-widget-text-editor\" data-id=\"6a3b8ae\" data-element_type=\"widget\" data-e-type=\"widget\" data-widget_type=\"text-editor.default\">\n\t\t\t\t<div class=\"elementor-widget-container\">\n\t\t\t\t\t\t\t\t\t<h3 style=\"text-align: center;\"><span style=\"color: #1b3864;\"><b><span style=\"text-align: center; background-color: #ffffff;\">DUR\u00c9E S\u00c9JOUR<br \/><\/span><\/b><\/span><span style=\"text-align: center; background-color: #ffffff;\">4 jours<\/span><\/h3>\t\t\t\t\t\t\t\t<\/div>\n\t\t\t\t<\/div>\n\t\t\t\t\t<\/div>\n\t\t<\/div>\n\t\t\t\t<div class=\"elementor-column elementor-col-50 elementor-inner-column elementor-element elementor-element-0d00faa\" data-id=\"0d00faa\" data-element_type=\"column\" data-e-type=\"column\">\n\t\t\t<div class=\"elementor-widget-wrap elementor-element-populated\">\n\t\t\t\t\t\t<div class=\"elementor-element elementor-element-e8b8c26 elementor-view-default elementor-widget elementor-widget-icon\" data-id=\"e8b8c26\" data-element_type=\"widget\" data-e-type=\"widget\" data-widget_type=\"icon.default\">\n\t\t\t\t<div class=\"elementor-widget-container\">\n\t\t\t\t\t\t\t<div class=\"elementor-icon-wrapper\">\n\t\t\t<div class=\"elementor-icon\">\n\t\t\t<i aria-hidden=\"true\" class=\"far fa-clock\"><\/i>\t\t\t<\/div>\n\t\t<\/div>\n\t\t\t\t\t\t<\/div>\n\t\t\t\t<\/div>\n\t\t\t\t<div class=\"elementor-element elementor-element-134d9c2 elementor-widget elementor-widget-text-editor\" data-id=\"134d9c2\" data-element_type=\"widget\" data-e-type=\"widget\" data-widget_type=\"text-editor.default\">\n\t\t\t\t<div class=\"elementor-widget-container\">\n\t\t\t\t\t\t\t\t\t<h3 style=\"text-align: center;\"><span style=\"color: #1b3864;\"><b><span style=\"text-align: center; background-color: #ffffff;\">D\u00c9CALAGE HORAIRE<\/span><br style=\"text-align: center;\" \/><\/b><\/span><span style=\"text-align: center; background-color: #ffffff;\">Aucun<\/span><\/h3>\t\t\t\t\t\t\t\t<\/div>\n\t\t\t\t<\/div>\n\t\t\t\t\t<\/div>\n\t\t<\/div>\n\t\t\t\t\t<\/div>\n\t\t<\/section>\n\t\t\t\t<section class=\"elementor-section elementor-inner-section elementor-element elementor-element-d9dcf13 elementor-section-content-middle elementor-section-boxed elementor-section-height-default elementor-section-height-default qodef-backgound-letter-holder-no qodef-elementor-content-no\" data-id=\"d9dcf13\" data-element_type=\"section\" data-e-type=\"section\">\n\t\t\t\t\t\t<div class=\"elementor-container elementor-column-gap-wide\">\n\t\t\t\t\t<div class=\"elementor-column elementor-col-50 elementor-inner-column elementor-element elementor-element-50c8bb7\" data-id=\"50c8bb7\" data-element_type=\"column\" data-e-type=\"column\">\n\t\t\t<div class=\"elementor-widget-wrap elementor-element-populated\">\n\t\t\t\t\t\t<div class=\"elementor-element elementor-element-33d7853 elementor-view-default elementor-widget elementor-widget-icon\" data-id=\"33d7853\" data-element_type=\"widget\" data-e-type=\"widget\" data-widget_type=\"icon.default\">\n\t\t\t\t<div class=\"elementor-widget-container\">\n\t\t\t\t\t\t\t<div class=\"elementor-icon-wrapper\">\n\t\t\t<div class=\"elementor-icon\">\n\t\t\t<i aria-hidden=\"true\" class=\"far fa-id-badge\"><\/i>\t\t\t<\/div>\n\t\t<\/div>\n\t\t\t\t\t\t<\/div>\n\t\t\t\t<\/div>\n\t\t\t\t<div class=\"elementor-element elementor-element-63ed205 elementor-widget elementor-widget-text-editor\" data-id=\"63ed205\" data-element_type=\"widget\" data-e-type=\"widget\" data-widget_type=\"text-editor.default\">\n\t\t\t\t<div class=\"elementor-widget-container\">\n\t\t\t\t\t\t\t\t\t<h3 style=\"text-align: center;\"><b><span style=\"color: #1b3864;\">PASSEPORT<\/span><br \/><\/b>Aucun<\/h3>\t\t\t\t\t\t\t\t<\/div>\n\t\t\t\t<\/div>\n\t\t\t\t\t<\/div>\n\t\t<\/div>\n\t\t\t\t<div class=\"elementor-column elementor-col-50 elementor-inner-column elementor-element elementor-element-c85d60f\" data-id=\"c85d60f\" data-element_type=\"column\" data-e-type=\"column\">\n\t\t\t<div class=\"elementor-widget-wrap elementor-element-populated\">\n\t\t\t\t\t\t<div class=\"elementor-element elementor-element-30bc536 elementor-view-default elementor-widget elementor-widget-icon\" data-id=\"30bc536\" data-element_type=\"widget\" data-e-type=\"widget\" data-widget_type=\"icon.default\">\n\t\t\t\t<div class=\"elementor-widget-container\">\n\t\t\t\t\t\t\t<div class=\"elementor-icon-wrapper\">\n\t\t\t<div class=\"elementor-icon\">\n\t\t\t<i aria-hidden=\"true\" class=\"fas fa-plane-departure\"><\/i>\t\t\t<\/div>\n\t\t<\/div>\n\t\t\t\t\t\t<\/div>\n\t\t\t\t<\/div>\n\t\t\t\t<div class=\"elementor-element elementor-element-0f7dfdd elementor-widget elementor-widget-text-editor\" data-id=\"0f7dfdd\" data-element_type=\"widget\" data-e-type=\"widget\" data-widget_type=\"text-editor.default\">\n\t\t\t\t<div class=\"elementor-widget-container\">\n\t\t\t\t\t\t\t\t\t<h3 style=\"text-align: center;\"><b><span style=\"color: #1b3864;\">VISA<\/span><br \/><\/b>Aucun<\/h3>\t\t\t\t\t\t\t\t<\/div>\n\t\t\t\t<\/div>\n\t\t\t\t\t<\/div>\n\t\t<\/div>\n\t\t\t\t\t<\/div>\n\t\t<\/section>\n\t\t\t\t\t<\/div>\n\t\t<\/div>\n\t\t\t\t\t<\/div>\n\t\t<\/section>\n\t\t\t\t<section class=\"elementor-section elementor-top-section elementor-element elementor-element-4947c9b elementor-hidden-tablet elementor-hidden-mobile elementor-section-boxed elementor-section-height-default elementor-section-height-default qodef-backgound-letter-holder-no qodef-elementor-content-no\" data-id=\"4947c9b\" data-element_type=\"section\" data-e-type=\"section\">\n\t\t\t\t\t\t<div class=\"elementor-container elementor-column-gap-default\">\n\t\t\t\t\t<div class=\"elementor-column elementor-col-50 elementor-top-column elementor-element elementor-element-20b6489\" data-id=\"20b6489\" data-element_type=\"column\" data-e-type=\"column\">\n\t\t\t<div class=\"elementor-widget-wrap elementor-element-populated\">\n\t\t\t\t\t\t<div class=\"elementor-element elementor-element-80157ca elementor-position-left elementor-vertical-align-middle elementor-widget elementor-widget-image-box\" data-id=\"80157ca\" data-element_type=\"widget\" data-e-type=\"widget\" data-widget_type=\"image-box.default\">\n\t\t\t\t<div class=\"elementor-widget-container\">\n\t\t\t\t\t<div class=\"elementor-image-box-wrapper\"><figure class=\"elementor-image-box-img\"><img decoding=\"async\" src=\"https:\/\/voyagesalaune.com\/wp-content\/uploads\/elementor\/thumbs\/E-LEVER-080721-q7zswfx7n8me4tw9b0tuwvfyadssbbjzbf7507sed4.jpeg\" title=\"Evelyne Lever\" alt=\"Evelyne LEVER\" loading=\"lazy\" \/><\/figure><div class=\"elementor-image-box-content\"><h5 class=\"elementor-image-box-title\">VOUS VOYAGEREZ AVEC <br> <br> EVELYNE LEVER<\/h5><p class=\"elementor-image-box-description\">\u00c9velyne LEVER est historienne sp\u00e9cialiste des XVIIe et XVIIIe si\u00e8cles.\n<br><br>\n<a>Pour en savoir plus<\/a><\/p><\/div><\/div>\t\t\t\t<\/div>\n\t\t\t\t<\/div>\n\t\t\t\t<div class=\"elementor-element elementor-element-77c83e7 elementor-widget elementor-widget-google_maps\" data-id=\"77c83e7\" data-element_type=\"widget\" data-e-type=\"widget\" id=\"id-map\" data-widget_type=\"google_maps.default\">\n\t\t\t\t<div class=\"elementor-widget-container\">\n\t\t\t\t\t\t\t<div class=\"elementor-custom-embed\">\n\t\t\t<iframe loading=\"lazy\"\n\t\t\t\t\tsrc=\"https:\/\/maps.google.com\/maps?q=Lac%20Come&#038;t=m&#038;z=9&#038;output=embed&#038;iwloc=near\"\n\t\t\t\t\ttitle=\"Lac Come\"\n\t\t\t\t\taria-label=\"Lac Come\"\n\t\t\t><\/iframe>\n\t\t<\/div>\n\t\t\t\t\t\t<\/div>\n\t\t\t\t<\/div>\n\t\t\t\t\t<\/div>\n\t\t<\/div>\n\t\t\t\t<div class=\"elementor-column elementor-col-50 elementor-top-column elementor-element elementor-element-8c35fcd\" data-id=\"8c35fcd\" data-element_type=\"column\" data-e-type=\"column\">\n\t\t\t<div class=\"elementor-widget-wrap elementor-element-populated\">\n\t\t\t\t\t\t<div class=\"elementor-element elementor-element-0ed871c elementor-widget elementor-widget-heading\" data-id=\"0ed871c\" data-element_type=\"widget\" data-e-type=\"widget\" data-widget_type=\"heading.default\">\n\t\t\t\t<div class=\"elementor-widget-container\">\n\t\t\t\t\t<h5 class=\"elementor-heading-title elementor-size-default\">VOTRE ITIN\u00c9RAIRE<\/h5>\t\t\t\t<\/div>\n\t\t\t\t<\/div>\n\t\t\t\t<div class=\"elementor-element elementor-element-4f0917f elementor-tabs-alignment-center elementor-tabs-view-horizontal elementor-widget elementor-widget-tabs\" data-id=\"4f0917f\" data-element_type=\"widget\" data-e-type=\"widget\" data-widget_type=\"tabs.default\">\n\t\t\t\t<div class=\"elementor-widget-container\">\n\t\t\t\t\t\t\t<div class=\"elementor-tabs\">\n\t\t\t<div class=\"elementor-tabs-wrapper\" role=\"tablist\" >\n\t\t\t\t\t\t\t\t\t<div id=\"elementor-tab-title-8281\" class=\"elementor-tab-title elementor-tab-desktop-title\" aria-selected=\"true\" data-tab=\"1\" role=\"tab\" tabindex=\"0\" aria-controls=\"elementor-tab-content-8281\" aria-expanded=\"false\">Jour 1<\/div>\n\t\t\t\t\t\t\t\t\t<div id=\"elementor-tab-title-8282\" class=\"elementor-tab-title elementor-tab-desktop-title\" aria-selected=\"false\" data-tab=\"2\" role=\"tab\" tabindex=\"-1\" aria-controls=\"elementor-tab-content-8282\" aria-expanded=\"false\">Jour 2<\/div>\n\t\t\t\t\t\t\t\t\t<div id=\"elementor-tab-title-8283\" class=\"elementor-tab-title elementor-tab-desktop-title\" aria-selected=\"false\" data-tab=\"3\" role=\"tab\" tabindex=\"-1\" aria-controls=\"elementor-tab-content-8283\" aria-expanded=\"false\">Jour 3 <\/div>\n\t\t\t\t\t\t\t\t\t<div id=\"elementor-tab-title-8284\" class=\"elementor-tab-title elementor-tab-desktop-title\" aria-selected=\"false\" data-tab=\"4\" role=\"tab\" tabindex=\"-1\" aria-controls=\"elementor-tab-content-8284\" aria-expanded=\"false\">Jour 4<\/div>\n\t\t\t\t\t\t\t<\/div>\n\t\t\t<div class=\"elementor-tabs-content-wrapper\" role=\"tablist\" aria-orientation=\"vertical\">\n\t\t\t\t\t\t\t\t\t<div class=\"elementor-tab-title elementor-tab-mobile-title\" aria-selected=\"true\" data-tab=\"1\" role=\"tab\" tabindex=\"0\" aria-controls=\"elementor-tab-content-8281\" aria-expanded=\"false\">Jour 1<\/div>\n\t\t\t\t\t<div id=\"elementor-tab-content-8281\" class=\"elementor-tab-content elementor-clearfix\" data-tab=\"1\" role=\"tabpanel\" aria-labelledby=\"elementor-tab-title-8281\" tabindex=\"0\" hidden=\"false\"><p><strong>PARIS &#8211; MILAN &#8211; STRESA<\/strong><\/p><p>8h55 D\u00e9collage de l\u2019a\u00e9roport Paris-Charles de Gaulle, du vol Air France AF 1330 \u00e0 destination de Milan. <em>(Dur\u00e9e : 1h30 &#8211; Airbus A22-300) <\/em>10h25Arriv\u00e9e \u00e0 l\u2019a\u00e9roport de Malpensa et route pour rejoindre Stresa. Promenade dans la ville, lieu de vill\u00e9giature \u00e0 partir du XIXe si\u00e8cle des personnages c\u00e9l\u00e8bres tels Stendhal, Dickens, Chateaubriand, Hemingway, des rois et des princes. Installation et d\u00e9jeuner au <strong> Grand H\u00f4tel des Iles Borrom\u00e9es<\/strong>, <em>ce palais princier est situ\u00e9 au coeur d\u2019un magnifique parc sur les rives du lac Majeur. <\/em>Visite de la<strong> Villa Taranto <\/strong>\u00e0 Pallanza, <em>construite en 1875 par le comte Orsetti sur le promontoire de la Castagnola<\/em>. Le jardin renferme une des collections les plus riches de plantes exotiques de toute l\u2019Europe. <strong>Conf\u00e9rence : \u00ab\u00a0La riche histoire des Lombards\u00a0\u00bb par Evelyne Lever.<\/strong> Cocktail et d\u00eener au restaurant <strong>\u00ab\u00a0Lo Stornello\u00a0\u00bb<\/strong>.<\/p><\/div>\n\t\t\t\t\t\t\t\t\t<div class=\"elementor-tab-title elementor-tab-mobile-title\" aria-selected=\"false\" data-tab=\"2\" role=\"tab\" tabindex=\"-1\" aria-controls=\"elementor-tab-content-8282\" aria-expanded=\"false\">Jour 2<\/div>\n\t\t\t\t\t<div id=\"elementor-tab-content-8282\" class=\"elementor-tab-content elementor-clearfix\" data-tab=\"2\" role=\"tabpanel\" aria-labelledby=\"elementor-tab-title-8282\" tabindex=\"0\" hidden=\"hidden\"><p><strong>STRESA<\/strong><\/p><p>D\u00e9part en bateau priv\u00e9 sur le<strong> Verbano<\/strong>, ancien nom du lac Majeur pour d\u00e9couvrir les \u00eeles Borrom\u00e9es : Isola Bella, Isola dei Pescatori et Isola Madre. <strong>Evelyne Lever \u00e9vouera les Borrom\u00e9es en leur palais. <\/strong> <strong>Isola Bella\u00a0<\/strong>surprend avec son majestueux <strong>palais Borromeo<\/strong> de style baroque, <em>b\u00e2ti au XVIIe si\u00e8cle pour les Borrom\u00e9e, seigneurs de l\u2019archipel depuis le XIIe si\u00e8cle<\/em>. <em>Le parc, un chef-d\u2019oeuvre de jardins \u00e0 l\u2019italienne en terrasses, est orn\u00e9 de statues.<\/em> <strong>Isola dei Pescatori<\/strong>, pittoresque village de p\u00eacheurs qui a gard\u00e9 son cachet primitif. D\u00e9jeuner au restaurant <strong> Verbano<\/strong> sur l\u2019Isola dei Pescatori. Visite d\u2019<strong>Isola Madre<\/strong>, <em>c\u00e9l\u00e8bre pour ses jardins \u00e0 l\u2019italienne et son palais du XVIe si\u00e8cle. <\/em>Retour \u00e0 Stresa et temps libre pour le shopping.<\/p><p>\u00a0<\/p><p><strong>EN OPTION <\/strong>Cocktail et d\u00eener au restaurant <strong>Milano<\/strong> \u00e0 Pallanza sur les rives du lac.<\/p><\/div>\n\t\t\t\t\t\t\t\t\t<div class=\"elementor-tab-title elementor-tab-mobile-title\" aria-selected=\"false\" data-tab=\"3\" role=\"tab\" tabindex=\"-1\" aria-controls=\"elementor-tab-content-8283\" aria-expanded=\"false\">Jour 3 <\/div>\n\t\t\t\t\t<div id=\"elementor-tab-content-8283\" class=\"elementor-tab-content elementor-clearfix\" data-tab=\"3\" role=\"tabpanel\" aria-labelledby=\"elementor-tab-title-8283\" tabindex=\"0\" hidden=\"hidden\"><p><strong>STRESA &#8211; COME -STRESA<\/strong><\/p><p>Promenade en bateau priv\u00e9 sur le <strong>lac de C\u00f4me<\/strong> qui offre les contrastes les plus saisissants par la vari\u00e9t\u00e9 de ses sites : villages accueillants, petits ports, villas aux jardins exotiques. Beaucoup de villas, ch\u00e2teaux et clo\u00eetres furent \u00e9difi\u00e9s au XVIIIe si\u00e8cle sur les bords du lac. <strong>Evelyne Lever vous parlera de Caroline de Brunswick, l\u2019\u00e9trange propritaire de la Ville d\u2019Este.<\/strong> D\u00e9jeuner \u00e0 la <strong>Villa Serbelloni<\/strong>, <em>construite au XVIIIe si\u00e8cle, l\u2019extraordinaire jardin qui l\u2019entoure occupe tout le sommet du promontoire de Bellagio et offre un ensemble d\u2019une incomparable beaut\u00e9<\/em>. Visite de la <strong>Villa del Balbianello<\/strong>, <em>construite en 1790 pour le cardinal Durini<\/em>. Visite de la <strong>Villa Carlotta<\/strong> qui poss\u00e8de une collection de statues et de merveilleux jardins en terrasses. <strong>Conf\u00e9rence : \u00ab\u00a0Les amours de Franz Liszt et de Marie d\u2019Agoult \u00bb par Evelyne Lever.<\/strong> Cocktail et d\u00eener au restaurant <strong>\u00ab\u00a0Il Borromeo\u00a0\u00bb<\/strong>.<\/p><\/div>\n\t\t\t\t\t\t\t\t\t<div class=\"elementor-tab-title elementor-tab-mobile-title\" aria-selected=\"false\" data-tab=\"4\" role=\"tab\" tabindex=\"-1\" aria-controls=\"elementor-tab-content-8284\" aria-expanded=\"false\">Jour 4<\/div>\n\t\t\t\t\t<div id=\"elementor-tab-content-8284\" class=\"elementor-tab-content elementor-clearfix\" data-tab=\"4\" role=\"tabpanel\" aria-labelledby=\"elementor-tab-title-8284\" tabindex=\"0\" hidden=\"hidden\"><p><strong>STRESA &#8211; MILAN &#8211; PARIS<\/strong><\/p><p>D\u00e9part pour le <strong>lac d\u2019Orta<\/strong>, l\u2019un des plus gracieux lacs lombards, avec ses rives bois\u00e9es et la minuscule \u00eele San Giulio qui \u00e9merge en son milieu. D\u00e9jeuner sur la terrasse de la <strong>Locanda di Orta<\/strong>, <em>sur les rives du lac. Le Chef Andrea Monesi \u00e9toil\u00e9 propose une cuisine du terroir. <\/em>Visite de l\u2019<strong>\u00eele San Giulio<\/strong> d\u2019o\u00f9 se d\u00e9tachent, parmi les maisons verdoyantes, le Palais des \u00c9v\u00eaques et la Basilique de San Giulio. 18h35 D\u00e9collage de l\u2019a\u00e9roport de Milan Malpensa du vol Air France AF 1731 \u00e0 destination de Paris. <em>(Dur\u00e9e : 1h30 &#8211; Airbus A220-300)<\/em> 20h05 Arriv\u00e9e \u00e0 l\u2019a\u00e9roport Paris-Charles de Gaulle.<\/p><\/div>\n\t\t\t\t\t\t\t<\/div>\n\t\t<\/div>\n\t\t\t\t\t\t<\/div>\n\t\t\t\t<\/div>\n\t\t\t\t\t<\/div>\n\t\t<\/div>\n\t\t\t\t\t<\/div>\n\t\t<\/section>\n\t\t\t\t<section class=\"elementor-section elementor-top-section elementor-element elementor-element-0ffe82c elementor-hidden-desktop elementor-section-boxed elementor-section-height-default elementor-section-height-default qodef-backgound-letter-holder-no qodef-elementor-content-no\" data-id=\"0ffe82c\" data-element_type=\"section\" data-e-type=\"section\">\n\t\t\t\t\t\t<div class=\"elementor-container elementor-column-gap-default\">\n\t\t\t\t\t<div class=\"elementor-column elementor-col-50 elementor-top-column elementor-element elementor-element-5d25b50\" data-id=\"5d25b50\" data-element_type=\"column\" data-e-type=\"column\">\n\t\t\t<div class=\"elementor-widget-wrap elementor-element-populated\">\n\t\t\t\t\t\t<div class=\"elementor-element elementor-element-63b3686 elementor-position-left elementor-vertical-align-middle elementor-widget elementor-widget-image-box\" data-id=\"63b3686\" data-element_type=\"widget\" data-e-type=\"widget\" data-widget_type=\"image-box.default\">\n\t\t\t\t<div class=\"elementor-widget-container\">\n\t\t\t\t\t<div class=\"elementor-image-box-wrapper\"><figure class=\"elementor-image-box-img\"><img decoding=\"async\" width=\"300\" height=\"298\" src=\"https:\/\/voyagesalaune.com\/wp-content\/uploads\/2023\/06\/E-LEVER-080721-300x298.jpeg\" class=\"attachment-medium size-medium wp-image-18944\" alt=\"Evelyne LEVER\" srcset=\"https:\/\/voyagesalaune.com\/wp-content\/uploads\/2023\/06\/E-LEVER-080721-300x298.jpeg 300w, https:\/\/voyagesalaune.com\/wp-content\/uploads\/2023\/06\/E-LEVER-080721-1024x1019.jpeg 1024w, https:\/\/voyagesalaune.com\/wp-content\/uploads\/2023\/06\/E-LEVER-080721-150x150.jpeg 150w, https:\/\/voyagesalaune.com\/wp-content\/uploads\/2023\/06\/E-LEVER-080721-768x764.jpeg 768w, https:\/\/voyagesalaune.com\/wp-content\/uploads\/2023\/06\/E-LEVER-080721.jpeg 1167w\" sizes=\"(max-width: 300px) 100vw, 300px\" \/><\/figure><div class=\"elementor-image-box-content\"><h6 class=\"elementor-image-box-title\">VOUS VOYAGEREZ AVEC EVELYNE LEVER<\/h6><p class=\"elementor-image-box-description\">Evelyne LEVER est historienne sp\u00e9cialiste des XVIIe et XVIIIe si\u00e8cles.\n<br><br>\n<a>Pour en savoir plus<\/a><\/p><\/div><\/div>\t\t\t\t<\/div>\n\t\t\t\t<\/div>\n\t\t\t\t\t<\/div>\n\t\t<\/div>\n\t\t\t\t<div class=\"elementor-column elementor-col-50 elementor-top-column elementor-element elementor-element-865add2\" data-id=\"865add2\" data-element_type=\"column\" data-e-type=\"column\">\n\t\t\t<div class=\"elementor-widget-wrap elementor-element-populated\">\n\t\t\t\t\t\t<div class=\"elementor-element elementor-element-718fb89 elementor-widget elementor-widget-google_maps\" data-id=\"718fb89\" data-element_type=\"widget\" data-e-type=\"widget\" data-widget_type=\"google_maps.default\">\n\t\t\t\t<div class=\"elementor-widget-container\">\n\t\t\t\t\t\t\t<div class=\"elementor-custom-embed\">\n\t\t\t<iframe loading=\"lazy\"\n\t\t\t\t\tsrc=\"https:\/\/maps.google.com\/maps?q=Lac%20de%20C%C3%B4me&#038;t=m&#038;z=8&#038;output=embed&#038;iwloc=near\"\n\t\t\t\t\ttitle=\"Lac de C\u00f4me\"\n\t\t\t\t\taria-label=\"Lac de C\u00f4me\"\n\t\t\t><\/iframe>\n\t\t<\/div>\n\t\t\t\t\t\t<\/div>\n\t\t\t\t<\/div>\n\t\t\t\t\t<\/div>\n\t\t<\/div>\n\t\t\t\t\t<\/div>\n\t\t<\/section>\n\t\t\t\t<section class=\"elementor-section elementor-top-section elementor-element elementor-element-68be82f elementor-hidden-desktop elementor-hidden-mobile elementor-section-boxed elementor-section-height-default elementor-section-height-default qodef-backgound-letter-holder-no qodef-elementor-content-no\" data-id=\"68be82f\" data-element_type=\"section\" data-e-type=\"section\">\n\t\t\t\t\t\t<div class=\"elementor-container elementor-column-gap-default\">\n\t\t\t\t\t<div class=\"elementor-column elementor-col-100 elementor-top-column elementor-element elementor-element-c448905\" data-id=\"c448905\" data-element_type=\"column\" data-e-type=\"column\">\n\t\t\t<div class=\"elementor-widget-wrap elementor-element-populated\">\n\t\t\t\t\t\t<div class=\"elementor-element elementor-element-3ac31ef elementor-widget elementor-widget-heading\" data-id=\"3ac31ef\" data-element_type=\"widget\" data-e-type=\"widget\" data-widget_type=\"heading.default\">\n\t\t\t\t<div class=\"elementor-widget-container\">\n\t\t\t\t\t<h4 class=\"elementor-heading-title elementor-size-default\">VOTRE ITIN\u00c9RAIRE<\/h4>\t\t\t\t<\/div>\n\t\t\t\t<\/div>\n\t\t\t\t<div class=\"elementor-element elementor-element-8fb0f72 elementor-tabs-alignment-center elementor-tabs-view-horizontal elementor-widget elementor-widget-tabs\" data-id=\"8fb0f72\" data-element_type=\"widget\" data-e-type=\"widget\" data-widget_type=\"tabs.default\">\n\t\t\t\t<div class=\"elementor-widget-container\">\n\t\t\t\t\t\t\t<div class=\"elementor-tabs\">\n\t\t\t<div class=\"elementor-tabs-wrapper\" role=\"tablist\" >\n\t\t\t\t\t\t\t\t\t<div id=\"elementor-tab-title-1501\" class=\"elementor-tab-title elementor-tab-desktop-title\" aria-selected=\"true\" data-tab=\"1\" role=\"tab\" tabindex=\"0\" aria-controls=\"elementor-tab-content-1501\" aria-expanded=\"false\">Jour 1<\/div>\n\t\t\t\t\t\t\t\t\t<div id=\"elementor-tab-title-1502\" class=\"elementor-tab-title elementor-tab-desktop-title\" aria-selected=\"false\" data-tab=\"2\" role=\"tab\" tabindex=\"-1\" aria-controls=\"elementor-tab-content-1502\" aria-expanded=\"false\">Jour 2<\/div>\n\t\t\t\t\t\t\t\t\t<div id=\"elementor-tab-title-1503\" class=\"elementor-tab-title elementor-tab-desktop-title\" aria-selected=\"false\" data-tab=\"3\" role=\"tab\" tabindex=\"-1\" aria-controls=\"elementor-tab-content-1503\" aria-expanded=\"false\">Jour 3 <\/div>\n\t\t\t\t\t\t\t\t\t<div id=\"elementor-tab-title-1504\" class=\"elementor-tab-title elementor-tab-desktop-title\" aria-selected=\"false\" data-tab=\"4\" role=\"tab\" tabindex=\"-1\" aria-controls=\"elementor-tab-content-1504\" aria-expanded=\"false\">Jour 4<\/div>\n\t\t\t\t\t\t\t<\/div>\n\t\t\t<div class=\"elementor-tabs-content-wrapper\" role=\"tablist\" aria-orientation=\"vertical\">\n\t\t\t\t\t\t\t\t\t<div class=\"elementor-tab-title elementor-tab-mobile-title\" aria-selected=\"true\" data-tab=\"1\" role=\"tab\" tabindex=\"0\" aria-controls=\"elementor-tab-content-1501\" aria-expanded=\"false\">Jour 1<\/div>\n\t\t\t\t\t<div id=\"elementor-tab-content-1501\" class=\"elementor-tab-content elementor-clearfix\" data-tab=\"1\" role=\"tabpanel\" aria-labelledby=\"elementor-tab-title-1501\" tabindex=\"0\" hidden=\"false\"><p><strong>PARIS &#8211; MILAN &#8211; STRESA<\/strong><\/p><p>8h55 D\u00e9collage de l\u2019a\u00e9roport Paris-Charles de Gaulle, du vol Air France AF 1330 \u00e0 destination de Milan. <em>(Dur\u00e9e : 1h30 &#8211; Airbus A22-300) <\/em>10h25Arriv\u00e9e \u00e0 l\u2019a\u00e9roport de Malpensa et route pour rejoindre Stresa. Promenade dans la ville, lieu de vill\u00e9giature \u00e0 partir du XIXe si\u00e8cle des personnages c\u00e9l\u00e8bres tels Stendhal, Dickens, Chateaubriand, Hemingway, des rois et des princes. Installation et d\u00e9jeuner au <strong> Grand H\u00f4tel des Iles Borrom\u00e9es<\/strong>, <em>ce palais princier est situ\u00e9 au coeur d\u2019un magnifique parc sur les rives du lac Majeur. <\/em>Visite de la<strong> Villa Taranto <\/strong>\u00e0 Pallanza, <em>construite en 1875 par le comte Orsetti sur le promontoire de la Castagnola<\/em>. Le jardin renferme une des collections les plus riches de plantes exotiques de toute l\u2019Europe. <strong>Conf\u00e9rence : \u00ab\u00a0La riche histoire des Lombards\u00a0\u00bb par Evelyne Lever.<\/strong> Cocktail et d\u00eener au restaurant <strong>\u00ab\u00a0Lo Stornello\u00a0\u00bb<\/strong>.<\/p><\/div>\n\t\t\t\t\t\t\t\t\t<div class=\"elementor-tab-title elementor-tab-mobile-title\" aria-selected=\"false\" data-tab=\"2\" role=\"tab\" tabindex=\"-1\" aria-controls=\"elementor-tab-content-1502\" aria-expanded=\"false\">Jour 2<\/div>\n\t\t\t\t\t<div id=\"elementor-tab-content-1502\" class=\"elementor-tab-content elementor-clearfix\" data-tab=\"2\" role=\"tabpanel\" aria-labelledby=\"elementor-tab-title-1502\" tabindex=\"0\" hidden=\"hidden\"><p><strong>STRESA<\/strong><\/p><p>D\u00e9part en bateau priv\u00e9 sur le<strong> Verbano<\/strong>, ancien nom du lac Majeur pour d\u00e9couvrir les \u00eeles Borrom\u00e9es : Isola Bella, Isola dei Pescatori et Isola Madre. <strong>Evelyne Lever \u00e9vouera les Borrom\u00e9es en leur palais. <\/strong> <strong>Isola Bella\u00a0<\/strong>surprend avec son majestueux <strong>palais Borromeo<\/strong> de style baroque, <em>b\u00e2ti au XVIIe si\u00e8cle pour les Borrom\u00e9e, seigneurs de l\u2019archipel depuis le XIIe si\u00e8cle<\/em>. <em>Le parc, un chef-d\u2019oeuvre de jardins \u00e0 l\u2019italienne en terrasses, est orn\u00e9 de statues.<\/em> <strong>Isola dei Pescatori<\/strong>, pittoresque village de p\u00eacheurs qui a gard\u00e9 son cachet primitif. D\u00e9jeuner au restaurant <strong> Verbano<\/strong> sur l\u2019Isola dei Pescatori. Visite d\u2019<strong>Isola Madre<\/strong>, <em>c\u00e9l\u00e8bre pour ses jardins \u00e0 l\u2019italienne et son palais du XVIe si\u00e8cle. <\/em>Retour \u00e0 Stresa et temps libre pour le shopping.<\/p><p>\u00a0<\/p><p><strong>EN OPTION <\/strong>Cocktail et d\u00eener au restaurant <strong>Milano<\/strong> \u00e0 Pallanza sur les rives du lac.<\/p><\/div>\n\t\t\t\t\t\t\t\t\t<div class=\"elementor-tab-title elementor-tab-mobile-title\" aria-selected=\"false\" data-tab=\"3\" role=\"tab\" tabindex=\"-1\" aria-controls=\"elementor-tab-content-1503\" aria-expanded=\"false\">Jour 3 <\/div>\n\t\t\t\t\t<div id=\"elementor-tab-content-1503\" class=\"elementor-tab-content elementor-clearfix\" data-tab=\"3\" role=\"tabpanel\" aria-labelledby=\"elementor-tab-title-1503\" tabindex=\"0\" hidden=\"hidden\"><p><strong>STRESA &#8211; COME -STRESA<\/strong><\/p><p>Promenade en bateau priv\u00e9 sur le <strong>lac de C\u00f4me<\/strong> qui offre les contrastes les plus saisissants par la vari\u00e9t\u00e9 de ses sites : villages accueillants, petits ports, villas aux jardins exotiques. Beaucoup de villas, ch\u00e2teaux et clo\u00eetres furent \u00e9difi\u00e9s au XVIIIe si\u00e8cle sur les bords du lac. <strong>Evelyne Lever vous parlera de Caroline de Brunswick, l\u2019\u00e9trange propritaire de la Ville d\u2019Este.<\/strong> D\u00e9jeuner \u00e0 la <strong>Villa Serbelloni<\/strong>, <em>construite au XVIIIe si\u00e8cle, l\u2019extraordinaire jardin qui l\u2019entoure occupe tout le sommet du promontoire de Bellagio et offre un ensemble d\u2019une incomparable beaut\u00e9<\/em>. Visite de la <strong>Villa del Balbianello<\/strong>, <em>construite en 1790 pour le cardinal Durini<\/em>. Visite de la <strong>Villa Carlotta<\/strong> qui poss\u00e8de une collection de statues et de merveilleux jardins en terrasses. <strong>Conf\u00e9rence : \u00ab\u00a0Les amours de Franz Liszt et de Marie d\u2019Agoult \u00bb par Evelyne Lever.<\/strong> Cocktail et d\u00eener au restaurant <strong>\u00ab\u00a0Il Borromeo\u00a0\u00bb<\/strong>.<\/p><\/div>\n\t\t\t\t\t\t\t\t\t<div class=\"elementor-tab-title elementor-tab-mobile-title\" aria-selected=\"false\" data-tab=\"4\" role=\"tab\" tabindex=\"-1\" aria-controls=\"elementor-tab-content-1504\" aria-expanded=\"false\">Jour 4<\/div>\n\t\t\t\t\t<div id=\"elementor-tab-content-1504\" class=\"elementor-tab-content elementor-clearfix\" data-tab=\"4\" role=\"tabpanel\" aria-labelledby=\"elementor-tab-title-1504\" tabindex=\"0\" hidden=\"hidden\"><p><strong>STRESA &#8211; MILAN &#8211; PARIS<\/strong><\/p><p>D\u00e9part pour le <strong>lac d\u2019Orta<\/strong>, l\u2019un des plus gracieux lacs lombards, avec ses rives bois\u00e9es et la minuscule \u00eele San Giulio qui \u00e9merge en son milieu. D\u00e9jeuner sur la terrasse de la <strong>Locanda di Orta<\/strong>, <em>sur les rives du lac. Le Chef Andrea Monesi \u00e9toil\u00e9 propose une cuisine du terroir. <\/em>Visite de l\u2019<strong>\u00eele San Giulio<\/strong> d\u2019o\u00f9 se d\u00e9tachent, parmi les maisons verdoyantes, le Palais des \u00c9v\u00eaques et la Basilique de San Giulio. 18h35 D\u00e9collage de l\u2019a\u00e9roport de Milan Malpensa du vol Air France AF 1731 \u00e0 destination de Paris. <em>(Dur\u00e9e : 1h30 &#8211; Airbus A220-300)<\/em> 20h05 Arriv\u00e9e \u00e0 l\u2019a\u00e9roport Paris-Charles de Gaulle.<\/p><\/div>\n\t\t\t\t\t\t\t<\/div>\n\t\t<\/div>\n\t\t\t\t\t\t<\/div>\n\t\t\t\t<\/div>\n\t\t\t\t\t<\/div>\n\t\t<\/div>\n\t\t\t\t\t<\/div>\n\t\t<\/section>\n\t\t\t\t<section class=\"elementor-section elementor-top-section elementor-element elementor-element-b7a7ced elementor-hidden-desktop elementor-hidden-tablet elementor-section-boxed elementor-section-height-default elementor-section-height-default qodef-backgound-letter-holder-no qodef-elementor-content-no\" data-id=\"b7a7ced\" data-element_type=\"section\" data-e-type=\"section\">\n\t\t\t\t\t\t<div class=\"elementor-container elementor-column-gap-default\">\n\t\t\t\t\t<div class=\"elementor-column elementor-col-100 elementor-top-column elementor-element elementor-element-1e67d1d\" data-id=\"1e67d1d\" data-element_type=\"column\" data-e-type=\"column\">\n\t\t\t<div class=\"elementor-widget-wrap elementor-element-populated\">\n\t\t\t\t\t\t<div class=\"elementor-element elementor-element-9b4e477 elementor-widget elementor-widget-heading\" data-id=\"9b4e477\" data-element_type=\"widget\" data-e-type=\"widget\" data-widget_type=\"heading.default\">\n\t\t\t\t<div class=\"elementor-widget-container\">\n\t\t\t\t\t<h4 class=\"elementor-heading-title elementor-size-default\">VOTRE ITIN\u00c9RAIRE<\/h4>\t\t\t\t<\/div>\n\t\t\t\t<\/div>\n\t\t\t\t<div class=\"elementor-element elementor-element-9d574cd elementor-tabs-alignment-center elementor-tabs-view-horizontal elementor-widget elementor-widget-tabs\" data-id=\"9d574cd\" data-element_type=\"widget\" data-e-type=\"widget\" data-widget_type=\"tabs.default\">\n\t\t\t\t<div class=\"elementor-widget-container\">\n\t\t\t\t\t\t\t<div class=\"elementor-tabs\">\n\t\t\t<div class=\"elementor-tabs-wrapper\" role=\"tablist\" >\n\t\t\t\t\t\t\t\t\t<div id=\"elementor-tab-title-1641\" class=\"elementor-tab-title elementor-tab-desktop-title\" aria-selected=\"true\" data-tab=\"1\" role=\"tab\" tabindex=\"0\" aria-controls=\"elementor-tab-content-1641\" aria-expanded=\"false\">Jour 1 <\/div>\n\t\t\t\t\t\t\t\t\t<div id=\"elementor-tab-title-1642\" class=\"elementor-tab-title elementor-tab-desktop-title\" aria-selected=\"false\" data-tab=\"2\" role=\"tab\" tabindex=\"-1\" aria-controls=\"elementor-tab-content-1642\" aria-expanded=\"false\">Jour 2 <\/div>\n\t\t\t\t\t\t\t\t\t<div id=\"elementor-tab-title-1643\" class=\"elementor-tab-title elementor-tab-desktop-title\" aria-selected=\"false\" data-tab=\"3\" role=\"tab\" tabindex=\"-1\" aria-controls=\"elementor-tab-content-1643\" aria-expanded=\"false\">Jour 3<\/div>\n\t\t\t\t\t\t\t\t\t<div id=\"elementor-tab-title-1644\" class=\"elementor-tab-title elementor-tab-desktop-title\" aria-selected=\"false\" data-tab=\"4\" role=\"tab\" tabindex=\"-1\" aria-controls=\"elementor-tab-content-1644\" aria-expanded=\"false\">Jour 4<\/div>\n\t\t\t\t\t\t\t<\/div>\n\t\t\t<div class=\"elementor-tabs-content-wrapper\" role=\"tablist\" aria-orientation=\"vertical\">\n\t\t\t\t\t\t\t\t\t<div class=\"elementor-tab-title elementor-tab-mobile-title\" aria-selected=\"true\" data-tab=\"1\" role=\"tab\" tabindex=\"0\" aria-controls=\"elementor-tab-content-1641\" aria-expanded=\"false\">Jour 1 <\/div>\n\t\t\t\t\t<div id=\"elementor-tab-content-1641\" class=\"elementor-tab-content elementor-clearfix\" data-tab=\"1\" role=\"tabpanel\" aria-labelledby=\"elementor-tab-title-1641\" tabindex=\"0\" hidden=\"false\"><p><strong>PARIS &#8211; MILAN &#8211; STRESA<\/strong><\/p><p>8h55 D\u00e9collage de l\u2019a\u00e9roport Paris-Charles de Gaulle, du vol Air France AF 1330 \u00e0 destination de Milan. <em>(Dur\u00e9e : 1h30 &#8211; Airbus A22-300) <\/em>10h25Arriv\u00e9e \u00e0 l\u2019a\u00e9roport de Malpensa et route pour rejoindre Stresa. Promenade dans la ville, lieu de vill\u00e9giature \u00e0 partir du XIXe si\u00e8cle des personnages c\u00e9l\u00e8bres tels Stendhal, Dickens, Chateaubriand, Hemingway, des rois et des princes. Installation et d\u00e9jeuner au <strong> Grand H\u00f4tel des Iles Borrom\u00e9es<\/strong>, <em>ce palais princier est situ\u00e9 au coeur d\u2019un magnifique parc sur les rives du lac Majeur. <\/em>Visite de la<strong> Villa Taranto <\/strong>\u00e0 Pallanza, <em>construite en 1875 par le comte Orsetti sur le promontoire de la Castagnola<\/em>. Le jardin renferme une des collections les plus riches de plantes exotiques de toute l\u2019Europe. <strong>Conf\u00e9rence : \u00ab\u00a0La riche histoire des Lombards\u00a0\u00bb par Evelyne Lever.<\/strong> Cocktail et d\u00eener au restaurant <strong>\u00ab\u00a0Lo Stornello\u00a0\u00bb<\/strong>.<\/p><\/div>\n\t\t\t\t\t\t\t\t\t<div class=\"elementor-tab-title elementor-tab-mobile-title\" aria-selected=\"false\" data-tab=\"2\" role=\"tab\" tabindex=\"-1\" aria-controls=\"elementor-tab-content-1642\" aria-expanded=\"false\">Jour 2 <\/div>\n\t\t\t\t\t<div id=\"elementor-tab-content-1642\" class=\"elementor-tab-content elementor-clearfix\" data-tab=\"2\" role=\"tabpanel\" aria-labelledby=\"elementor-tab-title-1642\" tabindex=\"0\" hidden=\"hidden\"><p><strong>STRESA<\/strong><\/p><p>D\u00e9part en bateau priv\u00e9 sur le<strong> Verbano<\/strong>, ancien nom du lac Majeur pour d\u00e9couvrir les \u00eeles Borrom\u00e9es : Isola Bella, Isola dei Pescatori et Isola Madre. <strong>Evelyne Lever \u00e9vouera les Borrom\u00e9es en leur palais. <\/strong> <strong>Isola Bella\u00a0<\/strong>surprend avec son majestueux <strong>palais Borromeo<\/strong> de style baroque, <em>b\u00e2ti au XVIIe si\u00e8cle pour les Borrom\u00e9e, seigneurs de l\u2019archipel depuis le XIIe si\u00e8cle<\/em>. <em>Le parc, un chef-d\u2019oeuvre de jardins \u00e0 l\u2019italienne en terrasses, est orn\u00e9 de statues.<\/em> <strong>Isola dei Pescatori<\/strong>, pittoresque village de p\u00eacheurs qui a gard\u00e9 son cachet primitif. D\u00e9jeuner au restaurant <strong> Verbano<\/strong> sur l\u2019Isola dei Pescatori. Visite d\u2019<strong>Isola Madre<\/strong>, <em>c\u00e9l\u00e8bre pour ses jardins \u00e0 l\u2019italienne et son palais du XVIe si\u00e8cle. <\/em>Retour \u00e0 Stresa et temps libre pour le shopping.<\/p><p>\u00a0<\/p><p><strong>EN OPTION <\/strong>Cocktail et d\u00eener au restaurant <strong>Milano<\/strong> \u00e0 Pallanza sur les rives du lac.<\/p><\/div>\n\t\t\t\t\t\t\t\t\t<div class=\"elementor-tab-title elementor-tab-mobile-title\" aria-selected=\"false\" data-tab=\"3\" role=\"tab\" tabindex=\"-1\" aria-controls=\"elementor-tab-content-1643\" aria-expanded=\"false\">Jour 3<\/div>\n\t\t\t\t\t<div id=\"elementor-tab-content-1643\" class=\"elementor-tab-content elementor-clearfix\" data-tab=\"3\" role=\"tabpanel\" aria-labelledby=\"elementor-tab-title-1643\" tabindex=\"0\" hidden=\"hidden\"><p><strong>STRESA &#8211; COME -STRESA<\/strong><\/p><p>Promenade en bateau priv\u00e9 sur le <strong>lac de C\u00f4me<\/strong> qui offre les contrastes les plus saisissants par la vari\u00e9t\u00e9 de ses sites : villages accueillants, petits ports, villas aux jardins exotiques. Beaucoup de villas, ch\u00e2teaux et clo\u00eetres furent \u00e9difi\u00e9s au XVIIIe si\u00e8cle sur les bords du lac. <strong>Evelyne Lever vous parlera de Caroline de Brunswick, l\u2019\u00e9trange propritaire de la Ville d\u2019Este.<\/strong> D\u00e9jeuner \u00e0 la <strong>Villa Serbelloni<\/strong>, <em>construite au XVIIIe si\u00e8cle, l\u2019extraordinaire jardin qui l\u2019entoure occupe tout le sommet du promontoire de Bellagio et offre un ensemble d\u2019une incomparable beaut\u00e9<\/em>. Visite de la <strong>Villa del Balbianello<\/strong>, <em>construite en 1790 pour le cardinal Durini<\/em>. Visite de la <strong>Villa Carlotta<\/strong> qui poss\u00e8de une collection de statues et de merveilleux jardins en terrasses. <strong>Conf\u00e9rence : \u00ab\u00a0Les amours de Franz Liszt et de Marie d\u2019Agoult \u00bb par Evelyne Lever.<\/strong> Cocktail et d\u00eener au restaurant <strong>\u00ab\u00a0Il Borromeo\u00a0\u00bb<\/strong>.<\/p><\/div>\n\t\t\t\t\t\t\t\t\t<div class=\"elementor-tab-title elementor-tab-mobile-title\" aria-selected=\"false\" data-tab=\"4\" role=\"tab\" tabindex=\"-1\" aria-controls=\"elementor-tab-content-1644\" aria-expanded=\"false\">Jour 4<\/div>\n\t\t\t\t\t<div id=\"elementor-tab-content-1644\" class=\"elementor-tab-content elementor-clearfix\" data-tab=\"4\" role=\"tabpanel\" aria-labelledby=\"elementor-tab-title-1644\" tabindex=\"0\" hidden=\"hidden\"><p><strong>STRESA &#8211; MILAN &#8211; PARIS<\/strong><\/p><p>D\u00e9part pour le <strong>lac d\u2019Orta<\/strong>, l\u2019un des plus gracieux lacs lombards, avec ses rives bois\u00e9es et la minuscule \u00eele San Giulio qui \u00e9merge en son milieu. D\u00e9jeuner sur la terrasse de la <strong>Locanda di Orta<\/strong>, <em>sur les rives du lac. Le Chef Andrea Monesi \u00e9toil\u00e9 propose une cuisine du terroir. <\/em>Visite de l\u2019<strong>\u00eele San Giulio<\/strong> d\u2019o\u00f9 se d\u00e9tachent, parmi les maisons verdoyantes, le Palais des \u00c9v\u00eaques et la Basilique de San Giulio. 18h35 D\u00e9collage de l\u2019a\u00e9roport de Milan Malpensa du vol Air France AF 1731 \u00e0 destination de Paris. <em>(Dur\u00e9e : 1h30 &#8211; Airbus A220-300)<\/em> 20h05 Arriv\u00e9e \u00e0 l\u2019a\u00e9roport Paris-Charles de Gaulle.<\/p><\/div>\n\t\t\t\t\t\t\t<\/div>\n\t\t<\/div>\n\t\t\t\t\t\t<\/div>\n\t\t\t\t<\/div>\n\t\t\t\t\t<\/div>\n\t\t<\/div>\n\t\t\t\t\t<\/div>\n\t\t<\/section>\n\t\t\t\t<section class=\"elementor-section elementor-top-section elementor-element elementor-element-18e899e elementor-section-boxed elementor-section-height-default elementor-section-height-default qodef-backgound-letter-holder-no qodef-elementor-content-no\" data-id=\"18e899e\" data-element_type=\"section\" data-e-type=\"section\">\n\t\t\t\t\t\t<div class=\"elementor-container elementor-column-gap-default\">\n\t\t\t\t\t<div class=\"elementor-column elementor-col-100 elementor-top-column elementor-element elementor-element-398bfdd\" data-id=\"398bfdd\" data-element_type=\"column\" data-e-type=\"column\">\n\t\t\t<div class=\"elementor-widget-wrap elementor-element-populated\">\n\t\t\t\t\t\t<div class=\"elementor-element elementor-element-e424d08 elementor-widget-divider--view-line elementor-widget elementor-widget-divider\" data-id=\"e424d08\" data-element_type=\"widget\" data-e-type=\"widget\" data-widget_type=\"divider.default\">\n\t\t\t\t<div class=\"elementor-widget-container\">\n\t\t\t\t\t\t\t<div class=\"elementor-divider\">\n\t\t\t<span class=\"elementor-divider-separator\">\n\t\t\t\t\t\t<\/span>\n\t\t<\/div>\n\t\t\t\t\t\t<\/div>\n\t\t\t\t<\/div>\n\t\t\t\t\t<\/div>\n\t\t<\/div>\n\t\t\t\t\t<\/div>\n\t\t<\/section>\n\t\t\t\t<section class=\"elementor-section elementor-top-section elementor-element elementor-element-8a57676 elementor-section-boxed elementor-section-height-default elementor-section-height-default qodef-backgound-letter-holder-no qodef-elementor-content-no\" data-id=\"8a57676\" data-element_type=\"section\" data-e-type=\"section\">\n\t\t\t\t\t\t<div class=\"elementor-container elementor-column-gap-default\">\n\t\t\t\t\t<div class=\"elementor-column elementor-col-33 elementor-top-column elementor-element elementor-element-63541a4\" data-id=\"63541a4\" data-element_type=\"column\" data-e-type=\"column\">\n\t\t\t<div class=\"elementor-widget-wrap elementor-element-populated\">\n\t\t\t\t\t\t<div class=\"elementor-element elementor-element-f0ed6a5 elementor-widget__width-initial elementor-widget elementor-widget-text-editor\" data-id=\"f0ed6a5\" data-element_type=\"widget\" data-e-type=\"widget\" data-widget_type=\"text-editor.default\">\n\t\t\t\t<div class=\"elementor-widget-container\">\n\t\t\t\t\t\t\t\t\t<h6 style=\"text-align: center;\"><span style=\"color: #1b3864;\"><span style=\"caret-color: #1b3864;\"><b>VOTRE H\u00d4TEL<\/b><\/span><\/span><\/h6><p>Le Grand H\u00f4tel des Iles Borrom\u00e9es b\u00e9n\u00e9ficie d&rsquo;un emplacement privil\u00e9gi\u00e9 au pied des Alpes, sur les berges du lac Majeur. Ce petit bijou construit en 1861 poss\u00e8de des chambres luxueuses \u00e0 la d\u00e9coration classique.<\/p>\t\t\t\t\t\t\t\t<\/div>\n\t\t\t\t<\/div>\n\t\t\t\t\t<\/div>\n\t\t<\/div>\n\t\t\t\t<div class=\"elementor-column elementor-col-66 elementor-top-column elementor-element elementor-element-b7f91d8\" data-id=\"b7f91d8\" data-element_type=\"column\" data-e-type=\"column\">\n\t\t\t<div class=\"elementor-widget-wrap elementor-element-populated\">\n\t\t\t\t\t\t<div class=\"elementor-element elementor-element-bcf2c49 elementor--h-position-center elementor--v-position-middle elementor-arrows-position-inside elementor-pagination-position-inside elementor-widget elementor-widget-slides\" data-id=\"bcf2c49\" data-element_type=\"widget\" data-e-type=\"widget\" data-settings=\"{&quot;navigation&quot;:&quot;both&quot;,&quot;autoplay&quot;:&quot;yes&quot;,&quot;pause_on_hover&quot;:&quot;yes&quot;,&quot;pause_on_interaction&quot;:&quot;yes&quot;,&quot;autoplay_speed&quot;:5000,&quot;infinite&quot;:&quot;yes&quot;,&quot;transition&quot;:&quot;slide&quot;,&quot;transition_speed&quot;:500}\" data-widget_type=\"slides.default\">\n\t\t\t\t<div class=\"elementor-widget-container\">\n\t\t\t\t\t\t\t\t\t<div class=\"elementor-swiper\">\n\t\t\t\t\t<div class=\"elementor-slides-wrapper elementor-main-swiper swiper\" role=\"region\" aria-roledescription=\"carousel\" aria-label=\"Diapositives\" dir=\"ltr\" data-animation=\"fadeInUp\">\n\t\t\t\t<div class=\"swiper-wrapper elementor-slides\">\n\t\t\t\t\t\t\t\t\t\t<div class=\"elementor-repeater-item-f84db39 swiper-slide\" role=\"group\" aria-roledescription=\"slide\"><div class=\"swiper-slide-bg\" role=\"img\" aria-label=\"GRAND HOTEL DES ILES BORROMEES ITALIE\"><\/div><div class=\"elementor-background-overlay\"><\/div><div class=\"swiper-slide-inner\" ><div class=\"swiper-slide-contents\"><div class=\"elementor-slide-heading\">Grand H\u00f4tel des Iles Borrom\u00e9es<\/div><\/div><\/div><\/div>\t\t\t\t<\/div>\n\t\t\t\t\t\t\t<\/div>\n\t\t\t\t<\/div>\n\t\t\t\t\t\t\t\t<\/div>\n\t\t\t\t<\/div>\n\t\t\t\t\t<\/div>\n\t\t<\/div>\n\t\t\t\t\t<\/div>\n\t\t<\/section>\n\t\t\t\t<section class=\"elementor-section elementor-top-section elementor-element elementor-element-85bf8d9 elementor-section-boxed elementor-section-height-default elementor-section-height-default qodef-backgound-letter-holder-no qodef-elementor-content-no\" data-id=\"85bf8d9\" data-element_type=\"section\" data-e-type=\"section\">\n\t\t\t\t\t\t<div class=\"elementor-container elementor-column-gap-default\">\n\t\t\t\t\t<div class=\"elementor-column elementor-col-50 elementor-top-column elementor-element elementor-element-55f2b89\" data-id=\"55f2b89\" data-element_type=\"column\" data-e-type=\"column\">\n\t\t\t<div class=\"elementor-widget-wrap elementor-element-populated\">\n\t\t\t\t\t\t<div class=\"elementor-element elementor-element-13a25ae elementor-widget elementor-widget-text-editor\" data-id=\"13a25ae\" data-element_type=\"widget\" data-e-type=\"widget\" data-widget_type=\"text-editor.default\">\n\t\t\t\t<div class=\"elementor-widget-container\">\n\t\t\t\t\t\t\t\t\t<p><strong>Prix par personne: (\u00e0 partir de)<\/strong><\/p><p>Voyage de Milan \u00e0 Milan 3 990 \u20ac<\/p>\t\t\t\t\t\t\t\t<\/div>\n\t\t\t\t<\/div>\n\t\t\t\t\t<\/div>\n\t\t<\/div>\n\t\t\t\t<div class=\"elementor-column elementor-col-50 elementor-top-column elementor-element elementor-element-fb19e95\" data-id=\"fb19e95\" data-element_type=\"column\" data-e-type=\"column\">\n\t\t\t<div class=\"elementor-widget-wrap elementor-element-populated\">\n\t\t\t\t\t\t<div class=\"elementor-element elementor-element-f1d0085 elementor-widget elementor-widget-text-editor\" data-id=\"f1d0085\" data-element_type=\"widget\" data-e-type=\"widget\" data-widget_type=\"text-editor.default\">\n\t\t\t\t<div class=\"elementor-widget-container\">\n\t\t\t\t\t\t\t\t\t<p><strong>DEMANDEZ LE PROGRAMME POUR RECEVOIR LES CONDITIONS DE PARTICIPATION ET VOUS INSCRIRE<\/strong><\/p>\t\t\t\t\t\t\t\t<\/div>\n\t\t\t\t<\/div>\n\t\t\t\t\t<\/div>\n\t\t<\/div>\n\t\t\t\t\t<\/div>\n\t\t<\/section>\n\t\t\t\t<section class=\"elementor-section elementor-top-section elementor-element elementor-element-3567424 elementor-section-boxed elementor-section-height-default elementor-section-height-default qodef-backgound-letter-holder-no qodef-elementor-content-no\" data-id=\"3567424\" data-element_type=\"section\" data-e-type=\"section\">\n\t\t\t\t\t\t<div class=\"elementor-container elementor-column-gap-default\">\n\t\t\t\t\t<div class=\"elementor-column elementor-col-100 elementor-top-column elementor-element elementor-element-4196eb3\" data-id=\"4196eb3\" data-element_type=\"column\" data-e-type=\"column\">\n\t\t\t<div class=\"elementor-widget-wrap elementor-element-populated\">\n\t\t\t\t\t\t<div class=\"elementor-element elementor-element-76af83c elementor-widget elementor-widget-gallery\" data-id=\"76af83c\" data-element_type=\"widget\" data-e-type=\"widget\" data-settings=\"{&quot;gap&quot;:{&quot;unit&quot;:&quot;px&quot;,&quot;size&quot;:0,&quot;sizes&quot;:[]},&quot;columns_tablet&quot;:4,&quot;columns_mobile&quot;:2,&quot;lazyload&quot;:&quot;yes&quot;,&quot;gallery_layout&quot;:&quot;grid&quot;,&quot;columns&quot;:4,&quot;gap_tablet&quot;:{&quot;unit&quot;:&quot;px&quot;,&quot;size&quot;:10,&quot;sizes&quot;:[]},&quot;gap_mobile&quot;:{&quot;unit&quot;:&quot;px&quot;,&quot;size&quot;:10,&quot;sizes&quot;:[]},&quot;aspect_ratio&quot;:&quot;3:2&quot;,&quot;overlay_background&quot;:&quot;yes&quot;,&quot;content_hover_animation&quot;:&quot;fade-in&quot;}\" data-widget_type=\"gallery.default\">\n\t\t\t\t<div class=\"elementor-widget-container\">\n\t\t\t\t\t\t\t<div class=\"elementor-gallery__container\">\n\t\t\t\t\t\t\t<div class=\"e-gallery-item elementor-gallery-item elementor-animated-content\">\n\t\t\t\t\t<div class=\"e-gallery-image elementor-gallery-item__image\" data-thumbnail=\"https:\/\/voyagesalaune.com\/wp-content\/uploads\/2025\/10\/LACS-ITALIENS-ITALIE-768x437.png\" data-width=\"768\" data-height=\"437\" aria-label=\"\" role=\"img\" ><\/div>\n\t\t\t\t\t\t\t\t\t\t\t<div class=\"elementor-gallery-item__overlay\"><\/div>\n\t\t\t\t\t\t\t\t\t\t\t\t\t\t<\/div>\n\t\t\t\t\t\t\t<div class=\"e-gallery-item elementor-gallery-item elementor-animated-content\">\n\t\t\t\t\t<div class=\"e-gallery-image elementor-gallery-item__image\" data-thumbnail=\"https:\/\/voyagesalaune.com\/wp-content\/uploads\/2025\/10\/COME-ITALIE-768x402.png\" data-width=\"768\" data-height=\"402\" aria-label=\"\" role=\"img\" ><\/div>\n\t\t\t\t\t\t\t\t\t\t\t<div class=\"elementor-gallery-item__overlay\"><\/div>\n\t\t\t\t\t\t\t\t\t\t\t\t\t\t<\/div>\n\t\t\t\t\t\t\t<div class=\"e-gallery-item elementor-gallery-item elementor-animated-content\">\n\t\t\t\t\t<div class=\"e-gallery-image elementor-gallery-item__image\" data-thumbnail=\"https:\/\/voyagesalaune.com\/wp-content\/uploads\/2025\/10\/STRESA-ITALIE.png\" data-width=\"744\" data-height=\"521\" aria-label=\"\" role=\"img\" ><\/div>\n\t\t\t\t\t\t\t\t\t\t\t<div class=\"elementor-gallery-item__overlay\"><\/div>\n\t\t\t\t\t\t\t\t\t\t\t\t\t\t<\/div>\n\t\t\t\t\t\t\t<div class=\"e-gallery-item elementor-gallery-item elementor-animated-content\">\n\t\t\t\t\t<div class=\"e-gallery-image elementor-gallery-item__image\" data-thumbnail=\"https:\/\/voyagesalaune.com\/wp-content\/uploads\/2025\/10\/LAC-ORTA-ITALIE-768x453.png\" data-width=\"768\" data-height=\"453\" aria-label=\"\" role=\"img\" ><\/div>\n\t\t\t\t\t\t\t\t\t\t\t<div class=\"elementor-gallery-item__overlay\"><\/div>\n\t\t\t\t\t\t\t\t\t\t\t\t\t\t<\/div>\n\t\t\t\t\t<\/div>\n\t\t\t\t\t<\/div>\n\t\t\t\t<\/div>\n\t\t\t\t\t<\/div>\n\t\t<\/div>\n\t\t\t\t\t<\/div>\n\t\t<\/section>\n\t\t\t\t<section class=\"elementor-section elementor-top-section elementor-element elementor-element-834dc6c elementor-section-boxed elementor-section-height-default elementor-section-height-default qodef-backgound-letter-holder-no qodef-elementor-content-no\" data-id=\"834dc6c\" data-element_type=\"section\" data-e-type=\"section\">\n\t\t\t\t\t\t<div class=\"elementor-container elementor-column-gap-default\">\n\t\t\t\t\t<div class=\"elementor-column elementor-col-100 elementor-top-column elementor-element elementor-element-3d1d570\" data-id=\"3d1d570\" data-element_type=\"column\" data-e-type=\"column\">\n\t\t\t<div class=\"elementor-widget-wrap elementor-element-populated\">\n\t\t\t\t\t\t\t<\/div>\n\t\t<\/div>\n\t\t\t\t\t<\/div>\n\t\t<\/section>\n\t\t\t\t<\/div>\n\t\t","protected":false},"excerpt":{"rendered":"<p>Demandez le programme C\u2019est la saison id\u00e9ale pour retrouver l\u2019atmosph\u00e8re romantique du lac Majeur et du lac de C\u00f4me, leurs c\u00e9l\u00e8bres villas et leur v\u00e9g\u00e9tation exub\u00e9rante. L\u2019Historienne Evelyne Lever, nous ouvrira les portes de la Villa Serbelloni et de ses superbes jardins puis de la Villa Carlotta et sa tr\u00e8s belle collection de statues. Au [&hellip;]<\/p>\n","protected":false},"author":4,"featured_media":0,"parent":20,"menu_order":0,"comment_status":"closed","ping_status":"closed","template":"","meta":{"footnotes":""},"class_list":["post-27746","page","type-page","status-publish","hentry"],"_links":{"self":[{"href":"https:\/\/voyagesalaune.com\/index.php\/wp-json\/wp\/v2\/pages\/27746","targetHints":{"allow":["GET"]}}],"collection":[{"href":"https:\/\/voyagesalaune.com\/index.php\/wp-json\/wp\/v2\/pages"}],"about":[{"href":"https:\/\/voyagesalaune.com\/index.php\/wp-json\/wp\/v2\/types\/page"}],"author":[{"embeddable":true,"href":"https:\/\/voyagesalaune.com\/index.php\/wp-json\/wp\/v2\/users\/4"}],"replies":[{"embeddable":true,"href":"https:\/\/voyagesalaune.com\/index.php\/wp-json\/wp\/v2\/comments?post=27746"}],"version-history":[{"count":19,"href":"https:\/\/voyagesalaune.com\/index.php\/wp-json\/wp\/v2\/pages\/27746\/revisions"}],"predecessor-version":[{"id":28322,"href":"https:\/\/voyagesalaune.com\/index.php\/wp-json\/wp\/v2\/pages\/27746\/revisions\/28322"}],"up":[{"embeddable":true,"href":"https:\/\/voyagesalaune.com\/index.php\/wp-json\/wp\/v2\/pages\/20"}],"wp:attachment":[{"href":"https:\/\/voyagesalaune.com\/index.php\/wp-json\/wp\/v2\/media?parent=27746"}],"curies":[{"name":"wp","href":"https:\/\/api.w.org\/{rel}","templated":true}]}}