{"id":27914,"date":"2025-12-29T13:11:06","date_gmt":"2025-12-29T12:11:06","guid":{"rendered":"http:\/\/voyagesalaune.com\/?page_id=27914"},"modified":"2026-03-09T11:29:18","modified_gmt":"2026-03-09T10:29:18","slug":"visites-privees-dans-le-perigord","status":"publish","type":"page","link":"https:\/\/voyagesalaune.com\/index.php\/voyages-accompagnes\/visites-privees-dans-le-perigord\/","title":{"rendered":"VISITES PRIV\u00c9ES DANS LE P\u00c9RIGORD"},"content":{"rendered":"\t\t<div data-elementor-type=\"wp-page\" data-elementor-id=\"27914\" class=\"elementor elementor-27914\" data-elementor-post-type=\"page\">\n\t\t\t\t\t\t<section class=\"elementor-section elementor-top-section elementor-element elementor-element-d4b3b88 elementor-section-boxed elementor-section-height-default elementor-section-height-default qodef-backgound-letter-holder-no qodef-elementor-content-no\" data-id=\"d4b3b88\" data-element_type=\"section\" data-e-type=\"section\">\n\t\t\t\t\t\t<div class=\"elementor-container elementor-column-gap-default\">\n\t\t\t\t\t<div class=\"elementor-column elementor-col-100 elementor-top-column elementor-element elementor-element-a2dc611\" data-id=\"a2dc611\" data-element_type=\"column\" data-e-type=\"column\">\n\t\t\t<div class=\"elementor-widget-wrap elementor-element-populated\">\n\t\t\t\t\t\t<div class=\"elementor-element elementor-element-1cb5cf5 elementor-widget elementor-widget-slider_revolution\" data-id=\"1cb5cf5\" data-element_type=\"widget\" data-e-type=\"widget\" data-widget_type=\"slider_revolution.default\">\n\t\t\t\t<div class=\"elementor-widget-container\">\n\t\t\t\t\t\n\t\t<div class=\"wp-block-themepunch-revslider\">\n\t\t\t<!-- START VISITES PRIVE?ES DANS LE PE?RIGORD REVOLUTION SLIDER 6.5.8 --><p class=\"rs-p-wp-fix\"><\/p>\n\t\t\t<rs-module-wrap id=\"rev_slider_135_1_wrapper\" data-source=\"gallery\" style=\"visibility:hidden;background:transparent;padding:0;margin:0px auto;margin-top:0;margin-bottom:0;\">\n\t\t\t\t<rs-module id=\"rev_slider_135_1\" style=\"\" data-version=\"6.5.8\">\n\t\t\t\t\t<rs-slides>\n\t\t\t\t\t\t<rs-slide style=\"position: absolute;\" data-key=\"rs-147\" data-title=\"Slide\" data-in=\"o:0;\" data-out=\"a:false;\">\n\t\t\t\t\t\t\t<img fetchpriority=\"high\" decoding=\"async\" src=\"\/\/voyagesalaune.com\/wp-content\/plugins\/revslider\/public\/assets\/assets\/dummy.png\" title=\"perigord\" width=\"1200\" height=\"799\" class=\"rev-slidebg tp-rs-img rs-lazyload\" data-lazyload=\"\/\/voyagesalaune.com\/wp-content\/uploads\/2025\/09\/perigord.jpeg\" data-no-retina>\n<!--\n\t\t\t\t\t\t\t--><rs-layer\n\t\t\t\t\t\t\t\tid=\"slider-135-slide-147-layer-0\" \n\t\t\t\t\t\t\t\tdata-type=\"text\"\n\t\t\t\t\t\t\t\tdata-rsp_ch=\"on\"\n\t\t\t\t\t\t\t\tdata-xy=\"x:c;xo:56px,11px,0,1px;y:m;yo:-26px,-26px,-24px,-12px;\"\n\t\t\t\t\t\t\t\tdata-text=\"w:normal;s:40,33,25,25;l:68,56,42,31;a:center;\"\n\t\t\t\t\t\t\t\tdata-dim=\"w:940px,776px,589px,auto;\"\n\t\t\t\t\t\t\t\tdata-frame_999=\"o:0;st:w;\"\n\t\t\t\t\t\t\t\tstyle=\"z-index:8;font-family:'Proza Libre';\"\n\t\t\t\t\t\t\t>VISITES PRIVE\u0301ES DANS LE PE\u0301RIGORD<br \/>\n \n\t\t\t\t\t\t\t<\/rs-layer><!--\n\n\t\t\t\t\t\t\t--><rs-layer\n\t\t\t\t\t\t\t\tid=\"slider-135-slide-147-layer-1\" \n\t\t\t\t\t\t\t\tdata-type=\"text\"\n\t\t\t\t\t\t\t\tdata-rsp_ch=\"on\"\n\t\t\t\t\t\t\t\tdata-xy=\"x:c;xo:55px,10px,-5px,-6px;y:b;yo:69px,62px,65px,68px;\"\n\t\t\t\t\t\t\t\tdata-text=\"w:normal;s:33,27,20,18;l:41,33,25,22;a:center;\"\n\t\t\t\t\t\t\t\tdata-dim=\"w:auto,auto,248.023px,auto;\"\n\t\t\t\t\t\t\t\tdata-frame_999=\"o:0;st:w;\"\n\t\t\t\t\t\t\t\tstyle=\"z-index:9;font-family:'Proza Libre';\"\n\t\t\t\t\t\t\t>Du 24 au 26 avril 2025 avec Franck FERRAND  \n\t\t\t\t\t\t\t<\/rs-layer><!--\n-->\t\t\t\t\t\t<\/rs-slide>\n\t\t\t\t\t<\/rs-slides>\n\t\t\t\t<\/rs-module>\n\t\t\t\t<script type=\"text\/javascript\">\n\t\t\t\t\tsetREVStartSize({c: 'rev_slider_135_1',rl:[1240,1024,778,480],el:[300,300,300,300],gw:[1240,1024,778,480],gh:[300,300,300,300],type:'standard',justify:'',layout:'fullwidth',mh:\"0\"});if (window.RS_MODULES!==undefined && window.RS_MODULES.modules!==undefined && window.RS_MODULES.modules[\"revslider1351\"]!==undefined) {window.RS_MODULES.modules[\"revslider1351\"].once = false;window.revapi135 = undefined;if (window.RS_MODULES.checkMinimal!==undefined) window.RS_MODULES.checkMinimal()}\n\t\t\t\t<\/script>\n\t\t\t<\/rs-module-wrap>\n\t\t\t<!-- END REVOLUTION SLIDER -->\n<\/div>\n\n\t\t\t\t\t\t<\/div>\n\t\t\t\t<\/div>\n\t\t\t\t\t<\/div>\n\t\t<\/div>\n\t\t\t\t\t<\/div>\n\t\t<\/section>\n\t\t\t\t<section class=\"elementor-section elementor-top-section elementor-element elementor-element-ab778c9 elementor-section-boxed elementor-section-height-default elementor-section-height-default qodef-backgound-letter-holder-no qodef-elementor-content-no\" data-id=\"ab778c9\" data-element_type=\"section\" data-e-type=\"section\">\n\t\t\t\t\t\t<div class=\"elementor-container elementor-column-gap-default\">\n\t\t\t\t\t<div class=\"elementor-column elementor-col-100 elementor-top-column elementor-element elementor-element-6e1a983\" data-id=\"6e1a983\" data-element_type=\"column\" data-e-type=\"column\">\n\t\t\t<div class=\"elementor-widget-wrap\">\n\t\t\t\t\t\t\t<\/div>\n\t\t<\/div>\n\t\t\t\t\t<\/div>\n\t\t<\/section>\n\t\t\t\t<section class=\"elementor-section elementor-top-section elementor-element elementor-element-1eafe89 elementor-section-boxed elementor-section-height-default elementor-section-height-default qodef-backgound-letter-holder-no qodef-elementor-content-no\" data-id=\"1eafe89\" data-element_type=\"section\" data-e-type=\"section\">\n\t\t\t\t\t\t<div class=\"elementor-container elementor-column-gap-default\">\n\t\t\t\t\t<div class=\"elementor-column elementor-col-25 elementor-top-column elementor-element elementor-element-55f3546\" data-id=\"55f3546\" data-element_type=\"column\" data-e-type=\"column\">\n\t\t\t<div class=\"elementor-widget-wrap elementor-element-populated\">\n\t\t\t\t\t\t<div class=\"elementor-element elementor-element-95f9dbb elementor-widget elementor-widget-spacer\" data-id=\"95f9dbb\" data-element_type=\"widget\" data-e-type=\"widget\" data-widget_type=\"spacer.default\">\n\t\t\t\t<div class=\"elementor-widget-container\">\n\t\t\t\t\t\t\t<div class=\"elementor-spacer\">\n\t\t\t<div class=\"elementor-spacer-inner\"><\/div>\n\t\t<\/div>\n\t\t\t\t\t\t<\/div>\n\t\t\t\t<\/div>\n\t\t\t\t<div class=\"elementor-element elementor-element-80143f6 elementor-align-center elementor-widget elementor-widget-button\" data-id=\"80143f6\" data-element_type=\"widget\" data-e-type=\"widget\" data-widget_type=\"button.default\">\n\t\t\t\t<div class=\"elementor-widget-container\">\n\t\t\t\t\t\t\t\t\t<div class=\"elementor-button-wrapper\">\n\t\t\t\t\t<a class=\"elementor-button elementor-button-link elementor-size-xs\" href=\"#elementor-action%3Aaction%3Dpopup%3Aopen%26settings%3DeyJpZCI6IjI4MjY1IiwidG9nZ2xlIjpmYWxzZX0%3D\" url=\"https:\/\/voyagesalaune.com\/wp-content\/uploads\/2026\/03\/202604-PERIGORD-PROGRAMME-ET-BULLETIN.pdf\" id=\"bouton_pdf\">\n\t\t\t\t\t\t<span class=\"elementor-button-content-wrapper\">\n\t\t\t\t\t\t\t\t\t<span class=\"elementor-button-text\">Demandez le programme<\/span>\n\t\t\t\t\t<\/span>\n\t\t\t\t\t<\/a>\n\t\t\t\t<\/div>\n\t\t\t\t\t\t\t\t<\/div>\n\t\t\t\t<\/div>\n\t\t\t\t\t<\/div>\n\t\t<\/div>\n\t\t\t\t<div class=\"elementor-column elementor-col-50 elementor-top-column elementor-element elementor-element-aadb55d\" data-id=\"aadb55d\" data-element_type=\"column\" data-e-type=\"column\">\n\t\t\t<div class=\"elementor-widget-wrap elementor-element-populated\">\n\t\t\t\t\t\t<div class=\"elementor-element elementor-element-bef3ed3 elementor-widget elementor-widget-text-editor\" data-id=\"bef3ed3\" data-element_type=\"widget\" data-e-type=\"widget\" data-widget_type=\"text-editor.default\">\n\t\t\t\t<div class=\"elementor-widget-container\">\n\t\t\t\t\t\t\t\t\t<p>Franck Ferrand vous accompagnera au Pays des mille et un ch\u00e2teaux et de la gastronomie. Ces demeures \u00e9difi\u00e9es pour la plupart d\u2019entre elles au Moyen \u00c2ge, mais r\u00e9am\u00e9nag\u00e9es aux cours des si\u00e8cles sont encore habit\u00e9es de nos jours. Ce sera l\u2019occasion de s\u2019interroger sur la vie des ch\u00e2telains d\u2019aujourd\u2019hui et sur leur r\u00f4le dans la mise en valeur d\u2019un patrimoine menac\u00e9. Nous d\u00e9couvrirons le prestigieux ch\u00e2teau de Hautefort, vaste architecture classique, avec ses jardins \u00e0 la fran\u00e7aise, son parc \u00e0 l\u2019anglaise, ses appartements meubl\u00e9s o\u00f9 nous d\u00e9gusterons des produits du terroir. Puis nous verrons le passionnant mus\u00e9e de la m\u00e9decine. Nous visiterons Rocamadour, cit\u00e9 m\u00e9di\u00e9vale dominant le canyon de l\u2019Alzou, et la c\u00e9l\u00e8bre grotte de Lascaux. Sans oublier le ch\u00e2teau de F\u00e9n\u00e9lon, berceau familial de l\u2019\u00e9crivain et le ch\u00e2teau des Milandes auquel Jos\u00e9phine Baker redonna vie. Autres curiosit\u00e9s, les jardins romantiques et pittoresques de Marqueyssac, Beynac le plus authentique ch\u00e2teau fort de la r\u00e9gion, ancienne forteresse de Richard C\u0153ur de Lion surplombant la vall\u00e9e de la Dordogne que nous sillonnerons \u00e0 bord d\u2019embarcations traditionnelles appel\u00e9es gabares.<\/p>\t\t\t\t\t\t\t\t<\/div>\n\t\t\t\t<\/div>\n\t\t\t\t\t<\/div>\n\t\t<\/div>\n\t\t\t\t<div class=\"elementor-column elementor-col-25 elementor-top-column elementor-element elementor-element-2c6dedd\" data-id=\"2c6dedd\" data-element_type=\"column\" data-e-type=\"column\">\n\t\t\t<div class=\"elementor-widget-wrap elementor-element-populated\">\n\t\t\t\t\t\t<section class=\"elementor-section elementor-inner-section elementor-element elementor-element-1cf5ded elementor-section-content-middle elementor-section-boxed elementor-section-height-default elementor-section-height-default qodef-backgound-letter-holder-no qodef-elementor-content-no\" data-id=\"1cf5ded\" data-element_type=\"section\" data-e-type=\"section\">\n\t\t\t\t\t\t<div class=\"elementor-container elementor-column-gap-wide\">\n\t\t\t\t\t<div class=\"elementor-column elementor-col-50 elementor-inner-column elementor-element elementor-element-e1986b6\" data-id=\"e1986b6\" data-element_type=\"column\" data-e-type=\"column\">\n\t\t\t<div class=\"elementor-widget-wrap elementor-element-populated\">\n\t\t\t\t\t\t<div class=\"elementor-element elementor-element-67fff2d elementor-view-default elementor-widget elementor-widget-icon\" data-id=\"67fff2d\" data-element_type=\"widget\" data-e-type=\"widget\" data-widget_type=\"icon.default\">\n\t\t\t\t<div class=\"elementor-widget-container\">\n\t\t\t\t\t\t\t<div class=\"elementor-icon-wrapper\">\n\t\t\t<div class=\"elementor-icon\">\n\t\t\t<i aria-hidden=\"true\" class=\"far fa-calendar-alt\"><\/i>\t\t\t<\/div>\n\t\t<\/div>\n\t\t\t\t\t\t<\/div>\n\t\t\t\t<\/div>\n\t\t\t\t<div class=\"elementor-element elementor-element-6a3b8ae elementor-widget elementor-widget-text-editor\" data-id=\"6a3b8ae\" data-element_type=\"widget\" data-e-type=\"widget\" data-widget_type=\"text-editor.default\">\n\t\t\t\t<div class=\"elementor-widget-container\">\n\t\t\t\t\t\t\t\t\t<h3 style=\"text-align: center;\"><span style=\"color: #1b3864;\"><b><span style=\"text-align: center; background-color: #ffffff;\">DUR\u00c9E S\u00c9JOUR<br \/><\/span><\/b><\/span><span style=\"text-align: center; background-color: #ffffff;\">3 jours<\/span><\/h3>\t\t\t\t\t\t\t\t<\/div>\n\t\t\t\t<\/div>\n\t\t\t\t\t<\/div>\n\t\t<\/div>\n\t\t\t\t<div class=\"elementor-column elementor-col-50 elementor-inner-column elementor-element elementor-element-0d00faa\" data-id=\"0d00faa\" data-element_type=\"column\" data-e-type=\"column\">\n\t\t\t<div class=\"elementor-widget-wrap elementor-element-populated\">\n\t\t\t\t\t\t<div class=\"elementor-element elementor-element-e8b8c26 elementor-view-default elementor-widget elementor-widget-icon\" data-id=\"e8b8c26\" data-element_type=\"widget\" data-e-type=\"widget\" data-widget_type=\"icon.default\">\n\t\t\t\t<div class=\"elementor-widget-container\">\n\t\t\t\t\t\t\t<div class=\"elementor-icon-wrapper\">\n\t\t\t<div class=\"elementor-icon\">\n\t\t\t<i aria-hidden=\"true\" class=\"far fa-clock\"><\/i>\t\t\t<\/div>\n\t\t<\/div>\n\t\t\t\t\t\t<\/div>\n\t\t\t\t<\/div>\n\t\t\t\t<div class=\"elementor-element elementor-element-134d9c2 elementor-widget elementor-widget-text-editor\" data-id=\"134d9c2\" data-element_type=\"widget\" data-e-type=\"widget\" data-widget_type=\"text-editor.default\">\n\t\t\t\t<div class=\"elementor-widget-container\">\n\t\t\t\t\t\t\t\t\t<h3 style=\"text-align: center;\"><span style=\"color: #1b3864;\"><b><span style=\"text-align: center; background-color: #ffffff;\">D\u00c9CALAGE HORAIRE<\/span><br style=\"text-align: center;\" \/><\/b><\/span><span style=\"text-align: center; background-color: #ffffff;\">Aucun<\/span><\/h3>\t\t\t\t\t\t\t\t<\/div>\n\t\t\t\t<\/div>\n\t\t\t\t\t<\/div>\n\t\t<\/div>\n\t\t\t\t\t<\/div>\n\t\t<\/section>\n\t\t\t\t<section class=\"elementor-section elementor-inner-section elementor-element elementor-element-d9dcf13 elementor-section-content-middle elementor-section-boxed elementor-section-height-default elementor-section-height-default qodef-backgound-letter-holder-no qodef-elementor-content-no\" data-id=\"d9dcf13\" data-element_type=\"section\" data-e-type=\"section\">\n\t\t\t\t\t\t<div class=\"elementor-container elementor-column-gap-wide\">\n\t\t\t\t\t<div class=\"elementor-column elementor-col-50 elementor-inner-column elementor-element elementor-element-50c8bb7\" data-id=\"50c8bb7\" data-element_type=\"column\" data-e-type=\"column\">\n\t\t\t<div class=\"elementor-widget-wrap elementor-element-populated\">\n\t\t\t\t\t\t<div class=\"elementor-element elementor-element-33d7853 elementor-view-default elementor-widget elementor-widget-icon\" data-id=\"33d7853\" data-element_type=\"widget\" data-e-type=\"widget\" data-widget_type=\"icon.default\">\n\t\t\t\t<div class=\"elementor-widget-container\">\n\t\t\t\t\t\t\t<div class=\"elementor-icon-wrapper\">\n\t\t\t<div class=\"elementor-icon\">\n\t\t\t<i aria-hidden=\"true\" class=\"far fa-id-badge\"><\/i>\t\t\t<\/div>\n\t\t<\/div>\n\t\t\t\t\t\t<\/div>\n\t\t\t\t<\/div>\n\t\t\t\t<div class=\"elementor-element elementor-element-63ed205 elementor-widget elementor-widget-text-editor\" data-id=\"63ed205\" data-element_type=\"widget\" data-e-type=\"widget\" data-widget_type=\"text-editor.default\">\n\t\t\t\t<div class=\"elementor-widget-container\">\n\t\t\t\t\t\t\t\t\t<h3 style=\"text-align: center;\"><b><span style=\"color: #1b3864;\">PASSEPORT<\/span><br \/><\/b>Aucun<\/h3>\t\t\t\t\t\t\t\t<\/div>\n\t\t\t\t<\/div>\n\t\t\t\t\t<\/div>\n\t\t<\/div>\n\t\t\t\t<div class=\"elementor-column elementor-col-50 elementor-inner-column elementor-element elementor-element-c85d60f\" data-id=\"c85d60f\" data-element_type=\"column\" data-e-type=\"column\">\n\t\t\t<div class=\"elementor-widget-wrap elementor-element-populated\">\n\t\t\t\t\t\t<div class=\"elementor-element elementor-element-30bc536 elementor-view-default elementor-widget elementor-widget-icon\" data-id=\"30bc536\" data-element_type=\"widget\" data-e-type=\"widget\" data-widget_type=\"icon.default\">\n\t\t\t\t<div class=\"elementor-widget-container\">\n\t\t\t\t\t\t\t<div class=\"elementor-icon-wrapper\">\n\t\t\t<div class=\"elementor-icon\">\n\t\t\t<i aria-hidden=\"true\" class=\"fas fa-plane-departure\"><\/i>\t\t\t<\/div>\n\t\t<\/div>\n\t\t\t\t\t\t<\/div>\n\t\t\t\t<\/div>\n\t\t\t\t<div class=\"elementor-element elementor-element-0f7dfdd elementor-widget elementor-widget-text-editor\" data-id=\"0f7dfdd\" data-element_type=\"widget\" data-e-type=\"widget\" data-widget_type=\"text-editor.default\">\n\t\t\t\t<div class=\"elementor-widget-container\">\n\t\t\t\t\t\t\t\t\t<h3 style=\"text-align: center;\"><b><span style=\"color: #1b3864;\">VISA<\/span><br \/><\/b>Aucun<\/h3>\t\t\t\t\t\t\t\t<\/div>\n\t\t\t\t<\/div>\n\t\t\t\t\t<\/div>\n\t\t<\/div>\n\t\t\t\t\t<\/div>\n\t\t<\/section>\n\t\t\t\t\t<\/div>\n\t\t<\/div>\n\t\t\t\t\t<\/div>\n\t\t<\/section>\n\t\t\t\t<section class=\"elementor-section elementor-top-section elementor-element elementor-element-4947c9b elementor-hidden-tablet elementor-hidden-mobile elementor-section-boxed elementor-section-height-default elementor-section-height-default qodef-backgound-letter-holder-no qodef-elementor-content-no\" data-id=\"4947c9b\" data-element_type=\"section\" data-e-type=\"section\">\n\t\t\t\t\t\t<div class=\"elementor-container elementor-column-gap-default\">\n\t\t\t\t\t<div class=\"elementor-column elementor-col-50 elementor-top-column elementor-element elementor-element-20b6489\" data-id=\"20b6489\" data-element_type=\"column\" data-e-type=\"column\">\n\t\t\t<div class=\"elementor-widget-wrap elementor-element-populated\">\n\t\t\t\t\t\t<div class=\"elementor-element elementor-element-80157ca elementor-position-left elementor-vertical-align-middle elementor-widget elementor-widget-image-box\" data-id=\"80157ca\" data-element_type=\"widget\" data-e-type=\"widget\" data-widget_type=\"image-box.default\">\n\t\t\t\t<div class=\"elementor-widget-container\">\n\t\t\t\t\t<div class=\"elementor-image-box-wrapper\"><figure class=\"elementor-image-box-img\"><a href=\"https:\/\/voyagesalaune.com\/index.php\/conferenciers\/franck-ferrand-2\/\" tabindex=\"-1\"><img decoding=\"async\" src=\"https:\/\/voyagesalaune.com\/wp-content\/uploads\/elementor\/thumbs\/Capture-decran-2025-05-15-a-18.38.46-r5urcbw9ezrkcgwaedtony6le2yj2wkd8hv20m6zeg.png\" title=\"Franck Ferrand\" alt=\"Franck Ferrand\" loading=\"lazy\" \/><\/a><\/figure><div class=\"elementor-image-box-content\"><h5 class=\"elementor-image-box-title\"><a href=\"https:\/\/voyagesalaune.com\/index.php\/conferenciers\/franck-ferrand-2\/\">VOUS VOYAGEREZ AVEC <br> <br> Franck FERRAND <\/a><\/h5><p class=\"elementor-image-box-description\">Il est notre Alain Decaux du XXIe sie\u0300cle. Sa passion pour l\u2019Histoire qui le fait vibrer depuis son enfance poitevine, est des plus contagieuses. Historien, e\u0301crivain, il a su naturellement imposer une voix, un style limpide tout en sachant sortir des re\u0301cits convenus, du politiquement correct, de la me\u0301moire officielle.<\/p><\/div><\/div>\t\t\t\t<\/div>\n\t\t\t\t<\/div>\n\t\t\t\t<div class=\"elementor-element elementor-element-77c83e7 elementor-widget elementor-widget-google_maps\" data-id=\"77c83e7\" data-element_type=\"widget\" data-e-type=\"widget\" id=\"id-map\" data-widget_type=\"google_maps.default\">\n\t\t\t\t<div class=\"elementor-widget-container\">\n\t\t\t\t\t\t\t<div class=\"elementor-custom-embed\">\n\t\t\t<iframe loading=\"lazy\"\n\t\t\t\t\tsrc=\"https:\/\/maps.google.com\/maps?q=Perigord&#038;t=m&#038;z=9&#038;output=embed&#038;iwloc=near\"\n\t\t\t\t\ttitle=\"Perigord\"\n\t\t\t\t\taria-label=\"Perigord\"\n\t\t\t><\/iframe>\n\t\t<\/div>\n\t\t\t\t\t\t<\/div>\n\t\t\t\t<\/div>\n\t\t\t\t\t<\/div>\n\t\t<\/div>\n\t\t\t\t<div class=\"elementor-column elementor-col-50 elementor-top-column elementor-element elementor-element-8c35fcd\" data-id=\"8c35fcd\" data-element_type=\"column\" data-e-type=\"column\">\n\t\t\t<div class=\"elementor-widget-wrap elementor-element-populated\">\n\t\t\t\t\t\t<div class=\"elementor-element elementor-element-0ed871c elementor-widget elementor-widget-heading\" data-id=\"0ed871c\" data-element_type=\"widget\" data-e-type=\"widget\" data-widget_type=\"heading.default\">\n\t\t\t\t<div class=\"elementor-widget-container\">\n\t\t\t\t\t<h5 class=\"elementor-heading-title elementor-size-default\">VOTRE ITIN\u00c9RAIRE<\/h5>\t\t\t\t<\/div>\n\t\t\t\t<\/div>\n\t\t\t\t<div class=\"elementor-element elementor-element-4f0917f elementor-tabs-alignment-center elementor-tabs-view-horizontal elementor-widget elementor-widget-tabs\" data-id=\"4f0917f\" data-element_type=\"widget\" data-e-type=\"widget\" data-widget_type=\"tabs.default\">\n\t\t\t\t<div class=\"elementor-widget-container\">\n\t\t\t\t\t\t\t<div class=\"elementor-tabs\">\n\t\t\t<div class=\"elementor-tabs-wrapper\" role=\"tablist\" >\n\t\t\t\t\t\t\t\t\t<div id=\"elementor-tab-title-8281\" class=\"elementor-tab-title elementor-tab-desktop-title\" aria-selected=\"true\" data-tab=\"1\" role=\"tab\" tabindex=\"0\" aria-controls=\"elementor-tab-content-8281\" aria-expanded=\"false\">Jour 1<\/div>\n\t\t\t\t\t\t\t\t\t<div id=\"elementor-tab-title-8282\" class=\"elementor-tab-title elementor-tab-desktop-title\" aria-selected=\"false\" data-tab=\"2\" role=\"tab\" tabindex=\"-1\" aria-controls=\"elementor-tab-content-8282\" aria-expanded=\"false\">Jour 2<\/div>\n\t\t\t\t\t\t\t\t\t<div id=\"elementor-tab-title-8283\" class=\"elementor-tab-title elementor-tab-desktop-title\" aria-selected=\"false\" data-tab=\"3\" role=\"tab\" tabindex=\"-1\" aria-controls=\"elementor-tab-content-8283\" aria-expanded=\"false\">Jour 3 <\/div>\n\t\t\t\t\t\t\t<\/div>\n\t\t\t<div class=\"elementor-tabs-content-wrapper\" role=\"tablist\" aria-orientation=\"vertical\">\n\t\t\t\t\t\t\t\t\t<div class=\"elementor-tab-title elementor-tab-mobile-title\" aria-selected=\"true\" data-tab=\"1\" role=\"tab\" tabindex=\"0\" aria-controls=\"elementor-tab-content-8281\" aria-expanded=\"false\">Jour 1<\/div>\n\t\t\t\t\t<div id=\"elementor-tab-content-8281\" class=\"elementor-tab-content elementor-clearfix\" data-tab=\"1\" role=\"tabpanel\" aria-labelledby=\"elementor-tab-title-8281\" tabindex=\"0\" hidden=\"false\"><p><strong>PARIS &#8211; COLY-SAINT-ARMAND<\/strong><\/p><p>9h05 D\u00e9collage de l\u2019a\u00e9roport Paris Orly du vol Air France CE1932 \u00e0 destination de Brive-la-Gaillarde. <em>(Dur\u00e9e\u00a0: 1h15)<\/em> 10h20 Arriv\u00e9e \u00e0 l\u2019a\u00e9roport de Brive-la-Gaillarde. Visite sp\u00e9ciale du <strong>Ch\u00e2teau de Hautefort<\/strong>, <em>t\u00e9moignage de l\u2019architecture classique en P\u00e9rigord. Demeure de plaisance \u00e9difi\u00e9e au XVIIe si\u00e8cle par l\u2019architecte Nicolas Rambourg sur ordre du marquis de Hautefort, elle abrite une remarquable collection de mobilier des XVIIe et XVIIIe si\u00e8cles.<\/em> Nous verrons le <strong>mus\u00e9e de la m\u00e9decine<\/strong> dans l\u2019ancien hospice de Hautefort, <em>qui retrace l\u2019histoire de la m\u00e9decine du XVIIe si\u00e8cle \u00e0 nos jours. <\/em> D\u00e9jeuner au ch\u00e2teau de Hautefort. Visite du <strong>complexe de Lascaux IV<\/strong> qui retrace la d\u00e9couverte de la c\u00e9l\u00e8bre grotte et vous fera appr\u00e9cier la splendeur des \u0153uvres. <em>Au sein du complexe, 4 salles d\u2019exposition expliquent la place de Lascaux dans l\u2019art pari\u00e9tal, l\u2019art rupestre, l\u2019art du XXe si\u00e8cle et l\u2019art contemporain. <\/em>Installation au <strong>Manoir d\u2019Hautegente<\/strong> <em>dans une ancienne forge du XIIIe si\u00e8cle, au c\u0153ur du P\u00e9rigord noir. <\/em><\/p><p><strong>EN OPTION<\/strong><\/p><p><strong>Soir\u00e9e au Ch\u00e2teau de Sauveboeuf<\/strong>. Vous visiterez ce ch\u00e2teau de style Louis XIII, au c\u0153ur du P\u00e9rigord noir, qui retrace plus de 400 ans d\u2019histoire. <em>V\u00e9ritable voyage dans le temps, vous d\u00e9couvrirez en plus de son mobilier d\u2019\u00e9poque d\u2019exceptionnelles collections d\u2019objets pr\u00e9historiques, de toiles de ma\u00eetres hollandais et de l\u2019\u00e9cole fran\u00e7aise du XVIIIe si\u00e8cle, de sculptures du Moyen-\u00c2ge et d\u2019antiquit\u00e9s grecques, \u00e9gyptiennes et romaines<\/em><em>. <\/em><strong>Conf\u00e9rence \u2013 Cocktail.<\/strong> <strong>D\u00eener au Ch\u00e2teau. <\/strong><\/p><\/div>\n\t\t\t\t\t\t\t\t\t<div class=\"elementor-tab-title elementor-tab-mobile-title\" aria-selected=\"false\" data-tab=\"2\" role=\"tab\" tabindex=\"-1\" aria-controls=\"elementor-tab-content-8282\" aria-expanded=\"false\">Jour 2<\/div>\n\t\t\t\t\t<div id=\"elementor-tab-content-8282\" class=\"elementor-tab-content elementor-clearfix\" data-tab=\"2\" role=\"tabpanel\" aria-labelledby=\"elementor-tab-title-8282\" tabindex=\"0\" hidden=\"hidden\"><p><strong>COLY-SAINT-ARMAND<\/strong><\/p><p>Visite de <strong>Sarlat<\/strong>, <em>grande abbaye du Moyen Age devenue cit\u00e9 m\u00e9di\u00e9vale<\/em> o\u00f9 naquit l\u2019\u00e9crivain Etienne de la Bo\u00ebtie. D\u00e9couverte des <strong>jardins suspendus de Marqueyssac<\/strong> <em>am\u00e9nag\u00e9s sur un \u00e9peron rocheux.<\/em> Le site offre le plus beau panorama du P\u00e9rigord, qui t\u00e9moigne d\u2019un pass\u00e9 historique dense et d\u2019un riche patrimoine naturel. D\u00e9jeuner p\u00e9rigourdin dans la <strong>Bastide Royale de Domme<\/strong>, perch\u00e9 sur les hauteurs d\u2019une falaise qui domine la rivi\u00e8re Dordogne. D\u00e9couverte de la Bastide \u00e9rig\u00e9e par Philippe III \u00ab le hardi \u00bb, o\u00f9 les \u00e9pisodes de la guerre de Cent Ans sont encore lisibles entre les pierres. Visite du <strong>Ch\u00e2teau de Beynac<\/strong>, <em>b\u00e2tie \u00e0 partir du XIIe si\u00e8cle par les seigneurs de Beynac.<\/em> Objet de nombreuses convoitises, la forteresse tenait une place strat\u00e9gique durant la guerre de Cent Ans. <strong>Franck Ferrand vous parlera de la vie romanesque de la g\u00e9n\u00e9reuse Jos\u00e9phine Baker. <\/strong>Visite du <strong>Ch\u00e2teau des Milandes<\/strong>, <em>autrefois propri\u00e9t\u00e9 des Caumont puis d\u2019un industriel, Charles Claverie, il f\u00fbt acquis en 1947 par Jos\u00e9phine Baker. <\/em>Vous d\u00e9couvrirez le grand salon des robes, la cuisine, les chambres et les salles de bains Art D\u00e9co de la demeure. <strong>Conf\u00e9rence \u2013 Cocktail.<\/strong> D\u00eener \u00e0 la <strong>Table du Manoir<\/strong>, en brodure de rivi\u00e8re.<\/p><\/div>\n\t\t\t\t\t\t\t\t\t<div class=\"elementor-tab-title elementor-tab-mobile-title\" aria-selected=\"false\" data-tab=\"3\" role=\"tab\" tabindex=\"-1\" aria-controls=\"elementor-tab-content-8283\" aria-expanded=\"false\">Jour 3 <\/div>\n\t\t\t\t\t<div id=\"elementor-tab-content-8283\" class=\"elementor-tab-content elementor-clearfix\" data-tab=\"3\" role=\"tabpanel\" aria-labelledby=\"elementor-tab-title-8283\" tabindex=\"0\" hidden=\"hidden\"><p><strong>COLY-SAINT-ARMAND &#8211; PARIS<\/strong><\/p><p>Visite du <strong>Ch\u00e2teau de F\u00e9nelon<\/strong>, <em>qui domine la Vall\u00e9e de la Dordogne<\/em>. Vous d\u00e9couvrirez la grande salle Renaissance et ses tapisseries, la cour d\u2019honneur, les cuisines m\u00e9di\u00e9vales, le petit cabinet de travail aux boiseries en noyer, et l\u2019impressionnante salle d\u2019armes regroupant plus de 300 pi\u00e8ces, des XVe et XVIIIe si\u00e8cles. <strong>Franck Ferrand \u00e9voquera F\u00e9nelon \u00e0 la cour de Louis XIV. <\/strong>D\u00e9jeuner quercinois \u00e0 <strong>Rocamadour<\/strong>. Visite de <strong>Rocamadour<\/strong>, lieu de p\u00e8lerinage incontournable sur le chemin de Saint-Jacques-de-Compostelle. Cette cit\u00e9 agripp\u00e9e au rocher, et ses sanctuaires empil\u00e9s \u00e0 flanc de falaise. 17h55 D\u00e9collage de l\u2019a\u00e9roport de Brive-la-Gaillarde du vol Air France AF7013 \u00e0 destination de Paris. (Dur\u00e9e\u00a0: 1h15)19h10 Arriv\u00e9e \u00e0 l\u2019a\u00e9roport de Paris Orly.<\/p><\/div>\n\t\t\t\t\t\t\t<\/div>\n\t\t<\/div>\n\t\t\t\t\t\t<\/div>\n\t\t\t\t<\/div>\n\t\t\t\t\t<\/div>\n\t\t<\/div>\n\t\t\t\t\t<\/div>\n\t\t<\/section>\n\t\t\t\t<section class=\"elementor-section elementor-top-section elementor-element elementor-element-0ffe82c elementor-hidden-desktop elementor-section-boxed elementor-section-height-default elementor-section-height-default qodef-backgound-letter-holder-no qodef-elementor-content-no\" data-id=\"0ffe82c\" data-element_type=\"section\" data-e-type=\"section\">\n\t\t\t\t\t\t<div class=\"elementor-container elementor-column-gap-default\">\n\t\t\t\t\t<div class=\"elementor-column elementor-col-50 elementor-top-column elementor-element elementor-element-5d25b50\" data-id=\"5d25b50\" data-element_type=\"column\" data-e-type=\"column\">\n\t\t\t<div class=\"elementor-widget-wrap elementor-element-populated\">\n\t\t\t\t\t\t<div class=\"elementor-element elementor-element-63b3686 elementor-position-left elementor-vertical-align-middle elementor-widget elementor-widget-image-box\" data-id=\"63b3686\" data-element_type=\"widget\" data-e-type=\"widget\" data-widget_type=\"image-box.default\">\n\t\t\t\t<div class=\"elementor-widget-container\">\n\t\t\t\t\t<div class=\"elementor-image-box-wrapper\"><figure class=\"elementor-image-box-img\"><a href=\"https:\/\/voyagesalaune.com\/index.php\/conferenciers\/franck-ferrand-2\/\" tabindex=\"-1\"><img decoding=\"async\" width=\"290\" height=\"300\" src=\"https:\/\/voyagesalaune.com\/wp-content\/uploads\/2025\/05\/Capture-decran-2025-05-15-a-18.38.46-290x300.png\" class=\"attachment-medium size-medium wp-image-27301\" alt=\"\" srcset=\"https:\/\/voyagesalaune.com\/wp-content\/uploads\/2025\/05\/Capture-decran-2025-05-15-a-18.38.46-290x300.png 290w, https:\/\/voyagesalaune.com\/wp-content\/uploads\/2025\/05\/Capture-decran-2025-05-15-a-18.38.46.png 468w\" sizes=\"(max-width: 290px) 100vw, 290px\" \/><\/a><\/figure><div class=\"elementor-image-box-content\"><h6 class=\"elementor-image-box-title\"><a href=\"https:\/\/voyagesalaune.com\/index.php\/conferenciers\/franck-ferrand-2\/\">VOUS VOYAGEREZ <br> Franck FERRAND <\/a><\/h6><p class=\"elementor-image-box-description\">Il est notre Alain Decaux du XXIe si\u00e8cle. Sa passion pour l'Histoire qui le fait vibrer depuis son enfance poitevine, est des plus contagieuses. Historien, \u00e9crivain, il a su naturellement imposer une voix, un style limpide tout en sachant sortir des r\u00e9cits convenus, du politiquement correct, de la m\u00e9moire officielle.<\/p><\/div><\/div>\t\t\t\t<\/div>\n\t\t\t\t<\/div>\n\t\t\t\t\t<\/div>\n\t\t<\/div>\n\t\t\t\t<div class=\"elementor-column elementor-col-50 elementor-top-column elementor-element elementor-element-865add2\" data-id=\"865add2\" data-element_type=\"column\" data-e-type=\"column\">\n\t\t\t<div class=\"elementor-widget-wrap elementor-element-populated\">\n\t\t\t\t\t\t<div class=\"elementor-element elementor-element-718fb89 elementor-widget elementor-widget-google_maps\" data-id=\"718fb89\" data-element_type=\"widget\" data-e-type=\"widget\" data-widget_type=\"google_maps.default\">\n\t\t\t\t<div class=\"elementor-widget-container\">\n\t\t\t\t\t\t\t<div class=\"elementor-custom-embed\">\n\t\t\t<iframe loading=\"lazy\"\n\t\t\t\t\tsrc=\"https:\/\/maps.google.com\/maps?q=P%C3%A9rigord&#038;t=m&#038;z=8&#038;output=embed&#038;iwloc=near\"\n\t\t\t\t\ttitle=\"P\u00e9rigord\"\n\t\t\t\t\taria-label=\"P\u00e9rigord\"\n\t\t\t><\/iframe>\n\t\t<\/div>\n\t\t\t\t\t\t<\/div>\n\t\t\t\t<\/div>\n\t\t\t\t\t<\/div>\n\t\t<\/div>\n\t\t\t\t\t<\/div>\n\t\t<\/section>\n\t\t\t\t<section class=\"elementor-section elementor-top-section elementor-element elementor-element-68be82f elementor-hidden-desktop elementor-hidden-mobile elementor-section-boxed elementor-section-height-default elementor-section-height-default qodef-backgound-letter-holder-no qodef-elementor-content-no\" data-id=\"68be82f\" data-element_type=\"section\" data-e-type=\"section\">\n\t\t\t\t\t\t<div class=\"elementor-container elementor-column-gap-default\">\n\t\t\t\t\t<div class=\"elementor-column elementor-col-100 elementor-top-column elementor-element elementor-element-c448905\" data-id=\"c448905\" data-element_type=\"column\" data-e-type=\"column\">\n\t\t\t<div class=\"elementor-widget-wrap elementor-element-populated\">\n\t\t\t\t\t\t<div class=\"elementor-element elementor-element-3ac31ef elementor-widget elementor-widget-heading\" data-id=\"3ac31ef\" data-element_type=\"widget\" data-e-type=\"widget\" data-widget_type=\"heading.default\">\n\t\t\t\t<div class=\"elementor-widget-container\">\n\t\t\t\t\t<h4 class=\"elementor-heading-title elementor-size-default\">VOTRE ITIN\u00c9RAIRE<\/h4>\t\t\t\t<\/div>\n\t\t\t\t<\/div>\n\t\t\t\t<div class=\"elementor-element elementor-element-8fb0f72 elementor-tabs-alignment-center elementor-tabs-view-horizontal elementor-widget elementor-widget-tabs\" data-id=\"8fb0f72\" data-element_type=\"widget\" data-e-type=\"widget\" data-widget_type=\"tabs.default\">\n\t\t\t\t<div class=\"elementor-widget-container\">\n\t\t\t\t\t\t\t<div class=\"elementor-tabs\">\n\t\t\t<div class=\"elementor-tabs-wrapper\" role=\"tablist\" >\n\t\t\t\t\t\t\t\t\t<div id=\"elementor-tab-title-1501\" class=\"elementor-tab-title elementor-tab-desktop-title\" aria-selected=\"true\" data-tab=\"1\" role=\"tab\" tabindex=\"0\" aria-controls=\"elementor-tab-content-1501\" aria-expanded=\"false\">Jour 1<\/div>\n\t\t\t\t\t\t\t\t\t<div id=\"elementor-tab-title-1502\" class=\"elementor-tab-title elementor-tab-desktop-title\" aria-selected=\"false\" data-tab=\"2\" role=\"tab\" tabindex=\"-1\" aria-controls=\"elementor-tab-content-1502\" aria-expanded=\"false\">Jour 2<\/div>\n\t\t\t\t\t\t\t\t\t<div id=\"elementor-tab-title-1503\" class=\"elementor-tab-title elementor-tab-desktop-title\" aria-selected=\"false\" data-tab=\"3\" role=\"tab\" tabindex=\"-1\" aria-controls=\"elementor-tab-content-1503\" aria-expanded=\"false\">Jour 3 <\/div>\n\t\t\t\t\t\t\t<\/div>\n\t\t\t<div class=\"elementor-tabs-content-wrapper\" role=\"tablist\" aria-orientation=\"vertical\">\n\t\t\t\t\t\t\t\t\t<div class=\"elementor-tab-title elementor-tab-mobile-title\" aria-selected=\"true\" data-tab=\"1\" role=\"tab\" tabindex=\"0\" aria-controls=\"elementor-tab-content-1501\" aria-expanded=\"false\">Jour 1<\/div>\n\t\t\t\t\t<div id=\"elementor-tab-content-1501\" class=\"elementor-tab-content elementor-clearfix\" data-tab=\"1\" role=\"tabpanel\" aria-labelledby=\"elementor-tab-title-1501\" tabindex=\"0\" hidden=\"false\"><p><strong>PARIS &#8211; COLY-SAINT-ARMAND<\/strong><\/p><p>9h05 D\u00e9collage de l\u2019a\u00e9roport Paris Orly du vol Air France CE1932 \u00e0 destination de Brive-la-Gaillarde. <em>(Dur\u00e9e\u00a0: 1h15)<\/em> 10h20 Arriv\u00e9e \u00e0 l\u2019a\u00e9roport de Brive-la-Gaillarde. Visite sp\u00e9ciale du <strong>Ch\u00e2teau de Hautefort<\/strong>, <em>t\u00e9moignage de l\u2019architecture classique en P\u00e9rigord. Demeure de plaisance \u00e9difi\u00e9e au XVIIe si\u00e8cle par l\u2019architecte Nicolas Rambourg sur ordre du marquis de Hautefort, elle abrite une remarquable collection de mobilier des XVIIe et XVIIIe si\u00e8cles.<\/em> Nous verrons le <strong>mus\u00e9e de la m\u00e9decine<\/strong> dans l\u2019ancien hospice de Hautefort, <em>qui retrace l\u2019histoire de la m\u00e9decine du XVIIe si\u00e8cle \u00e0 nos jours. <\/em> D\u00e9jeuner au ch\u00e2teau de Hautefort. Visite du <strong>complexe de Lascaux IV<\/strong> qui retrace la d\u00e9couverte de la c\u00e9l\u00e8bre grotte et vous fera appr\u00e9cier la splendeur des \u0153uvres. <em>Au sein du complexe, 4 salles d\u2019exposition expliquent la place de Lascaux dans l\u2019art pari\u00e9tal, l\u2019art rupestre, l\u2019art du XXe si\u00e8cle et l\u2019art contemporain. <\/em>Installation au <strong>Manoir d\u2019Hautegente<\/strong> <em>dans une ancienne forge du XIIIe si\u00e8cle, au c\u0153ur du P\u00e9rigord noir. <\/em><\/p><p><strong>EN OPTION<\/strong><\/p><p><strong>Soir\u00e9e au Ch\u00e2teau de Sauveboeuf<\/strong>. Vous visiterez ce ch\u00e2teau de style Louis XIII, au c\u0153ur du P\u00e9rigord noir, qui retrace plus de 400 ans d\u2019histoire. <em>V\u00e9ritable voyage dans le temps, vous d\u00e9couvrirez en plus de son mobilier d\u2019\u00e9poque d\u2019exceptionnelles collections d\u2019objets pr\u00e9historiques, de toiles de ma\u00eetres hollandais et de l\u2019\u00e9cole fran\u00e7aise du XVIIIe si\u00e8cle, de sculptures du Moyen-\u00c2ge et d\u2019antiquit\u00e9s grecques, \u00e9gyptiennes et romaines<\/em><em>. <\/em><strong>Conf\u00e9rence \u2013 Cocktail.<\/strong> <strong>D\u00eener au Ch\u00e2teau. <\/strong><\/p><\/div>\n\t\t\t\t\t\t\t\t\t<div class=\"elementor-tab-title elementor-tab-mobile-title\" aria-selected=\"false\" data-tab=\"2\" role=\"tab\" tabindex=\"-1\" aria-controls=\"elementor-tab-content-1502\" aria-expanded=\"false\">Jour 2<\/div>\n\t\t\t\t\t<div id=\"elementor-tab-content-1502\" class=\"elementor-tab-content elementor-clearfix\" data-tab=\"2\" role=\"tabpanel\" aria-labelledby=\"elementor-tab-title-1502\" tabindex=\"0\" hidden=\"hidden\"><p><strong>COLY-SAINT-ARMAND<\/strong><\/p><p>Visite de <strong>Sarlat<\/strong>, <em>grande abbaye du Moyen Age devenue cit\u00e9 m\u00e9di\u00e9vale<\/em> o\u00f9 naquit l\u2019\u00e9crivain Etienne de la Bo\u00ebtie. D\u00e9couverte des <strong>jardins suspendus de Marqueyssac<\/strong> <em>am\u00e9nag\u00e9s sur un \u00e9peron rocheux.<\/em> Le site offre le plus beau panorama du P\u00e9rigord, qui t\u00e9moigne d\u2019un pass\u00e9 historique dense et d\u2019un riche patrimoine naturel. D\u00e9jeuner p\u00e9rigourdin dans la <strong>Bastide Royale de Domme<\/strong>, perch\u00e9 sur les hauteurs d\u2019une falaise qui domine la rivi\u00e8re Dordogne. D\u00e9couverte de la Bastide \u00e9rig\u00e9e par Philippe III \u00ab le hardi \u00bb, o\u00f9 les \u00e9pisodes de la guerre de Cent Ans sont encore lisibles entre les pierres. Visite du <strong>Ch\u00e2teau de Beynac<\/strong>, <em>b\u00e2tie \u00e0 partir du XIIe si\u00e8cle par les seigneurs de Beynac.<\/em> Objet de nombreuses convoitises, la forteresse tenait une place strat\u00e9gique durant la guerre de Cent Ans. <strong>Franck Ferrand vous parlera de la vie romanesque de la g\u00e9n\u00e9reuse Jos\u00e9phine Baker. <\/strong>Visite du <strong>Ch\u00e2teau des Milandes<\/strong>, <em>autrefois propri\u00e9t\u00e9 des Caumont puis d\u2019un industriel, Charles Claverie, il f\u00fbt acquis en 1947 par Jos\u00e9phine Baker. <\/em>Vous d\u00e9couvrirez le grand salon des robes, la cuisine, les chambres et les salles de bains Art D\u00e9co de la demeure. <strong>Conf\u00e9rence \u2013 Cocktail.<\/strong> D\u00eener \u00e0 la <strong>Table du Manoir<\/strong>, en brodure de rivi\u00e8re.<\/p><\/div>\n\t\t\t\t\t\t\t\t\t<div class=\"elementor-tab-title elementor-tab-mobile-title\" aria-selected=\"false\" data-tab=\"3\" role=\"tab\" tabindex=\"-1\" aria-controls=\"elementor-tab-content-1503\" aria-expanded=\"false\">Jour 3 <\/div>\n\t\t\t\t\t<div id=\"elementor-tab-content-1503\" class=\"elementor-tab-content elementor-clearfix\" data-tab=\"3\" role=\"tabpanel\" aria-labelledby=\"elementor-tab-title-1503\" tabindex=\"0\" hidden=\"hidden\"><p><strong>COLY-SAINT-ARMAND &#8211; PARIS<\/strong><\/p><p>Visite du <strong>Ch\u00e2teau de F\u00e9nelon<\/strong>, <em>qui domine la Vall\u00e9e de la Dordogne<\/em>. Vous d\u00e9couvrirez la grande salle Renaissance et ses tapisseries, la cour d\u2019honneur, les cuisines m\u00e9di\u00e9vales, le petit cabinet de travail aux boiseries en noyer, et l\u2019impressionnante salle d\u2019armes regroupant plus de 300 pi\u00e8ces, des XVe et XVIIIe si\u00e8cles. <strong>Franck Ferrand \u00e9voquera F\u00e9nelon \u00e0 la cour de Louis XIV. <\/strong>D\u00e9jeuner quercinois \u00e0 <strong>Rocamadour<\/strong>. Visite de <strong>Rocamadour<\/strong>, lieu de p\u00e8lerinage incontournable sur le chemin de Saint-Jacques-de-Compostelle. Cette cit\u00e9 agripp\u00e9e au rocher, et ses sanctuaires empil\u00e9s \u00e0 flanc de falaise. 17h55 D\u00e9collage de l\u2019a\u00e9roport de Brive-la-Gaillarde du vol Air France AF7013 \u00e0 destination de Paris. (Dur\u00e9e\u00a0: 1h15)19h10 Arriv\u00e9e \u00e0 l\u2019a\u00e9roport de Paris Orly.<\/p><\/div>\n\t\t\t\t\t\t\t<\/div>\n\t\t<\/div>\n\t\t\t\t\t\t<\/div>\n\t\t\t\t<\/div>\n\t\t\t\t\t<\/div>\n\t\t<\/div>\n\t\t\t\t\t<\/div>\n\t\t<\/section>\n\t\t\t\t<section class=\"elementor-section elementor-top-section elementor-element elementor-element-b7a7ced elementor-hidden-desktop elementor-hidden-tablet elementor-section-boxed elementor-section-height-default elementor-section-height-default qodef-backgound-letter-holder-no qodef-elementor-content-no\" data-id=\"b7a7ced\" data-element_type=\"section\" data-e-type=\"section\">\n\t\t\t\t\t\t<div class=\"elementor-container elementor-column-gap-default\">\n\t\t\t\t\t<div class=\"elementor-column elementor-col-100 elementor-top-column elementor-element elementor-element-1e67d1d\" data-id=\"1e67d1d\" data-element_type=\"column\" data-e-type=\"column\">\n\t\t\t<div class=\"elementor-widget-wrap elementor-element-populated\">\n\t\t\t\t\t\t<div class=\"elementor-element elementor-element-9b4e477 elementor-widget elementor-widget-heading\" data-id=\"9b4e477\" data-element_type=\"widget\" data-e-type=\"widget\" data-widget_type=\"heading.default\">\n\t\t\t\t<div class=\"elementor-widget-container\">\n\t\t\t\t\t<h4 class=\"elementor-heading-title elementor-size-default\">VOTRE ITIN\u00c9RAIRE<\/h4>\t\t\t\t<\/div>\n\t\t\t\t<\/div>\n\t\t\t\t<div class=\"elementor-element elementor-element-9d574cd elementor-tabs-alignment-center elementor-tabs-view-horizontal elementor-widget elementor-widget-tabs\" data-id=\"9d574cd\" data-element_type=\"widget\" data-e-type=\"widget\" data-widget_type=\"tabs.default\">\n\t\t\t\t<div class=\"elementor-widget-container\">\n\t\t\t\t\t\t\t<div class=\"elementor-tabs\">\n\t\t\t<div class=\"elementor-tabs-wrapper\" role=\"tablist\" >\n\t\t\t\t\t\t\t\t\t<div id=\"elementor-tab-title-1641\" class=\"elementor-tab-title elementor-tab-desktop-title\" aria-selected=\"true\" data-tab=\"1\" role=\"tab\" tabindex=\"0\" aria-controls=\"elementor-tab-content-1641\" aria-expanded=\"false\">Jour 1 <\/div>\n\t\t\t\t\t\t\t\t\t<div id=\"elementor-tab-title-1642\" class=\"elementor-tab-title elementor-tab-desktop-title\" aria-selected=\"false\" data-tab=\"2\" role=\"tab\" tabindex=\"-1\" aria-controls=\"elementor-tab-content-1642\" aria-expanded=\"false\">Jour 2 <\/div>\n\t\t\t\t\t\t\t\t\t<div id=\"elementor-tab-title-1643\" class=\"elementor-tab-title elementor-tab-desktop-title\" aria-selected=\"false\" data-tab=\"3\" role=\"tab\" tabindex=\"-1\" aria-controls=\"elementor-tab-content-1643\" aria-expanded=\"false\">Jour 3<\/div>\n\t\t\t\t\t\t\t<\/div>\n\t\t\t<div class=\"elementor-tabs-content-wrapper\" role=\"tablist\" aria-orientation=\"vertical\">\n\t\t\t\t\t\t\t\t\t<div class=\"elementor-tab-title elementor-tab-mobile-title\" aria-selected=\"true\" data-tab=\"1\" role=\"tab\" tabindex=\"0\" aria-controls=\"elementor-tab-content-1641\" aria-expanded=\"false\">Jour 1 <\/div>\n\t\t\t\t\t<div id=\"elementor-tab-content-1641\" class=\"elementor-tab-content elementor-clearfix\" data-tab=\"1\" role=\"tabpanel\" aria-labelledby=\"elementor-tab-title-1641\" tabindex=\"0\" hidden=\"false\"><p><strong>PARIS &#8211; COLY-SAINT-ARMAND<\/strong><\/p><p>9h05 D\u00e9collage de l\u2019a\u00e9roport Paris Orly du vol Air France CE1932 \u00e0 destination de Brive-la-Gaillarde. <em>(Dur\u00e9e\u00a0: 1h15)<\/em> 10h20 Arriv\u00e9e \u00e0 l\u2019a\u00e9roport de Brive-la-Gaillarde. Visite sp\u00e9ciale du <strong>Ch\u00e2teau de Hautefort<\/strong>, <em>t\u00e9moignage de l\u2019architecture classique en P\u00e9rigord. Demeure de plaisance \u00e9difi\u00e9e au XVIIe si\u00e8cle par l\u2019architecte Nicolas Rambourg sur ordre du marquis de Hautefort, elle abrite une remarquable collection de mobilier des XVIIe et XVIIIe si\u00e8cles.<\/em> Nous verrons le <strong>mus\u00e9e de la m\u00e9decine<\/strong> dans l\u2019ancien hospice de Hautefort, <em>qui retrace l\u2019histoire de la m\u00e9decine du XVIIe si\u00e8cle \u00e0 nos jours. <\/em> D\u00e9jeuner au ch\u00e2teau de Hautefort. Visite du <strong>complexe de Lascaux IV<\/strong> qui retrace la d\u00e9couverte de la c\u00e9l\u00e8bre grotte et vous fera appr\u00e9cier la splendeur des \u0153uvres. <em>Au sein du complexe, 4 salles d\u2019exposition expliquent la place de Lascaux dans l\u2019art pari\u00e9tal, l\u2019art rupestre, l\u2019art du XXe si\u00e8cle et l\u2019art contemporain. <\/em>Installation au <strong>Manoir d\u2019Hautegente<\/strong> <em>dans une ancienne forge du XIIIe si\u00e8cle, au c\u0153ur du P\u00e9rigord noir. <\/em><\/p><p><strong>EN OPTION<\/strong><\/p><p><strong>Soir\u00e9e au Ch\u00e2teau de Sauveboeuf<\/strong>. Vous visiterez ce ch\u00e2teau de style Louis XIII, au c\u0153ur du P\u00e9rigord noir, qui retrace plus de 400 ans d\u2019histoire. <em>V\u00e9ritable voyage dans le temps, vous d\u00e9couvrirez en plus de son mobilier d\u2019\u00e9poque d\u2019exceptionnelles collections d\u2019objets pr\u00e9historiques, de toiles de ma\u00eetres hollandais et de l\u2019\u00e9cole fran\u00e7aise du XVIIIe si\u00e8cle, de sculptures du Moyen-\u00c2ge et d\u2019antiquit\u00e9s grecques, \u00e9gyptiennes et romaines<\/em><em>. <\/em><strong>Conf\u00e9rence \u2013 Cocktail.<\/strong> <strong>D\u00eener au Ch\u00e2teau. <\/strong><\/p><\/div>\n\t\t\t\t\t\t\t\t\t<div class=\"elementor-tab-title elementor-tab-mobile-title\" aria-selected=\"false\" data-tab=\"2\" role=\"tab\" tabindex=\"-1\" aria-controls=\"elementor-tab-content-1642\" aria-expanded=\"false\">Jour 2 <\/div>\n\t\t\t\t\t<div id=\"elementor-tab-content-1642\" class=\"elementor-tab-content elementor-clearfix\" data-tab=\"2\" role=\"tabpanel\" aria-labelledby=\"elementor-tab-title-1642\" tabindex=\"0\" hidden=\"hidden\"><p><strong>COLY-SAINT-ARMAND<\/strong><\/p><p>Visite de <strong>Sarlat<\/strong>, <em>grande abbaye du Moyen Age devenue cit\u00e9 m\u00e9di\u00e9vale<\/em> o\u00f9 naquit l\u2019\u00e9crivain Etienne de la Bo\u00ebtie. D\u00e9couverte des <strong>jardins suspendus de Marqueyssac<\/strong> <em>am\u00e9nag\u00e9s sur un \u00e9peron rocheux.<\/em> Le site offre le plus beau panorama du P\u00e9rigord, qui t\u00e9moigne d\u2019un pass\u00e9 historique dense et d\u2019un riche patrimoine naturel. D\u00e9jeuner p\u00e9rigourdin dans la <strong>Bastide Royale de Domme<\/strong>, perch\u00e9 sur les hauteurs d\u2019une falaise qui domine la rivi\u00e8re Dordogne. D\u00e9couverte de la Bastide \u00e9rig\u00e9e par Philippe III \u00ab le hardi \u00bb, o\u00f9 les \u00e9pisodes de la guerre de Cent Ans sont encore lisibles entre les pierres. Visite du <strong>Ch\u00e2teau de Beynac<\/strong>, <em>b\u00e2tie \u00e0 partir du XIIe si\u00e8cle par les seigneurs de Beynac.<\/em> Objet de nombreuses convoitises, la forteresse tenait une place strat\u00e9gique durant la guerre de Cent Ans. <strong>Franck Ferrand vous parlera de la vie romanesque de la g\u00e9n\u00e9reuse Jos\u00e9phine Baker. <\/strong>Visite du <strong>Ch\u00e2teau des Milandes<\/strong>, <em>autrefois propri\u00e9t\u00e9 des Caumont puis d\u2019un industriel, Charles Claverie, il f\u00fbt acquis en 1947 par Jos\u00e9phine Baker. <\/em>Vous d\u00e9couvrirez le grand salon des robes, la cuisine, les chambres et les salles de bains Art D\u00e9co de la demeure. <strong>Conf\u00e9rence \u2013 Cocktail.<\/strong> D\u00eener \u00e0 la <strong>Table du Manoir<\/strong>, en brodure de rivi\u00e8re.<\/p><\/div>\n\t\t\t\t\t\t\t\t\t<div class=\"elementor-tab-title elementor-tab-mobile-title\" aria-selected=\"false\" data-tab=\"3\" role=\"tab\" tabindex=\"-1\" aria-controls=\"elementor-tab-content-1643\" aria-expanded=\"false\">Jour 3<\/div>\n\t\t\t\t\t<div id=\"elementor-tab-content-1643\" class=\"elementor-tab-content elementor-clearfix\" data-tab=\"3\" role=\"tabpanel\" aria-labelledby=\"elementor-tab-title-1643\" tabindex=\"0\" hidden=\"hidden\"><p><strong>COLY-SAINT-ARMAND &#8211; PARIS<\/strong><\/p><p>Visite du <strong>Ch\u00e2teau de F\u00e9nelon<\/strong>, <em>qui domine la Vall\u00e9e de la Dordogne<\/em>. Vous d\u00e9couvrirez la grande salle Renaissance et ses tapisseries, la cour d\u2019honneur, les cuisines m\u00e9di\u00e9vales, le petit cabinet de travail aux boiseries en noyer, et l\u2019impressionnante salle d\u2019armes regroupant plus de 300 pi\u00e8ces, des XVe et XVIIIe si\u00e8cles. <strong>Franck Ferrand \u00e9voquera F\u00e9nelon \u00e0 la cour de Louis XIV. <\/strong>D\u00e9jeuner quercinois \u00e0 <strong>Rocamadour<\/strong>. Visite de <strong>Rocamadour<\/strong>, lieu de p\u00e8lerinage incontournable sur le chemin de Saint-Jacques-de-Compostelle. Cette cit\u00e9 agripp\u00e9e au rocher, et ses sanctuaires empil\u00e9s \u00e0 flanc de falaise. 17h55 D\u00e9collage de l\u2019a\u00e9roport de Brive-la-Gaillarde du vol Air France AF7013 \u00e0 destination de Paris. (Dur\u00e9e\u00a0: 1h15)19h10 Arriv\u00e9e \u00e0 l\u2019a\u00e9roport de Paris Orly.<\/p><\/div>\n\t\t\t\t\t\t\t<\/div>\n\t\t<\/div>\n\t\t\t\t\t\t<\/div>\n\t\t\t\t<\/div>\n\t\t\t\t\t<\/div>\n\t\t<\/div>\n\t\t\t\t\t<\/div>\n\t\t<\/section>\n\t\t\t\t<section class=\"elementor-section elementor-top-section elementor-element elementor-element-18e899e elementor-section-boxed elementor-section-height-default elementor-section-height-default qodef-backgound-letter-holder-no qodef-elementor-content-no\" data-id=\"18e899e\" data-element_type=\"section\" data-e-type=\"section\">\n\t\t\t\t\t\t<div class=\"elementor-container elementor-column-gap-default\">\n\t\t\t\t\t<div class=\"elementor-column elementor-col-100 elementor-top-column elementor-element elementor-element-398bfdd\" data-id=\"398bfdd\" data-element_type=\"column\" data-e-type=\"column\">\n\t\t\t<div class=\"elementor-widget-wrap elementor-element-populated\">\n\t\t\t\t\t\t<div class=\"elementor-element elementor-element-e424d08 elementor-widget-divider--view-line elementor-widget elementor-widget-divider\" data-id=\"e424d08\" data-element_type=\"widget\" data-e-type=\"widget\" data-widget_type=\"divider.default\">\n\t\t\t\t<div class=\"elementor-widget-container\">\n\t\t\t\t\t\t\t<div class=\"elementor-divider\">\n\t\t\t<span class=\"elementor-divider-separator\">\n\t\t\t\t\t\t<\/span>\n\t\t<\/div>\n\t\t\t\t\t\t<\/div>\n\t\t\t\t<\/div>\n\t\t\t\t\t<\/div>\n\t\t<\/div>\n\t\t\t\t\t<\/div>\n\t\t<\/section>\n\t\t\t\t<section class=\"elementor-section elementor-top-section elementor-element elementor-element-8a57676 elementor-section-boxed elementor-section-height-default elementor-section-height-default qodef-backgound-letter-holder-no qodef-elementor-content-no\" data-id=\"8a57676\" data-element_type=\"section\" data-e-type=\"section\">\n\t\t\t\t\t\t<div class=\"elementor-container elementor-column-gap-default\">\n\t\t\t\t\t<div class=\"elementor-column elementor-col-33 elementor-top-column elementor-element elementor-element-63541a4\" data-id=\"63541a4\" data-element_type=\"column\" data-e-type=\"column\">\n\t\t\t<div class=\"elementor-widget-wrap elementor-element-populated\">\n\t\t\t\t\t\t<div class=\"elementor-element elementor-element-f0ed6a5 elementor-widget elementor-widget-text-editor\" data-id=\"f0ed6a5\" data-element_type=\"widget\" data-e-type=\"widget\" data-widget_type=\"text-editor.default\">\n\t\t\t\t<div class=\"elementor-widget-container\">\n\t\t\t\t\t\t\t\t\t<h6 style=\"text-align: center;\"><span style=\"color: #1b3864;\"><span style=\"caret-color: #1b3864;\"><b>VOTRE H\u00d4TEL<\/b><\/span><\/span><\/h6>\t\t\t\t\t\t\t\t<\/div>\n\t\t\t\t<\/div>\n\t\t\t\t\t<\/div>\n\t\t<\/div>\n\t\t\t\t<div class=\"elementor-column elementor-col-66 elementor-top-column elementor-element elementor-element-b7f91d8\" data-id=\"b7f91d8\" data-element_type=\"column\" data-e-type=\"column\">\n\t\t\t<div class=\"elementor-widget-wrap elementor-element-populated\">\n\t\t\t\t\t\t<div class=\"elementor-element elementor-element-bcf2c49 elementor--h-position-center elementor--v-position-middle elementor-arrows-position-inside elementor-pagination-position-inside elementor-widget elementor-widget-slides\" data-id=\"bcf2c49\" data-element_type=\"widget\" data-e-type=\"widget\" data-settings=\"{&quot;navigation&quot;:&quot;both&quot;,&quot;autoplay&quot;:&quot;yes&quot;,&quot;pause_on_hover&quot;:&quot;yes&quot;,&quot;pause_on_interaction&quot;:&quot;yes&quot;,&quot;autoplay_speed&quot;:5000,&quot;infinite&quot;:&quot;yes&quot;,&quot;transition&quot;:&quot;slide&quot;,&quot;transition_speed&quot;:500}\" data-widget_type=\"slides.default\">\n\t\t\t\t<div class=\"elementor-widget-container\">\n\t\t\t\t\t\t\t\t\t<div class=\"elementor-swiper\">\n\t\t\t\t\t<div class=\"elementor-slides-wrapper elementor-main-swiper swiper\" role=\"region\" aria-roledescription=\"carousel\" aria-label=\"Diapositives\" dir=\"ltr\" data-animation=\"fadeInUp\">\n\t\t\t\t<div class=\"swiper-wrapper elementor-slides\">\n\t\t\t\t\t\t\t\t\t\t<div class=\"elementor-repeater-item-f84db39 swiper-slide\" role=\"group\" aria-roledescription=\"slide\"><div class=\"swiper-slide-bg\" role=\"img\" aria-label=\"Pe\u0301rigord Manoir D&#039;Hautegente\"><\/div><div class=\"elementor-background-overlay\"><\/div><div class=\"swiper-slide-inner\" ><div class=\"swiper-slide-contents\"><div class=\"elementor-slide-heading\">MANOIR D\u2019HAUTEGENTE<\/div><div class=\"elementor-slide-description\">Le Manoir d\u2019Hautegente be\u0301ne\u0301ficie d\u2019un cadre exceptionnel, niche\u0301 au c\u0153ur du Pe\u0301rigord noir, en bord de rivie\u0300re, dans un environnement naturel paisible et e\u0301le\u0301gant. <\/div><\/div><\/div><\/div>\t\t\t\t<\/div>\n\t\t\t\t\t\t\t<\/div>\n\t\t\t\t<\/div>\n\t\t\t\t\t\t\t\t<\/div>\n\t\t\t\t<\/div>\n\t\t\t\t\t<\/div>\n\t\t<\/div>\n\t\t\t\t\t<\/div>\n\t\t<\/section>\n\t\t\t\t<section class=\"elementor-section elementor-top-section elementor-element elementor-element-85bf8d9 elementor-section-boxed elementor-section-height-default elementor-section-height-default qodef-backgound-letter-holder-no qodef-elementor-content-no\" data-id=\"85bf8d9\" data-element_type=\"section\" data-e-type=\"section\">\n\t\t\t\t\t\t<div class=\"elementor-container elementor-column-gap-default\">\n\t\t\t\t\t<div class=\"elementor-column elementor-col-50 elementor-top-column elementor-element elementor-element-55f2b89\" data-id=\"55f2b89\" data-element_type=\"column\" data-e-type=\"column\">\n\t\t\t<div class=\"elementor-widget-wrap elementor-element-populated\">\n\t\t\t\t\t\t<div class=\"elementor-element elementor-element-13a25ae elementor-widget elementor-widget-text-editor\" data-id=\"13a25ae\" data-element_type=\"widget\" data-e-type=\"widget\" data-widget_type=\"text-editor.default\">\n\t\t\t\t<div class=\"elementor-widget-container\">\n\t\t\t\t\t\t\t\t\t<p><strong>Prix par personne : (\u00e0 partir de)<\/strong><\/p><p>Voyage dans le P\u00e9rigord 2 960 \u20ac<\/p>\t\t\t\t\t\t\t\t<\/div>\n\t\t\t\t<\/div>\n\t\t\t\t\t<\/div>\n\t\t<\/div>\n\t\t\t\t<div class=\"elementor-column elementor-col-50 elementor-top-column elementor-element elementor-element-fb19e95\" data-id=\"fb19e95\" data-element_type=\"column\" data-e-type=\"column\">\n\t\t\t<div class=\"elementor-widget-wrap elementor-element-populated\">\n\t\t\t\t\t\t<div class=\"elementor-element elementor-element-f1d0085 elementor-widget elementor-widget-text-editor\" data-id=\"f1d0085\" data-element_type=\"widget\" data-e-type=\"widget\" data-widget_type=\"text-editor.default\">\n\t\t\t\t<div class=\"elementor-widget-container\">\n\t\t\t\t\t\t\t\t\t<p><strong>DEMANDEZ LE PROGRAMME POUR RECEVOIR LES CONDITIONS DE PARTICIPATION ET VOUS INSCRIRE<\/strong><\/p>\t\t\t\t\t\t\t\t<\/div>\n\t\t\t\t<\/div>\n\t\t\t\t\t<\/div>\n\t\t<\/div>\n\t\t\t\t\t<\/div>\n\t\t<\/section>\n\t\t\t\t<section class=\"elementor-section elementor-top-section elementor-element elementor-element-3567424 elementor-section-boxed elementor-section-height-default elementor-section-height-default qodef-backgound-letter-holder-no qodef-elementor-content-no\" data-id=\"3567424\" data-element_type=\"section\" data-e-type=\"section\">\n\t\t\t\t\t\t<div class=\"elementor-container elementor-column-gap-default\">\n\t\t\t\t\t<div class=\"elementor-column elementor-col-100 elementor-top-column elementor-element elementor-element-4196eb3\" data-id=\"4196eb3\" data-element_type=\"column\" data-e-type=\"column\">\n\t\t\t<div class=\"elementor-widget-wrap elementor-element-populated\">\n\t\t\t\t\t\t<div class=\"elementor-element elementor-element-76af83c elementor-widget elementor-widget-gallery\" data-id=\"76af83c\" data-element_type=\"widget\" data-e-type=\"widget\" data-settings=\"{&quot;gap&quot;:{&quot;unit&quot;:&quot;px&quot;,&quot;size&quot;:0,&quot;sizes&quot;:[]},&quot;columns_tablet&quot;:4,&quot;columns_mobile&quot;:2,&quot;lazyload&quot;:&quot;yes&quot;,&quot;gallery_layout&quot;:&quot;grid&quot;,&quot;columns&quot;:4,&quot;gap_tablet&quot;:{&quot;unit&quot;:&quot;px&quot;,&quot;size&quot;:10,&quot;sizes&quot;:[]},&quot;gap_mobile&quot;:{&quot;unit&quot;:&quot;px&quot;,&quot;size&quot;:10,&quot;sizes&quot;:[]},&quot;aspect_ratio&quot;:&quot;3:2&quot;,&quot;overlay_background&quot;:&quot;yes&quot;,&quot;content_hover_animation&quot;:&quot;fade-in&quot;}\" data-widget_type=\"gallery.default\">\n\t\t\t\t<div class=\"elementor-widget-container\">\n\t\t\t\t\t\t\t<div class=\"elementor-gallery__container\">\n\t\t\t\t\t\t\t<div class=\"e-gallery-item elementor-gallery-item elementor-animated-content\">\n\t\t\t\t\t<div class=\"e-gallery-image elementor-gallery-item__image\" data-thumbnail=\"https:\/\/voyagesalaune.com\/wp-content\/uploads\/2025\/12\/Perigord-Rocamadour.png\" data-width=\"520\" data-height=\"329\" aria-label=\"\" role=\"img\" ><\/div>\n\t\t\t\t\t\t\t\t\t\t\t<div class=\"elementor-gallery-item__overlay\"><\/div>\n\t\t\t\t\t\t\t\t\t\t\t\t\t\t<\/div>\n\t\t\t\t\t\t\t<div class=\"e-gallery-item elementor-gallery-item elementor-animated-content\">\n\t\t\t\t\t<div class=\"e-gallery-image elementor-gallery-item__image\" data-thumbnail=\"https:\/\/voyagesalaune.com\/wp-content\/uploads\/2025\/12\/Perigord-Chateau-des-Milandes.png\" data-width=\"535\" data-height=\"306\" aria-label=\"\" role=\"img\" ><\/div>\n\t\t\t\t\t\t\t\t\t\t\t<div class=\"elementor-gallery-item__overlay\"><\/div>\n\t\t\t\t\t\t\t\t\t\t\t\t\t\t<\/div>\n\t\t\t\t\t\t\t<div class=\"e-gallery-item elementor-gallery-item elementor-animated-content\">\n\t\t\t\t\t<div class=\"e-gallery-image elementor-gallery-item__image\" data-thumbnail=\"https:\/\/voyagesalaune.com\/wp-content\/uploads\/2025\/12\/PERIGORD-768x430.png\" data-width=\"768\" data-height=\"430\" aria-label=\"\" role=\"img\" ><\/div>\n\t\t\t\t\t\t\t\t\t\t\t<div class=\"elementor-gallery-item__overlay\"><\/div>\n\t\t\t\t\t\t\t\t\t\t\t\t\t\t<\/div>\n\t\t\t\t\t\t\t<div class=\"e-gallery-item elementor-gallery-item elementor-animated-content\">\n\t\t\t\t\t<div class=\"e-gallery-image elementor-gallery-item__image\" data-thumbnail=\"https:\/\/voyagesalaune.com\/wp-content\/uploads\/2025\/12\/Perigord-Jardins-Marqueyssac.png\" data-width=\"493\" data-height=\"302\" aria-label=\"\" role=\"img\" ><\/div>\n\t\t\t\t\t\t\t\t\t\t\t<div class=\"elementor-gallery-item__overlay\"><\/div>\n\t\t\t\t\t\t\t\t\t\t\t\t\t\t<\/div>\n\t\t\t\t\t<\/div>\n\t\t\t\t\t<\/div>\n\t\t\t\t<\/div>\n\t\t\t\t\t<\/div>\n\t\t<\/div>\n\t\t\t\t\t<\/div>\n\t\t<\/section>\n\t\t\t\t<section class=\"elementor-section elementor-top-section elementor-element elementor-element-834dc6c elementor-section-boxed elementor-section-height-default elementor-section-height-default qodef-backgound-letter-holder-no qodef-elementor-content-no\" data-id=\"834dc6c\" data-element_type=\"section\" data-e-type=\"section\">\n\t\t\t\t\t\t<div class=\"elementor-container elementor-column-gap-default\">\n\t\t\t\t\t<div class=\"elementor-column elementor-col-100 elementor-top-column elementor-element elementor-element-3d1d570\" data-id=\"3d1d570\" data-element_type=\"column\" data-e-type=\"column\">\n\t\t\t<div class=\"elementor-widget-wrap elementor-element-populated\">\n\t\t\t\t\t\t\t<\/div>\n\t\t<\/div>\n\t\t\t\t\t<\/div>\n\t\t<\/section>\n\t\t\t\t<\/div>\n\t\t","protected":false},"excerpt":{"rendered":"<p>Demandez le programme Franck Ferrand vous accompagnera au Pays des mille et un ch\u00e2teaux et de la gastronomie. Ces demeures \u00e9difi\u00e9es pour la plupart d\u2019entre elles au Moyen \u00c2ge, mais r\u00e9am\u00e9nag\u00e9es aux cours des si\u00e8cles sont encore habit\u00e9es de nos jours. Ce sera l\u2019occasion de s\u2019interroger sur la vie des ch\u00e2telains d\u2019aujourd\u2019hui et sur leur [&hellip;]<\/p>\n","protected":false},"author":4,"featured_media":0,"parent":20,"menu_order":0,"comment_status":"closed","ping_status":"closed","template":"","meta":{"footnotes":""},"class_list":["post-27914","page","type-page","status-publish","hentry"],"_links":{"self":[{"href":"https:\/\/voyagesalaune.com\/index.php\/wp-json\/wp\/v2\/pages\/27914","targetHints":{"allow":["GET"]}}],"collection":[{"href":"https:\/\/voyagesalaune.com\/index.php\/wp-json\/wp\/v2\/pages"}],"about":[{"href":"https:\/\/voyagesalaune.com\/index.php\/wp-json\/wp\/v2\/types\/page"}],"author":[{"embeddable":true,"href":"https:\/\/voyagesalaune.com\/index.php\/wp-json\/wp\/v2\/users\/4"}],"replies":[{"embeddable":true,"href":"https:\/\/voyagesalaune.com\/index.php\/wp-json\/wp\/v2\/comments?post=27914"}],"version-history":[{"count":18,"href":"https:\/\/voyagesalaune.com\/index.php\/wp-json\/wp\/v2\/pages\/27914\/revisions"}],"predecessor-version":[{"id":28350,"href":"https:\/\/voyagesalaune.com\/index.php\/wp-json\/wp\/v2\/pages\/27914\/revisions\/28350"}],"up":[{"embeddable":true,"href":"https:\/\/voyagesalaune.com\/index.php\/wp-json\/wp\/v2\/pages\/20"}],"wp:attachment":[{"href":"https:\/\/voyagesalaune.com\/index.php\/wp-json\/wp\/v2\/media?parent=27914"}],"curies":[{"name":"wp","href":"https:\/\/api.w.org\/{rel}","templated":true}]}}