{"id":28019,"date":"2026-01-18T12:11:06","date_gmt":"2026-01-18T11:11:06","guid":{"rendered":"http:\/\/voyagesalaune.com\/?page_id=28019"},"modified":"2026-03-09T12:02:49","modified_gmt":"2026-03-09T11:02:49","slug":"vienne","status":"publish","type":"page","link":"https:\/\/voyagesalaune.com\/index.php\/voyages-accompagnes\/vienne\/","title":{"rendered":"VIENNE"},"content":{"rendered":"\t\t<div data-elementor-type=\"wp-page\" data-elementor-id=\"28019\" class=\"elementor elementor-28019\" data-elementor-post-type=\"page\">\n\t\t\t\t\t\t<section class=\"elementor-section elementor-top-section elementor-element elementor-element-d4b3b88 elementor-section-boxed elementor-section-height-default elementor-section-height-default qodef-backgound-letter-holder-no qodef-elementor-content-no\" data-id=\"d4b3b88\" data-element_type=\"section\" data-e-type=\"section\">\n\t\t\t\t\t\t<div class=\"elementor-container elementor-column-gap-default\">\n\t\t\t\t\t<div class=\"elementor-column elementor-col-100 elementor-top-column elementor-element elementor-element-a2dc611\" data-id=\"a2dc611\" data-element_type=\"column\" data-e-type=\"column\">\n\t\t\t<div class=\"elementor-widget-wrap elementor-element-populated\">\n\t\t\t\t\t\t<div class=\"elementor-element elementor-element-1cb5cf5 elementor-widget elementor-widget-slider_revolution\" data-id=\"1cb5cf5\" data-element_type=\"widget\" data-e-type=\"widget\" data-widget_type=\"slider_revolution.default\">\n\t\t\t\t<div class=\"elementor-widget-container\">\n\t\t\t\t\t\n\t\t<div class=\"wp-block-themepunch-revslider\">\n\t\t\t<!-- START VIENNE S REVOLUTION SLIDER 6.5.8 --><p class=\"rs-p-wp-fix\"><\/p>\n\t\t\t<rs-module-wrap id=\"rev_slider_123_1_wrapper\" data-source=\"gallery\" style=\"visibility:hidden;background:transparent;padding:0;margin:0px auto;margin-top:0;margin-bottom:0;\">\n\t\t\t\t<rs-module id=\"rev_slider_123_1\" style=\"\" data-version=\"6.5.8\">\n\t\t\t\t\t<rs-slides>\n\t\t\t\t\t\t<rs-slide style=\"position: absolute;\" data-key=\"rs-135\" data-title=\"Slide\" data-in=\"o:0;\" data-out=\"a:false;\">\n\t\t\t\t\t\t\t<img fetchpriority=\"high\" decoding=\"async\" src=\"\/\/voyagesalaune.com\/wp-content\/plugins\/revslider\/public\/assets\/assets\/dummy.png\" title=\"voyagesalaune-culture-experience-luxe-vienne-Alte Hofburg, Wien, \u00d6sterreich\" width=\"2560\" height=\"1707\" class=\"rev-slidebg tp-rs-img rs-lazyload\" data-lazyload=\"\/\/voyagesalaune.com\/wp-content\/uploads\/2024\/06\/Alte-Hofburg-Wien-AdobeStock_77699381-scaled.jpeg\" data-bg=\"p:left center;\" data-no-retina>\n<!--\n\t\t\t\t\t\t\t--><rs-layer\n\t\t\t\t\t\t\t\tid=\"slider-123-slide-135-layer-0\" \n\t\t\t\t\t\t\t\tdata-type=\"text\"\n\t\t\t\t\t\t\t\tdata-rsp_ch=\"on\"\n\t\t\t\t\t\t\t\tdata-xy=\"x:c;xo:54px,11px,0,1px;y:m;yo:-15px,-26px,-24px,-12px;\"\n\t\t\t\t\t\t\t\tdata-text=\"w:normal;s:40,33,25,25;l:68,56,42,31;a:center;\"\n\t\t\t\t\t\t\t\tdata-frame_999=\"o:0;st:w;\"\n\t\t\t\t\t\t\t\tstyle=\"z-index:8;font-family:'Proza Libre';\"\n\t\t\t\t\t\t\t>VIENNE, LA VILLE IMP\u00c9RIALE \n\t\t\t\t\t\t\t<\/rs-layer><!--\n\n\t\t\t\t\t\t\t--><rs-layer\n\t\t\t\t\t\t\t\tid=\"slider-123-slide-135-layer-1\" \n\t\t\t\t\t\t\t\tdata-type=\"text\"\n\t\t\t\t\t\t\t\tdata-rsp_ch=\"on\"\n\t\t\t\t\t\t\t\tdata-xy=\"x:c;xo:48px,10px,-5px,-6px;y:b;yo:53px,62px,65px,68px;\"\n\t\t\t\t\t\t\t\tdata-text=\"w:normal;s:33,27,20,18;l:41,33,25,22;a:center;\"\n\t\t\t\t\t\t\t\tdata-dim=\"w:auto,auto,248.023px,auto;\"\n\t\t\t\t\t\t\t\tdata-frame_999=\"o:0;st:w;\"\n\t\t\t\t\t\t\t\tstyle=\"z-index:9;font-family:'Proza Libre';\"\n\t\t\t\t\t\t\t>Avec Serge LEGAT<br>  du 21 au 23 mai 2026 \n\t\t\t\t\t\t\t<\/rs-layer><!--\n-->\t\t\t\t\t\t<\/rs-slide>\n\t\t\t\t\t<\/rs-slides>\n\t\t\t\t<\/rs-module>\n\t\t\t\t<script type=\"text\/javascript\">\n\t\t\t\t\tsetREVStartSize({c: 'rev_slider_123_1',rl:[1240,1024,778,480],el:[300,300,300,300],gw:[1240,1024,778,480],gh:[300,300,300,300],type:'standard',justify:'',layout:'fullwidth',mh:\"0\"});if (window.RS_MODULES!==undefined && window.RS_MODULES.modules!==undefined && window.RS_MODULES.modules[\"revslider1231\"]!==undefined) {window.RS_MODULES.modules[\"revslider1231\"].once = false;window.revapi123 = undefined;if (window.RS_MODULES.checkMinimal!==undefined) window.RS_MODULES.checkMinimal()}\n\t\t\t\t<\/script>\n\t\t\t<\/rs-module-wrap>\n\t\t\t<!-- END REVOLUTION SLIDER -->\n<\/div>\n\n\t\t\t\t\t\t<\/div>\n\t\t\t\t<\/div>\n\t\t\t\t\t<\/div>\n\t\t<\/div>\n\t\t\t\t\t<\/div>\n\t\t<\/section>\n\t\t\t\t<section class=\"elementor-section elementor-top-section elementor-element elementor-element-ab778c9 elementor-section-boxed elementor-section-height-default elementor-section-height-default qodef-backgound-letter-holder-no qodef-elementor-content-no\" data-id=\"ab778c9\" data-element_type=\"section\" data-e-type=\"section\">\n\t\t\t\t\t\t<div class=\"elementor-container elementor-column-gap-default\">\n\t\t\t\t\t<div class=\"elementor-column elementor-col-100 elementor-top-column elementor-element elementor-element-6e1a983\" data-id=\"6e1a983\" data-element_type=\"column\" data-e-type=\"column\">\n\t\t\t<div class=\"elementor-widget-wrap\">\n\t\t\t\t\t\t\t<\/div>\n\t\t<\/div>\n\t\t\t\t\t<\/div>\n\t\t<\/section>\n\t\t\t\t<section class=\"elementor-section elementor-top-section elementor-element elementor-element-1eafe89 elementor-section-boxed elementor-section-height-default elementor-section-height-default qodef-backgound-letter-holder-no qodef-elementor-content-no\" data-id=\"1eafe89\" data-element_type=\"section\" data-e-type=\"section\">\n\t\t\t\t\t\t<div class=\"elementor-container elementor-column-gap-default\">\n\t\t\t\t\t<div class=\"elementor-column elementor-col-25 elementor-top-column elementor-element elementor-element-55f3546\" data-id=\"55f3546\" data-element_type=\"column\" data-e-type=\"column\">\n\t\t\t<div class=\"elementor-widget-wrap elementor-element-populated\">\n\t\t\t\t\t\t<div class=\"elementor-element elementor-element-95f9dbb elementor-widget elementor-widget-spacer\" data-id=\"95f9dbb\" data-element_type=\"widget\" data-e-type=\"widget\" data-widget_type=\"spacer.default\">\n\t\t\t\t<div class=\"elementor-widget-container\">\n\t\t\t\t\t\t\t<div class=\"elementor-spacer\">\n\t\t\t<div class=\"elementor-spacer-inner\"><\/div>\n\t\t<\/div>\n\t\t\t\t\t\t<\/div>\n\t\t\t\t<\/div>\n\t\t\t\t<div class=\"elementor-element elementor-element-80143f6 elementor-align-center elementor-widget elementor-widget-button\" data-id=\"80143f6\" data-element_type=\"widget\" data-e-type=\"widget\" data-widget_type=\"button.default\">\n\t\t\t\t<div class=\"elementor-widget-container\">\n\t\t\t\t\t\t\t\t\t<div class=\"elementor-button-wrapper\">\n\t\t\t\t\t<a class=\"elementor-button elementor-button-link elementor-size-xs\" href=\"#elementor-action%3Aaction%3Dpopup%3Aopen%26settings%3DeyJpZCI6IjI4MjY1IiwidG9nZ2xlIjpmYWxzZX0%3D\" url=\"https:\/\/voyagesalaune.com\/wp-content\/uploads\/2026\/03\/202605-VIENNE-PROGRAMME-ET-BULLETIN-1.pdf\" id=\"bouton_pdf\">\n\t\t\t\t\t\t<span class=\"elementor-button-content-wrapper\">\n\t\t\t\t\t\t\t\t\t<span class=\"elementor-button-text\">Demandez le programme<\/span>\n\t\t\t\t\t<\/span>\n\t\t\t\t\t<\/a>\n\t\t\t\t<\/div>\n\t\t\t\t\t\t\t\t<\/div>\n\t\t\t\t<\/div>\n\t\t\t\t\t<\/div>\n\t\t<\/div>\n\t\t\t\t<div class=\"elementor-column elementor-col-50 elementor-top-column elementor-element elementor-element-aadb55d\" data-id=\"aadb55d\" data-element_type=\"column\" data-e-type=\"column\">\n\t\t\t<div class=\"elementor-widget-wrap elementor-element-populated\">\n\t\t\t\t\t\t<div class=\"elementor-element elementor-element-bef3ed3 elementor-widget elementor-widget-text-editor\" data-id=\"bef3ed3\" data-element_type=\"widget\" data-e-type=\"widget\" data-widget_type=\"text-editor.default\">\n\t\t\t\t<div class=\"elementor-widget-container\">\n\t\t\t\t\t\t\t\t\t<div class=\"page\" title=\"Page 1\"><div class=\"section\"><div class=\"section\"><div class=\"layoutArea\"><div class=\"column\"><p>Partez \u00e0 la d\u00e9couverte de Vienne, la ville souveraine, en compagnie de <strong>Serge LEGAT<\/strong>, historien d\u2019art passionn\u00e9. Trois jours pour visiter la Stephansplatz avec la cath\u00e9drale Saint-Etienne, les collections de la famille princi\u00e8re de Liechtenstein au cours d\u2019une visite priv\u00e9e, le Belv\u00e9d\u00e8re, r\u00e9sidence d\u2019\u00e9t\u00e9 du prince Eug\u00e8ne de Savoie qui abrite <em>Le Baiser,<\/em> l\u00e9gendaire tableau de Gustav Klimt. Et assister \u00e0 un entra\u00eenement des c\u00e9l\u00e8bres Lipizzans de l\u2019\u00c9cole espagnole dans le man\u00e8ge d\u2019hiver pr\u00e8s du palais imp\u00e9rial. Vous vivrez d\u2019autres moments privil\u00e9gi\u00e9s lors de la visite priv\u00e9e des appartements imp\u00e9riaux de la Hofburg et au Staatsoper en assistant \u00e0 <em>Eug\u00e8ne On\u00e9guine<\/em>.<\/p><\/div><\/div><\/div><\/div><\/div>\t\t\t\t\t\t\t\t<\/div>\n\t\t\t\t<\/div>\n\t\t\t\t\t<\/div>\n\t\t<\/div>\n\t\t\t\t<div class=\"elementor-column elementor-col-25 elementor-top-column elementor-element elementor-element-2c6dedd\" data-id=\"2c6dedd\" data-element_type=\"column\" data-e-type=\"column\">\n\t\t\t<div class=\"elementor-widget-wrap elementor-element-populated\">\n\t\t\t\t\t\t<section class=\"elementor-section elementor-inner-section elementor-element elementor-element-1cf5ded elementor-section-content-middle elementor-section-boxed elementor-section-height-default elementor-section-height-default qodef-backgound-letter-holder-no qodef-elementor-content-no\" data-id=\"1cf5ded\" data-element_type=\"section\" data-e-type=\"section\">\n\t\t\t\t\t\t<div class=\"elementor-container elementor-column-gap-wide\">\n\t\t\t\t\t<div class=\"elementor-column elementor-col-50 elementor-inner-column elementor-element elementor-element-e1986b6\" data-id=\"e1986b6\" data-element_type=\"column\" data-e-type=\"column\">\n\t\t\t<div class=\"elementor-widget-wrap elementor-element-populated\">\n\t\t\t\t\t\t<div class=\"elementor-element elementor-element-67fff2d elementor-view-default elementor-widget elementor-widget-icon\" data-id=\"67fff2d\" data-element_type=\"widget\" data-e-type=\"widget\" data-widget_type=\"icon.default\">\n\t\t\t\t<div class=\"elementor-widget-container\">\n\t\t\t\t\t\t\t<div class=\"elementor-icon-wrapper\">\n\t\t\t<div class=\"elementor-icon\">\n\t\t\t<i aria-hidden=\"true\" class=\"far fa-calendar-alt\"><\/i>\t\t\t<\/div>\n\t\t<\/div>\n\t\t\t\t\t\t<\/div>\n\t\t\t\t<\/div>\n\t\t\t\t<div class=\"elementor-element elementor-element-6a3b8ae elementor-widget elementor-widget-text-editor\" data-id=\"6a3b8ae\" data-element_type=\"widget\" data-e-type=\"widget\" data-widget_type=\"text-editor.default\">\n\t\t\t\t<div class=\"elementor-widget-container\">\n\t\t\t\t\t\t\t\t\t<h3 style=\"text-align: center;\"><span style=\"color: #1b3864;\"><b><span style=\"text-align: center; background-color: #ffffff;\">DUR\u00c9E S\u00c9JOUR<br \/><\/span><\/b><\/span><span style=\"text-align: center; background-color: #ffffff;\">3 jours<\/span><\/h3>\t\t\t\t\t\t\t\t<\/div>\n\t\t\t\t<\/div>\n\t\t\t\t\t<\/div>\n\t\t<\/div>\n\t\t\t\t<div class=\"elementor-column elementor-col-50 elementor-inner-column elementor-element elementor-element-0d00faa\" data-id=\"0d00faa\" data-element_type=\"column\" data-e-type=\"column\">\n\t\t\t<div class=\"elementor-widget-wrap elementor-element-populated\">\n\t\t\t\t\t\t<div class=\"elementor-element elementor-element-e8b8c26 elementor-view-default elementor-widget elementor-widget-icon\" data-id=\"e8b8c26\" data-element_type=\"widget\" data-e-type=\"widget\" data-widget_type=\"icon.default\">\n\t\t\t\t<div class=\"elementor-widget-container\">\n\t\t\t\t\t\t\t<div class=\"elementor-icon-wrapper\">\n\t\t\t<div class=\"elementor-icon\">\n\t\t\t<i aria-hidden=\"true\" class=\"far fa-clock\"><\/i>\t\t\t<\/div>\n\t\t<\/div>\n\t\t\t\t\t\t<\/div>\n\t\t\t\t<\/div>\n\t\t\t\t<div class=\"elementor-element elementor-element-134d9c2 elementor-widget elementor-widget-text-editor\" data-id=\"134d9c2\" data-element_type=\"widget\" data-e-type=\"widget\" data-widget_type=\"text-editor.default\">\n\t\t\t\t<div class=\"elementor-widget-container\">\n\t\t\t\t\t\t\t\t\t<h3 style=\"text-align: center;\"><span style=\"color: #1b3864;\"><b><span style=\"text-align: center; background-color: #ffffff;\">D\u00c9CALAGE HORAIRE<\/span><br style=\"text-align: center;\" \/><\/b><\/span><span style=\"text-align: center; background-color: #ffffff;\">Aucun<\/span><\/h3>\t\t\t\t\t\t\t\t<\/div>\n\t\t\t\t<\/div>\n\t\t\t\t\t<\/div>\n\t\t<\/div>\n\t\t\t\t\t<\/div>\n\t\t<\/section>\n\t\t\t\t<section class=\"elementor-section elementor-inner-section elementor-element elementor-element-d9dcf13 elementor-section-content-middle elementor-section-boxed elementor-section-height-default elementor-section-height-default qodef-backgound-letter-holder-no qodef-elementor-content-no\" data-id=\"d9dcf13\" data-element_type=\"section\" data-e-type=\"section\">\n\t\t\t\t\t\t<div class=\"elementor-container elementor-column-gap-wide\">\n\t\t\t\t\t<div class=\"elementor-column elementor-col-50 elementor-inner-column elementor-element elementor-element-50c8bb7\" data-id=\"50c8bb7\" data-element_type=\"column\" data-e-type=\"column\">\n\t\t\t<div class=\"elementor-widget-wrap elementor-element-populated\">\n\t\t\t\t\t\t<div class=\"elementor-element elementor-element-33d7853 elementor-view-default elementor-widget elementor-widget-icon\" data-id=\"33d7853\" data-element_type=\"widget\" data-e-type=\"widget\" data-widget_type=\"icon.default\">\n\t\t\t\t<div class=\"elementor-widget-container\">\n\t\t\t\t\t\t\t<div class=\"elementor-icon-wrapper\">\n\t\t\t<div class=\"elementor-icon\">\n\t\t\t<i aria-hidden=\"true\" class=\"far fa-id-badge\"><\/i>\t\t\t<\/div>\n\t\t<\/div>\n\t\t\t\t\t\t<\/div>\n\t\t\t\t<\/div>\n\t\t\t\t<div class=\"elementor-element elementor-element-63ed205 elementor-widget elementor-widget-text-editor\" data-id=\"63ed205\" data-element_type=\"widget\" data-e-type=\"widget\" data-widget_type=\"text-editor.default\">\n\t\t\t\t<div class=\"elementor-widget-container\">\n\t\t\t\t\t\t\t\t\t<h3 style=\"text-align: center;\"><b><span style=\"color: #1b3864;\">PASSEPORT<\/span><br \/><\/b>Aucun<\/h3>\t\t\t\t\t\t\t\t<\/div>\n\t\t\t\t<\/div>\n\t\t\t\t\t<\/div>\n\t\t<\/div>\n\t\t\t\t<div class=\"elementor-column elementor-col-50 elementor-inner-column elementor-element elementor-element-c85d60f\" data-id=\"c85d60f\" data-element_type=\"column\" data-e-type=\"column\">\n\t\t\t<div class=\"elementor-widget-wrap elementor-element-populated\">\n\t\t\t\t\t\t<div class=\"elementor-element elementor-element-30bc536 elementor-view-default elementor-widget elementor-widget-icon\" data-id=\"30bc536\" data-element_type=\"widget\" data-e-type=\"widget\" data-widget_type=\"icon.default\">\n\t\t\t\t<div class=\"elementor-widget-container\">\n\t\t\t\t\t\t\t<div class=\"elementor-icon-wrapper\">\n\t\t\t<div class=\"elementor-icon\">\n\t\t\t<i aria-hidden=\"true\" class=\"fas fa-plane-departure\"><\/i>\t\t\t<\/div>\n\t\t<\/div>\n\t\t\t\t\t\t<\/div>\n\t\t\t\t<\/div>\n\t\t\t\t<div class=\"elementor-element elementor-element-0f7dfdd elementor-widget elementor-widget-text-editor\" data-id=\"0f7dfdd\" data-element_type=\"widget\" data-e-type=\"widget\" data-widget_type=\"text-editor.default\">\n\t\t\t\t<div class=\"elementor-widget-container\">\n\t\t\t\t\t\t\t\t\t<h3 style=\"text-align: center;\"><b><span style=\"color: #1b3864;\">VISA<\/span><br \/><\/b>Aucun<\/h3>\t\t\t\t\t\t\t\t<\/div>\n\t\t\t\t<\/div>\n\t\t\t\t\t<\/div>\n\t\t<\/div>\n\t\t\t\t\t<\/div>\n\t\t<\/section>\n\t\t\t\t\t<\/div>\n\t\t<\/div>\n\t\t\t\t\t<\/div>\n\t\t<\/section>\n\t\t\t\t<section class=\"elementor-section elementor-top-section elementor-element elementor-element-4947c9b elementor-hidden-tablet elementor-hidden-mobile elementor-section-boxed elementor-section-height-default elementor-section-height-default qodef-backgound-letter-holder-no qodef-elementor-content-no\" data-id=\"4947c9b\" data-element_type=\"section\" data-e-type=\"section\">\n\t\t\t\t\t\t<div class=\"elementor-container elementor-column-gap-default\">\n\t\t\t\t\t<div class=\"elementor-column elementor-col-50 elementor-top-column elementor-element elementor-element-20b6489\" data-id=\"20b6489\" data-element_type=\"column\" data-e-type=\"column\">\n\t\t\t<div class=\"elementor-widget-wrap elementor-element-populated\">\n\t\t\t\t\t\t<div class=\"elementor-element elementor-element-80157ca elementor-position-left elementor-vertical-align-middle elementor-widget elementor-widget-image-box\" data-id=\"80157ca\" data-element_type=\"widget\" data-e-type=\"widget\" data-widget_type=\"image-box.default\">\n\t\t\t\t<div class=\"elementor-widget-container\">\n\t\t\t\t\t<div class=\"elementor-image-box-wrapper\"><figure class=\"elementor-image-box-img\"><img decoding=\"async\" src=\"https:\/\/voyagesalaune.com\/wp-content\/uploads\/elementor\/thumbs\/Serge-Legat-q4wfcpz6say7dj7c95lpj0b37bmjjvzm8c4plhnuew.png\" title=\"Serge Legat\" alt=\"Serge Legat\" loading=\"lazy\" \/><\/figure><div class=\"elementor-image-box-content\"><h5 class=\"elementor-image-box-title\">VOUS VOYAGEREZ AVEC <br> <br> SERGE LEGAT<\/h5><p class=\"elementor-image-box-description\">Serge LEGAT est historien de l\u2019art et conf\u00e9rencier des mus\u00e9es nationaux. Dipl\u00f4m\u00e9 de l\u2019\u00c9cole du Louvre, il est professeur \u00e0 l\u2019Institut d\u2019\u00c9tudes Sup\u00e9rieures des Arts de Paris<\/p><\/div><\/div>\t\t\t\t<\/div>\n\t\t\t\t<\/div>\n\t\t\t\t<div class=\"elementor-element elementor-element-77c83e7 elementor-widget elementor-widget-google_maps\" data-id=\"77c83e7\" data-element_type=\"widget\" data-e-type=\"widget\" id=\"id-map\" data-widget_type=\"google_maps.default\">\n\t\t\t\t<div class=\"elementor-widget-container\">\n\t\t\t\t\t\t\t<div class=\"elementor-custom-embed\">\n\t\t\t<iframe loading=\"lazy\"\n\t\t\t\t\tsrc=\"https:\/\/maps.google.com\/maps?q=VIENNE&#038;t=m&#038;z=12&#038;output=embed&#038;iwloc=near\"\n\t\t\t\t\ttitle=\"VIENNE\"\n\t\t\t\t\taria-label=\"VIENNE\"\n\t\t\t><\/iframe>\n\t\t<\/div>\n\t\t\t\t\t\t<\/div>\n\t\t\t\t<\/div>\n\t\t\t\t\t<\/div>\n\t\t<\/div>\n\t\t\t\t<div class=\"elementor-column elementor-col-50 elementor-top-column elementor-element elementor-element-8c35fcd\" data-id=\"8c35fcd\" data-element_type=\"column\" data-e-type=\"column\">\n\t\t\t<div class=\"elementor-widget-wrap elementor-element-populated\">\n\t\t\t\t\t\t<div class=\"elementor-element elementor-element-0ed871c elementor-widget elementor-widget-heading\" data-id=\"0ed871c\" data-element_type=\"widget\" data-e-type=\"widget\" data-widget_type=\"heading.default\">\n\t\t\t\t<div class=\"elementor-widget-container\">\n\t\t\t\t\t<h5 class=\"elementor-heading-title elementor-size-default\">VOTRE ITIN\u00c9RAIRE<\/h5>\t\t\t\t<\/div>\n\t\t\t\t<\/div>\n\t\t\t\t<div class=\"elementor-element elementor-element-4f0917f elementor-tabs-alignment-center elementor-tabs-view-horizontal elementor-widget elementor-widget-tabs\" data-id=\"4f0917f\" data-element_type=\"widget\" data-e-type=\"widget\" data-widget_type=\"tabs.default\">\n\t\t\t\t<div class=\"elementor-widget-container\">\n\t\t\t\t\t\t\t<div class=\"elementor-tabs\">\n\t\t\t<div class=\"elementor-tabs-wrapper\" role=\"tablist\" >\n\t\t\t\t\t\t\t\t\t<div id=\"elementor-tab-title-8281\" class=\"elementor-tab-title elementor-tab-desktop-title\" aria-selected=\"true\" data-tab=\"1\" role=\"tab\" tabindex=\"0\" aria-controls=\"elementor-tab-content-8281\" aria-expanded=\"false\">Jour 1<\/div>\n\t\t\t\t\t\t\t\t\t<div id=\"elementor-tab-title-8282\" class=\"elementor-tab-title elementor-tab-desktop-title\" aria-selected=\"false\" data-tab=\"2\" role=\"tab\" tabindex=\"-1\" aria-controls=\"elementor-tab-content-8282\" aria-expanded=\"false\">Jour 2<\/div>\n\t\t\t\t\t\t\t\t\t<div id=\"elementor-tab-title-8283\" class=\"elementor-tab-title elementor-tab-desktop-title\" aria-selected=\"false\" data-tab=\"3\" role=\"tab\" tabindex=\"-1\" aria-controls=\"elementor-tab-content-8283\" aria-expanded=\"false\">Jour 3 <\/div>\n\t\t\t\t\t\t\t<\/div>\n\t\t\t<div class=\"elementor-tabs-content-wrapper\" role=\"tablist\" aria-orientation=\"vertical\">\n\t\t\t\t\t\t\t\t\t<div class=\"elementor-tab-title elementor-tab-mobile-title\" aria-selected=\"true\" data-tab=\"1\" role=\"tab\" tabindex=\"0\" aria-controls=\"elementor-tab-content-8281\" aria-expanded=\"false\">Jour 1<\/div>\n\t\t\t\t\t<div id=\"elementor-tab-content-8281\" class=\"elementor-tab-content elementor-clearfix\" data-tab=\"1\" role=\"tabpanel\" aria-labelledby=\"elementor-tab-title-8281\" tabindex=\"0\" hidden=\"false\"><p><strong>VIENNE<\/strong><\/p><p>9h15 D\u00e9collage de l\u2019a\u00e9roport de Paris Charles de Gaulle, du vol Air France AF1138 \u00e0 destination de Vienne<em>. (Temps de vol\u00a0: 2h05)<\/em> 11h20 Arriv\u00e9e \u00e0 l\u2019a\u00e9roport International de Vienne, situ\u00e9 \u00e0 16 km de la ville.\u00a0 \u00a0 \u00a0 \u00a0 \u00a0 \u00a0 \u00a0 \u00a0 \u00a0 \u00a0 \u00a0 \u00a0 \u00a0 \u00a0 \u00a0 \u00a0 \u00a0 \u00a0<\/p><p>Vous verrez le Ring, grand boulevard viennois offrant le plus bel ensemble de l\u2019architecture historiciste au monde et les monuments du style Art Nouveau. Apr\u00e8s le d\u00e9jeuner, visite du <strong>Kunsthistorisches Museum<\/strong> <em>o\u00f9 vous pourrez admirer l\u2019une des plus importantes galeries de tableaux d\u2019Europe qui poss\u00e8de la plus grande collection de Bruegel du monde ainsi que de nombreux Rembrandt, Rubens et Vel\u00e1zquez<\/em>. Installation au <strong>Grand H\u00f4tel de Vienne<\/strong>, <em>situ\u00e9 \u00e0 quelque pas de l\u2019Op\u00e9ra. Ce joyau viennois a \u00e9t\u00e9 construit en 1870 d\u2019apr\u00e8s les plans du c\u00e9l\u00e8bre architecte Carl Tietz. <\/em><strong>Conf\u00e9rence\u00a0: \u00ab\u00a0Richesse et splendeur des collections de peinture du Kunsthistorisches Museum \u00bb\u00a0par Serge Legat.<\/strong><\/p><p><strong>EN OPTION\u00a0: <\/strong><strong>Promenade en cal\u00e8che dans le quartier de la Hofburg.<\/strong> visite priv\u00e9e des <strong>appartements imp\u00e9riaux de la Hofburg<\/strong> <em>compos\u00e9s d\u2019une vingtaine de salles o\u00f9 v\u00e9curent l\u2019empereur Fran\u00e7ois-Joseph et l\u2019imp\u00e9ratrice \u00c9lisabeth, de la collection des porcelaines et de l\u2019argenterie de la Cour. <\/em>Visite du <strong>mus\u00e9e Sissi<\/strong><em>. <\/em>Cocktail et d\u00eener au restaurant <strong>Vestib\u00fcl,<\/strong><em> situ\u00e9 dans le c\u00e9l\u00e8bre th\u00e9\u00e2tre Burgtheater.<\/em><\/p><\/div>\n\t\t\t\t\t\t\t\t\t<div class=\"elementor-tab-title elementor-tab-mobile-title\" aria-selected=\"false\" data-tab=\"2\" role=\"tab\" tabindex=\"-1\" aria-controls=\"elementor-tab-content-8282\" aria-expanded=\"false\">Jour 2<\/div>\n\t\t\t\t\t<div id=\"elementor-tab-content-8282\" class=\"elementor-tab-content elementor-clearfix\" data-tab=\"2\" role=\"tabpanel\" aria-labelledby=\"elementor-tab-title-8282\" tabindex=\"0\" hidden=\"hidden\"><p><strong>VIENNE<\/strong><\/p><p>Nous visiterons l\u2019<strong>\u00c9glise Am Steinhof, <\/strong><em>con\u00e7ue par Otto Wagner. Cette \u00e9glise \u00e9difi\u00e9e en 1907 dresse sa grande coupole de cuivre vert au sommet de la colline. Ses murs sont plaqu\u00e9s de marbre clout\u00e9. \u00c0 l&rsquo;int\u00e9rieur de l&rsquo;\u00e9difice, la riche d\u00e9coration comprend des vitraux de Koloman Moser et des mosa\u00efques. <\/em><strong>Visite priv\u00e9e du Stadtpalais Liechtenstein. <\/strong><em>Consid\u00e9r\u00e9 comme le premier \u00e9difice haut baroque important \u00e0 Vienne, ce palais est une d\u00e9pendance du Palais-Jardin Liechtenstein. Salles d\u2019apparat aux plafonds en stuc, d\u00e9coration n\u00e9o-rococo, mobilier d\u2019\u00e9poque. <\/em>D\u00e9jeuner au restaurant <strong>Do &amp; Co<\/strong><em>. <\/em>D\u00e9couverte de la <strong>Stephansplatz<\/strong> <em>qui forme le centre de la Vieille Ville, domin\u00e9e par la haute tour de la cath\u00e9drale<\/em>. Visite de la cath\u00e9drale <strong>Saint-\u00c9tienne<\/strong>, <em>l\u2019un des symboles de Vienne. C\u2019est aussi le plus important \u00e9difice gothique d\u2019Autriche. <\/em><strong>Conf\u00e9rence\u00a0: \u00ab Vienne face \u00e0 la modernit\u00e9 \u00bb\u00a0par Serge Legat.<\/strong><\/p><p><strong>EN OPTION\u00a0: <\/strong><strong>Soir\u00e9e au Staatsoper\u00a0<\/strong><em>Ce temple de la musique fut inaugur\u00e9 en 1869 par Fran\u00e7ois-Joseph.<\/em> <strong>\u00ab\u00a0Eug\u00e8ne On\u00e9guine \u00bb de Piotr I. Tcha\u00efkovski<\/strong>. Cocktail et d\u00eener au c\u00e9l\u00e8bre <strong>Rote Bar<\/strong> \u00e0 l\u2019h\u00f4tel Sacher.<\/p><\/div>\n\t\t\t\t\t\t\t\t\t<div class=\"elementor-tab-title elementor-tab-mobile-title\" aria-selected=\"false\" data-tab=\"3\" role=\"tab\" tabindex=\"-1\" aria-controls=\"elementor-tab-content-8283\" aria-expanded=\"false\">Jour 3 <\/div>\n\t\t\t\t\t<div id=\"elementor-tab-content-8283\" class=\"elementor-tab-content elementor-clearfix\" data-tab=\"3\" role=\"tabpanel\" aria-labelledby=\"elementor-tab-title-8283\" tabindex=\"0\" hidden=\"hidden\"><p><strong>VIENNE<\/strong><\/p><p>Visite du <strong>Belv\u00e9d\u00e8re<\/strong>, <em>r\u00e9sidence d\u2019\u00e9t\u00e9 du prince Eug\u00e8ne de Savoie, qui abrite la plus grande collection au monde de toiles de<\/em><strong> Gustav Klimt.<\/strong><\/p><p><strong>EN OPTION\u00a0:<\/strong> <strong>Spectacle de chevaux Lipizzans \u00e0 l\u2019Ecole d\u2019Equitation espagnole de Vienne<\/strong>, <em>au sein de l\u2019ambiance baroque de la Hofburg. <\/em><em>\u00a0 \u00a0 \u00a0 \u00a0 \u00a0 <\/em><\/p><p>D\u00e9jeuner chez <strong>Gerstner<\/strong>, <em>face \u00e0 l\u2019Op\u00e9ra. Cette c\u00e9l\u00e8bre p\u00e2tisserie imp\u00e9riale fut fond\u00e9e en 1847.<\/em> <strong>D\u00e9couverte du mus\u00e9e L\u00e9opold<\/strong>, <em>constitu\u00e9 par la riche collection priv\u00e9e de Rudolf et Elisabeth L\u00e9opold, qui rassemble la plus importante collection au monde des \u0153uvres d&rsquo;Egon Schiele, ainsi que des chefs-d&rsquo;\u0153uvre du fondateur de la S\u00e9cession viennoise, tels que \u00ab\u00a0La Vie et la Mort\u00a0\u00bb.<\/em><\/p><p>18h30 D\u00e9collage de l\u2019a\u00e9roport International de Vienne du vol Air France AF1739 \u00e0 destination de Paris. <em>(Temps de vol\u00a0: 2h05)<\/em> 20h35 Arriv\u00e9e \u00e0 l\u2019a\u00e9roport de Paris Charles de Gaulle.<\/p><\/div>\n\t\t\t\t\t\t\t<\/div>\n\t\t<\/div>\n\t\t\t\t\t\t<\/div>\n\t\t\t\t<\/div>\n\t\t\t\t\t<\/div>\n\t\t<\/div>\n\t\t\t\t\t<\/div>\n\t\t<\/section>\n\t\t\t\t<section class=\"elementor-section elementor-top-section elementor-element elementor-element-0ffe82c elementor-hidden-desktop elementor-section-boxed elementor-section-height-default elementor-section-height-default qodef-backgound-letter-holder-no qodef-elementor-content-no\" data-id=\"0ffe82c\" data-element_type=\"section\" data-e-type=\"section\">\n\t\t\t\t\t\t<div class=\"elementor-container elementor-column-gap-default\">\n\t\t\t\t\t<div class=\"elementor-column elementor-col-50 elementor-top-column elementor-element elementor-element-5d25b50\" data-id=\"5d25b50\" data-element_type=\"column\" data-e-type=\"column\">\n\t\t\t<div class=\"elementor-widget-wrap elementor-element-populated\">\n\t\t\t\t\t\t<div class=\"elementor-element elementor-element-63b3686 elementor-position-left elementor-vertical-align-middle elementor-widget elementor-widget-image-box\" data-id=\"63b3686\" data-element_type=\"widget\" data-e-type=\"widget\" data-widget_type=\"image-box.default\">\n\t\t\t\t<div class=\"elementor-widget-container\">\n\t\t\t\t\t<div class=\"elementor-image-box-wrapper\"><figure class=\"elementor-image-box-img\"><img decoding=\"async\" width=\"300\" height=\"268\" src=\"https:\/\/voyagesalaune.com\/wp-content\/uploads\/2023\/04\/Serge-Legat-300x268.png\" class=\"attachment-medium size-medium wp-image-15208\" alt=\"\" srcset=\"https:\/\/voyagesalaune.com\/wp-content\/uploads\/2023\/04\/Serge-Legat-300x268.png 300w, https:\/\/voyagesalaune.com\/wp-content\/uploads\/2023\/04\/Serge-Legat.png 490w\" sizes=\"(max-width: 300px) 100vw, 300px\" \/><\/figure><div class=\"elementor-image-box-content\"><h6 class=\"elementor-image-box-title\">VOUS VOYAGEREZ AVEC SERGE LEGAT<\/h6><p class=\"elementor-image-box-description\">Serge LEGAT est historien de l\u2019art et conf\u00e9rencier des mus\u00e9es nationaux. Dipl\u00f4m\u00e9 de l\u2019\u00c9cole du Louvre, il est professeur \u00e0 l\u2019Institut d\u2019\u00c9tudes Sup\u00e9rieures des Arts de Paris.\n<br><br>\n <\/p><\/div><\/div>\t\t\t\t<\/div>\n\t\t\t\t<\/div>\n\t\t\t\t\t<\/div>\n\t\t<\/div>\n\t\t\t\t<div class=\"elementor-column elementor-col-50 elementor-top-column elementor-element elementor-element-865add2\" data-id=\"865add2\" data-element_type=\"column\" data-e-type=\"column\">\n\t\t\t<div class=\"elementor-widget-wrap elementor-element-populated\">\n\t\t\t\t\t\t<div class=\"elementor-element elementor-element-718fb89 elementor-widget elementor-widget-google_maps\" data-id=\"718fb89\" data-element_type=\"widget\" data-e-type=\"widget\" data-widget_type=\"google_maps.default\">\n\t\t\t\t<div class=\"elementor-widget-container\">\n\t\t\t\t\t\t\t<div class=\"elementor-custom-embed\">\n\t\t\t<iframe loading=\"lazy\"\n\t\t\t\t\tsrc=\"https:\/\/maps.google.com\/maps?q=VIENNE&#038;t=m&#038;z=8&#038;output=embed&#038;iwloc=near\"\n\t\t\t\t\ttitle=\"VIENNE\"\n\t\t\t\t\taria-label=\"VIENNE\"\n\t\t\t><\/iframe>\n\t\t<\/div>\n\t\t\t\t\t\t<\/div>\n\t\t\t\t<\/div>\n\t\t\t\t\t<\/div>\n\t\t<\/div>\n\t\t\t\t\t<\/div>\n\t\t<\/section>\n\t\t\t\t<section class=\"elementor-section elementor-top-section elementor-element elementor-element-68be82f elementor-hidden-desktop elementor-hidden-mobile elementor-section-boxed elementor-section-height-default elementor-section-height-default qodef-backgound-letter-holder-no qodef-elementor-content-no\" data-id=\"68be82f\" data-element_type=\"section\" data-e-type=\"section\">\n\t\t\t\t\t\t<div class=\"elementor-container elementor-column-gap-default\">\n\t\t\t\t\t<div class=\"elementor-column elementor-col-100 elementor-top-column elementor-element elementor-element-c448905\" data-id=\"c448905\" data-element_type=\"column\" data-e-type=\"column\">\n\t\t\t<div class=\"elementor-widget-wrap elementor-element-populated\">\n\t\t\t\t\t\t<div class=\"elementor-element elementor-element-3ac31ef elementor-widget elementor-widget-heading\" data-id=\"3ac31ef\" data-element_type=\"widget\" data-e-type=\"widget\" data-widget_type=\"heading.default\">\n\t\t\t\t<div class=\"elementor-widget-container\">\n\t\t\t\t\t<h4 class=\"elementor-heading-title elementor-size-default\">VOTRE ITIN\u00c9RAIRE<\/h4>\t\t\t\t<\/div>\n\t\t\t\t<\/div>\n\t\t\t\t<div class=\"elementor-element elementor-element-8fb0f72 elementor-tabs-alignment-center elementor-tabs-view-horizontal elementor-widget elementor-widget-tabs\" data-id=\"8fb0f72\" data-element_type=\"widget\" data-e-type=\"widget\" data-widget_type=\"tabs.default\">\n\t\t\t\t<div class=\"elementor-widget-container\">\n\t\t\t\t\t\t\t<div class=\"elementor-tabs\">\n\t\t\t<div class=\"elementor-tabs-wrapper\" role=\"tablist\" >\n\t\t\t\t\t\t\t\t\t<div id=\"elementor-tab-title-1501\" class=\"elementor-tab-title elementor-tab-desktop-title\" aria-selected=\"true\" data-tab=\"1\" role=\"tab\" tabindex=\"0\" aria-controls=\"elementor-tab-content-1501\" aria-expanded=\"false\">Jour 1<\/div>\n\t\t\t\t\t\t\t\t\t<div id=\"elementor-tab-title-1502\" class=\"elementor-tab-title elementor-tab-desktop-title\" aria-selected=\"false\" data-tab=\"2\" role=\"tab\" tabindex=\"-1\" aria-controls=\"elementor-tab-content-1502\" aria-expanded=\"false\">Jour 2<\/div>\n\t\t\t\t\t\t\t\t\t<div id=\"elementor-tab-title-1503\" class=\"elementor-tab-title elementor-tab-desktop-title\" aria-selected=\"false\" data-tab=\"3\" role=\"tab\" tabindex=\"-1\" aria-controls=\"elementor-tab-content-1503\" aria-expanded=\"false\">Jour 3 <\/div>\n\t\t\t\t\t\t\t<\/div>\n\t\t\t<div class=\"elementor-tabs-content-wrapper\" role=\"tablist\" aria-orientation=\"vertical\">\n\t\t\t\t\t\t\t\t\t<div class=\"elementor-tab-title elementor-tab-mobile-title\" aria-selected=\"true\" data-tab=\"1\" role=\"tab\" tabindex=\"0\" aria-controls=\"elementor-tab-content-1501\" aria-expanded=\"false\">Jour 1<\/div>\n\t\t\t\t\t<div id=\"elementor-tab-content-1501\" class=\"elementor-tab-content elementor-clearfix\" data-tab=\"1\" role=\"tabpanel\" aria-labelledby=\"elementor-tab-title-1501\" tabindex=\"0\" hidden=\"false\"><p><strong>VIENNE<\/strong><\/p><p>9h15 D\u00e9collage de l\u2019a\u00e9roport de Paris Charles de Gaulle, du vol Air France AF1138 \u00e0 destination de Vienne<em>. (Temps de vol\u00a0: 2h05)<\/em> 11h20 Arriv\u00e9e \u00e0 l\u2019a\u00e9roport International de Vienne, situ\u00e9 \u00e0 16 km de la ville.\u00a0 \u00a0 \u00a0 \u00a0 \u00a0 \u00a0 \u00a0 \u00a0 \u00a0 \u00a0 \u00a0 \u00a0 \u00a0 \u00a0 \u00a0 \u00a0 \u00a0 \u00a0<\/p><p>Vous verrez le Ring, grand boulevard viennois offrant le plus bel ensemble de l\u2019architecture historiciste au monde et les monuments du style Art Nouveau. Apr\u00e8s le d\u00e9jeuner, visite du <strong>Kunsthistorisches Museum<\/strong> <em>o\u00f9 vous pourrez admirer l\u2019une des plus importantes galeries de tableaux d\u2019Europe qui poss\u00e8de la plus grande collection de Bruegel du monde ainsi que de nombreux Rembrandt, Rubens et Vel\u00e1zquez<\/em>. Installation au <strong>Grand H\u00f4tel de Vienne<\/strong>, <em>situ\u00e9 \u00e0 quelque pas de l\u2019Op\u00e9ra. Ce joyau viennois a \u00e9t\u00e9 construit en 1870 d\u2019apr\u00e8s les plans du c\u00e9l\u00e8bre architecte Carl Tietz. <\/em><strong>Conf\u00e9rence\u00a0: \u00ab\u00a0Richesse et splendeur des collections de peinture du Kunsthistorisches Museum \u00bb\u00a0par Serge Legat.<\/strong><\/p><p><strong>EN OPTION\u00a0: Promenade en cal\u00e8che dans le quartier de la Hofburg.<\/strong> visite priv\u00e9e des <strong>appartements imp\u00e9riaux de la Hofburg<\/strong> <em>compos\u00e9s d\u2019une vingtaine de salles o\u00f9 v\u00e9curent l\u2019empereur Fran\u00e7ois-Joseph et l\u2019imp\u00e9ratrice \u00c9lisabeth, de la collection des porcelaines et de l\u2019argenterie de la Cour. <\/em>Visite du <strong>mus\u00e9e Sissi<\/strong><em>. <\/em>Cocktail et d\u00eener au restaurant <strong>Vestib\u00fcl,<\/strong><em> situ\u00e9 dans le c\u00e9l\u00e8bre th\u00e9\u00e2tre Burgtheater.<\/em><\/p><\/div>\n\t\t\t\t\t\t\t\t\t<div class=\"elementor-tab-title elementor-tab-mobile-title\" aria-selected=\"false\" data-tab=\"2\" role=\"tab\" tabindex=\"-1\" aria-controls=\"elementor-tab-content-1502\" aria-expanded=\"false\">Jour 2<\/div>\n\t\t\t\t\t<div id=\"elementor-tab-content-1502\" class=\"elementor-tab-content elementor-clearfix\" data-tab=\"2\" role=\"tabpanel\" aria-labelledby=\"elementor-tab-title-1502\" tabindex=\"0\" hidden=\"hidden\"><p><strong>VIENNE<\/strong><\/p><p>Nous visiterons l\u2019<strong>\u00c9glise Am Steinhof, <\/strong><em>con\u00e7ue par Otto Wagner. Cette \u00e9glise \u00e9difi\u00e9e en 1907 dresse sa grande coupole de cuivre vert au sommet de la colline. Ses murs sont plaqu\u00e9s de marbre clout\u00e9. \u00c0 l&rsquo;int\u00e9rieur de l&rsquo;\u00e9difice, la riche d\u00e9coration comprend des vitraux de Koloman Moser et des mosa\u00efques. <\/em><strong>Visite priv\u00e9e du Stadtpalais Liechtenstein. <\/strong><em>Consid\u00e9r\u00e9 comme le premier \u00e9difice haut baroque important \u00e0 Vienne, ce palais est une d\u00e9pendance du Palais-Jardin Liechtenstein. Salles d\u2019apparat aux plafonds en stuc, d\u00e9coration n\u00e9o-rococo, mobilier d\u2019\u00e9poque. <\/em>D\u00e9jeuner au restaurant <strong>Do &amp; Co<\/strong><em>. <\/em>D\u00e9couverte de la <strong>Stephansplatz<\/strong> <em>qui forme le centre de la Vieille Ville, domin\u00e9e par la haute tour de la cath\u00e9drale<\/em>. Visite de la cath\u00e9drale <strong>Saint-\u00c9tienne<\/strong>, <em>l\u2019un des symboles de Vienne. C\u2019est aussi le plus important \u00e9difice gothique d\u2019Autriche. <\/em><strong>Conf\u00e9rence\u00a0: \u00ab Vienne face \u00e0 la modernit\u00e9 \u00bb\u00a0par Serge Legat.<\/strong><\/p><p><strong>EN OPTION\u00a0: Soir\u00e9e au Staatsoper\u00a0<\/strong><em>Ce temple de la musique fut inaugur\u00e9 en 1869 par Fran\u00e7ois-Joseph.<\/em> <strong>\u00ab\u00a0Eug\u00e8ne On\u00e9guine \u00bb de Piotr I. Tcha\u00efkovski<\/strong>. Cocktail et d\u00eener au c\u00e9l\u00e8bre <strong>Rote Bar<\/strong> \u00e0 l\u2019h\u00f4tel Sacher.<\/p><\/div>\n\t\t\t\t\t\t\t\t\t<div class=\"elementor-tab-title elementor-tab-mobile-title\" aria-selected=\"false\" data-tab=\"3\" role=\"tab\" tabindex=\"-1\" aria-controls=\"elementor-tab-content-1503\" aria-expanded=\"false\">Jour 3 <\/div>\n\t\t\t\t\t<div id=\"elementor-tab-content-1503\" class=\"elementor-tab-content elementor-clearfix\" data-tab=\"3\" role=\"tabpanel\" aria-labelledby=\"elementor-tab-title-1503\" tabindex=\"0\" hidden=\"hidden\"><p><strong>VIENNE<\/strong><\/p><p>Visite du <strong>Belv\u00e9d\u00e8re<\/strong>, <em>r\u00e9sidence d\u2019\u00e9t\u00e9 du prince Eug\u00e8ne de Savoie, qui abrite la plus grande collection au monde de toiles de<\/em><strong> Gustav Klimt.<\/strong><\/p><p><strong>EN OPTION\u00a0:<\/strong> <strong>Spectacle de chevaux Lipizzans \u00e0 l\u2019Ecole d\u2019Equitation espagnole de Vienne<\/strong>, <em>au sein de l\u2019ambiance baroque de la Hofburg. \u00a0 \u00a0 \u00a0 \u00a0 \u00a0 <\/em><\/p><p>D\u00e9jeuner chez <strong>Gerstner<\/strong>, <em>face \u00e0 l\u2019Op\u00e9ra. Cette c\u00e9l\u00e8bre p\u00e2tisserie imp\u00e9riale fut fond\u00e9e en 1847.<\/em> <strong>D\u00e9couverte du mus\u00e9e L\u00e9opold<\/strong>, <em>constitu\u00e9 par la riche collection priv\u00e9e de Rudolf et Elisabeth L\u00e9opold, qui rassemble la plus importante collection au monde des \u0153uvres d&rsquo;Egon Schiele, ainsi que des chefs-d&rsquo;\u0153uvre du fondateur de la S\u00e9cession viennoise, tels que \u00ab\u00a0La Vie et la Mort\u00a0\u00bb.<\/em><\/p><p>18h30 D\u00e9collage de l\u2019a\u00e9roport International de Vienne du vol Air France AF1739 \u00e0 destination de Paris. <em>(Temps de vol\u00a0: 2h05)<\/em> 20h35 Arriv\u00e9e \u00e0 l\u2019a\u00e9roport de Paris Charles de Gaulle.<\/p><p>\u00a0<\/p><\/div>\n\t\t\t\t\t\t\t<\/div>\n\t\t<\/div>\n\t\t\t\t\t\t<\/div>\n\t\t\t\t<\/div>\n\t\t\t\t\t<\/div>\n\t\t<\/div>\n\t\t\t\t\t<\/div>\n\t\t<\/section>\n\t\t\t\t<section class=\"elementor-section elementor-top-section elementor-element elementor-element-b7a7ced elementor-hidden-desktop elementor-hidden-tablet elementor-section-boxed elementor-section-height-default elementor-section-height-default qodef-backgound-letter-holder-no qodef-elementor-content-no\" data-id=\"b7a7ced\" data-element_type=\"section\" data-e-type=\"section\">\n\t\t\t\t\t\t<div class=\"elementor-container elementor-column-gap-default\">\n\t\t\t\t\t<div class=\"elementor-column elementor-col-100 elementor-top-column elementor-element elementor-element-1e67d1d\" data-id=\"1e67d1d\" data-element_type=\"column\" data-e-type=\"column\">\n\t\t\t<div class=\"elementor-widget-wrap elementor-element-populated\">\n\t\t\t\t\t\t<div class=\"elementor-element elementor-element-9b4e477 elementor-widget elementor-widget-heading\" data-id=\"9b4e477\" data-element_type=\"widget\" data-e-type=\"widget\" data-widget_type=\"heading.default\">\n\t\t\t\t<div class=\"elementor-widget-container\">\n\t\t\t\t\t<h4 class=\"elementor-heading-title elementor-size-default\">VOTRE ITIN\u00c9RAIRE<\/h4>\t\t\t\t<\/div>\n\t\t\t\t<\/div>\n\t\t\t\t<div class=\"elementor-element elementor-element-9d574cd elementor-tabs-alignment-center elementor-tabs-view-horizontal elementor-widget elementor-widget-tabs\" data-id=\"9d574cd\" data-element_type=\"widget\" data-e-type=\"widget\" data-widget_type=\"tabs.default\">\n\t\t\t\t<div class=\"elementor-widget-container\">\n\t\t\t\t\t\t\t<div class=\"elementor-tabs\">\n\t\t\t<div class=\"elementor-tabs-wrapper\" role=\"tablist\" >\n\t\t\t\t\t\t\t\t\t<div id=\"elementor-tab-title-1641\" class=\"elementor-tab-title elementor-tab-desktop-title\" aria-selected=\"true\" data-tab=\"1\" role=\"tab\" tabindex=\"0\" aria-controls=\"elementor-tab-content-1641\" aria-expanded=\"false\">Jour 1 <\/div>\n\t\t\t\t\t\t\t\t\t<div id=\"elementor-tab-title-1642\" class=\"elementor-tab-title elementor-tab-desktop-title\" aria-selected=\"false\" data-tab=\"2\" role=\"tab\" tabindex=\"-1\" aria-controls=\"elementor-tab-content-1642\" aria-expanded=\"false\">Jour 2 <\/div>\n\t\t\t\t\t\t\t\t\t<div id=\"elementor-tab-title-1643\" class=\"elementor-tab-title elementor-tab-desktop-title\" aria-selected=\"false\" data-tab=\"3\" role=\"tab\" tabindex=\"-1\" aria-controls=\"elementor-tab-content-1643\" aria-expanded=\"false\">Jour 3<\/div>\n\t\t\t\t\t\t\t<\/div>\n\t\t\t<div class=\"elementor-tabs-content-wrapper\" role=\"tablist\" aria-orientation=\"vertical\">\n\t\t\t\t\t\t\t\t\t<div class=\"elementor-tab-title elementor-tab-mobile-title\" aria-selected=\"true\" data-tab=\"1\" role=\"tab\" tabindex=\"0\" aria-controls=\"elementor-tab-content-1641\" aria-expanded=\"false\">Jour 1 <\/div>\n\t\t\t\t\t<div id=\"elementor-tab-content-1641\" class=\"elementor-tab-content elementor-clearfix\" data-tab=\"1\" role=\"tabpanel\" aria-labelledby=\"elementor-tab-title-1641\" tabindex=\"0\" hidden=\"false\"><p><strong>VIENNE<\/strong><\/p><p>9h15 D\u00e9collage de l\u2019a\u00e9roport de Paris Charles de Gaulle, du vol Air France AF1138 \u00e0 destination de Vienne<em>. (Temps de vol\u00a0: 2h05)<\/em> 11h20 Arriv\u00e9e \u00e0 l\u2019a\u00e9roport International de Vienne, situ\u00e9 \u00e0 16 km de la ville.\u00a0 \u00a0 \u00a0 \u00a0 \u00a0 \u00a0 \u00a0 \u00a0 \u00a0 \u00a0 \u00a0 \u00a0 \u00a0 \u00a0 \u00a0 \u00a0 \u00a0 \u00a0<\/p><p>Vous verrez le Ring, grand boulevard viennois offrant le plus bel ensemble de l\u2019architecture historiciste au monde et les monuments du style Art Nouveau. Apr\u00e8s le d\u00e9jeuner, visite du <strong>Kunsthistorisches Museum<\/strong> <em>o\u00f9 vous pourrez admirer l\u2019une des plus importantes galeries de tableaux d\u2019Europe qui poss\u00e8de la plus grande collection de Bruegel du monde ainsi que de nombreux Rembrandt, Rubens et Vel\u00e1zquez<\/em>. Installation au <strong>Grand H\u00f4tel de Vienne<\/strong>, <em>situ\u00e9 \u00e0 quelque pas de l\u2019Op\u00e9ra. Ce joyau viennois a \u00e9t\u00e9 construit en 1870 d\u2019apr\u00e8s les plans du c\u00e9l\u00e8bre architecte Carl Tietz. <\/em><strong>Conf\u00e9rence\u00a0: \u00ab\u00a0Richesse et splendeur des collections de peinture du Kunsthistorisches Museum \u00bb\u00a0par Serge Legat.<\/strong><\/p><p><strong>EN OPTION\u00a0: Promenade en cal\u00e8che dans le quartier de la Hofburg.<\/strong> visite priv\u00e9e des <strong>appartements imp\u00e9riaux de la Hofburg<\/strong> <em>compos\u00e9s d\u2019une vingtaine de salles o\u00f9 v\u00e9curent l\u2019empereur Fran\u00e7ois-Joseph et l\u2019imp\u00e9ratrice \u00c9lisabeth, de la collection des porcelaines et de l\u2019argenterie de la Cour. <\/em>Visite du <strong>mus\u00e9e Sissi<\/strong><em>. <\/em>Cocktail et d\u00eener au restaurant <strong>Vestib\u00fcl,<\/strong><em> situ\u00e9 dans le c\u00e9l\u00e8bre th\u00e9\u00e2tre Burgtheater.<\/em><\/p><\/div>\n\t\t\t\t\t\t\t\t\t<div class=\"elementor-tab-title elementor-tab-mobile-title\" aria-selected=\"false\" data-tab=\"2\" role=\"tab\" tabindex=\"-1\" aria-controls=\"elementor-tab-content-1642\" aria-expanded=\"false\">Jour 2 <\/div>\n\t\t\t\t\t<div id=\"elementor-tab-content-1642\" class=\"elementor-tab-content elementor-clearfix\" data-tab=\"2\" role=\"tabpanel\" aria-labelledby=\"elementor-tab-title-1642\" tabindex=\"0\" hidden=\"hidden\"><p><strong>VIENNE<\/strong><\/p><p>Nous visiterons l\u2019<strong>\u00c9glise Am Steinhof, <\/strong><em>con\u00e7ue par Otto Wagner. Cette \u00e9glise \u00e9difi\u00e9e en 1907 dresse sa grande coupole de cuivre vert au sommet de la colline. Ses murs sont plaqu\u00e9s de marbre clout\u00e9. \u00c0 l&rsquo;int\u00e9rieur de l&rsquo;\u00e9difice, la riche d\u00e9coration comprend des vitraux de Koloman Moser et des mosa\u00efques. <\/em><strong>Visite priv\u00e9e du Stadtpalais Liechtenstein. <\/strong><em>Consid\u00e9r\u00e9 comme le premier \u00e9difice haut baroque important \u00e0 Vienne, ce palais est une d\u00e9pendance du Palais-Jardin Liechtenstein. Salles d\u2019apparat aux plafonds en stuc, d\u00e9coration n\u00e9o-rococo, mobilier d\u2019\u00e9poque. <\/em>D\u00e9jeuner au restaurant <strong>Do &amp; Co<\/strong><em>. <\/em>D\u00e9couverte de la <strong>Stephansplatz<\/strong> <em>qui forme le centre de la Vieille Ville, domin\u00e9e par la haute tour de la cath\u00e9drale<\/em>. Visite de la cath\u00e9drale <strong>Saint-\u00c9tienne<\/strong>, <em>l\u2019un des symboles de Vienne. C\u2019est aussi le plus important \u00e9difice gothique d\u2019Autriche. <\/em><strong>Conf\u00e9rence\u00a0: \u00ab Vienne face \u00e0 la modernit\u00e9 \u00bb\u00a0par Serge Legat.<\/strong><\/p><p><strong>EN OPTION\u00a0: Soir\u00e9e au Staatsoper\u00a0<\/strong><em>Ce temple de la musique fut inaugur\u00e9 en 1869 par Fran\u00e7ois-Joseph.<\/em> <strong>\u00ab\u00a0Eug\u00e8ne On\u00e9guine \u00bb de Piotr I. Tcha\u00efkovski<\/strong>. Cocktail et d\u00eener au c\u00e9l\u00e8bre <strong>Rote Bar<\/strong> \u00e0 l\u2019h\u00f4tel Sacher.<\/p><\/div>\n\t\t\t\t\t\t\t\t\t<div class=\"elementor-tab-title elementor-tab-mobile-title\" aria-selected=\"false\" data-tab=\"3\" role=\"tab\" tabindex=\"-1\" aria-controls=\"elementor-tab-content-1643\" aria-expanded=\"false\">Jour 3<\/div>\n\t\t\t\t\t<div id=\"elementor-tab-content-1643\" class=\"elementor-tab-content elementor-clearfix\" data-tab=\"3\" role=\"tabpanel\" aria-labelledby=\"elementor-tab-title-1643\" tabindex=\"0\" hidden=\"hidden\"><p><strong>VIENNE<\/strong><\/p><p>Visite du <strong>Belv\u00e9d\u00e8re<\/strong>, <em>r\u00e9sidence d\u2019\u00e9t\u00e9 du prince Eug\u00e8ne de Savoie, qui abrite la plus grande collection au monde de toiles de<\/em><strong> Gustav Klimt.<\/strong><\/p><p><strong>EN OPTION\u00a0:<\/strong> <strong>Spectacle de chevaux Lipizzans \u00e0 l\u2019Ecole d\u2019Equitation espagnole de Vienne<\/strong>, <em>au sein de l\u2019ambiance baroque de la Hofburg. \u00a0 \u00a0 \u00a0 \u00a0 \u00a0 <\/em><\/p><p>D\u00e9jeuner chez <strong>Gerstner<\/strong>, <em>face \u00e0 l\u2019Op\u00e9ra. Cette c\u00e9l\u00e8bre p\u00e2tisserie imp\u00e9riale fut fond\u00e9e en 1847.<\/em> <strong>D\u00e9couverte du mus\u00e9e L\u00e9opold<\/strong>, <em>constitu\u00e9 par la riche collection priv\u00e9e de Rudolf et Elisabeth L\u00e9opold, qui rassemble la plus importante collection au monde des \u0153uvres d&rsquo;Egon Schiele, ainsi que des chefs-d&rsquo;\u0153uvre du fondateur de la S\u00e9cession viennoise, tels que \u00ab\u00a0La Vie et la Mort\u00a0\u00bb.<\/em><\/p><p>18h30 D\u00e9collage de l\u2019a\u00e9roport International de Vienne du vol Air France AF1739 \u00e0 destination de Paris. <em>(Temps de vol\u00a0: 2h05)<\/em> 20h35 Arriv\u00e9e \u00e0 l\u2019a\u00e9roport de Paris Charles de Gaulle.<\/p><\/div>\n\t\t\t\t\t\t\t<\/div>\n\t\t<\/div>\n\t\t\t\t\t\t<\/div>\n\t\t\t\t<\/div>\n\t\t\t\t\t<\/div>\n\t\t<\/div>\n\t\t\t\t\t<\/div>\n\t\t<\/section>\n\t\t\t\t<section class=\"elementor-section elementor-top-section elementor-element elementor-element-18e899e elementor-section-boxed elementor-section-height-default elementor-section-height-default qodef-backgound-letter-holder-no qodef-elementor-content-no\" data-id=\"18e899e\" data-element_type=\"section\" data-e-type=\"section\">\n\t\t\t\t\t\t<div class=\"elementor-container elementor-column-gap-default\">\n\t\t\t\t\t<div class=\"elementor-column elementor-col-100 elementor-top-column elementor-element elementor-element-398bfdd\" data-id=\"398bfdd\" data-element_type=\"column\" data-e-type=\"column\">\n\t\t\t<div class=\"elementor-widget-wrap elementor-element-populated\">\n\t\t\t\t\t\t<div class=\"elementor-element elementor-element-e424d08 elementor-widget-divider--view-line elementor-widget elementor-widget-divider\" data-id=\"e424d08\" data-element_type=\"widget\" data-e-type=\"widget\" data-widget_type=\"divider.default\">\n\t\t\t\t<div class=\"elementor-widget-container\">\n\t\t\t\t\t\t\t<div class=\"elementor-divider\">\n\t\t\t<span class=\"elementor-divider-separator\">\n\t\t\t\t\t\t<\/span>\n\t\t<\/div>\n\t\t\t\t\t\t<\/div>\n\t\t\t\t<\/div>\n\t\t\t\t\t<\/div>\n\t\t<\/div>\n\t\t\t\t\t<\/div>\n\t\t<\/section>\n\t\t\t\t<section class=\"elementor-section elementor-top-section elementor-element elementor-element-8a57676 elementor-section-boxed elementor-section-height-default elementor-section-height-default qodef-backgound-letter-holder-no qodef-elementor-content-no\" data-id=\"8a57676\" data-element_type=\"section\" data-e-type=\"section\">\n\t\t\t\t\t\t<div class=\"elementor-container elementor-column-gap-default\">\n\t\t\t\t\t<div class=\"elementor-column elementor-col-33 elementor-top-column elementor-element elementor-element-63541a4\" data-id=\"63541a4\" data-element_type=\"column\" data-e-type=\"column\">\n\t\t\t<div class=\"elementor-widget-wrap elementor-element-populated\">\n\t\t\t\t\t\t<div class=\"elementor-element elementor-element-f0ed6a5 elementor-widget elementor-widget-text-editor\" data-id=\"f0ed6a5\" data-element_type=\"widget\" data-e-type=\"widget\" data-widget_type=\"text-editor.default\">\n\t\t\t\t<div class=\"elementor-widget-container\">\n\t\t\t\t\t\t\t\t\t<h6 style=\"text-align: center;\"><span style=\"color: #1b3864;\"><span style=\"caret-color: #1b3864;\"><b>VOTRE H\u00d4TEL<\/b><\/span><\/span><\/h6><div class=\"page\" title=\"Page 5\"><div class=\"layoutArea\"><div class=\"column\"><p>Inaugur\u00e9 en 1870, cet \u00e9tablissement est un joyau du patrimoine h\u00f4telier viennois, situ\u00e9 sur la prestigieuse Ringstra\u00dfe. \u00c9rig\u00e9 comme le premier \u00abgrand h\u00f4tel\u00a0\u00bb de Vienne, il est devenu un lieu de rendez-vous pris\u00e9 de l\u2019aristocratie et des artistes, dont Johann Strauss II.<\/p><\/div><\/div><\/div>\t\t\t\t\t\t\t\t<\/div>\n\t\t\t\t<\/div>\n\t\t\t\t\t<\/div>\n\t\t<\/div>\n\t\t\t\t<div class=\"elementor-column elementor-col-66 elementor-top-column elementor-element elementor-element-b7f91d8\" data-id=\"b7f91d8\" data-element_type=\"column\" data-e-type=\"column\">\n\t\t\t<div class=\"elementor-widget-wrap elementor-element-populated\">\n\t\t\t\t\t\t<div class=\"elementor-element elementor-element-bcf2c49 elementor--h-position-center elementor--v-position-middle elementor-arrows-position-inside elementor-pagination-position-inside elementor-widget elementor-widget-slides\" data-id=\"bcf2c49\" data-element_type=\"widget\" data-e-type=\"widget\" data-settings=\"{&quot;navigation&quot;:&quot;both&quot;,&quot;autoplay&quot;:&quot;yes&quot;,&quot;pause_on_hover&quot;:&quot;yes&quot;,&quot;pause_on_interaction&quot;:&quot;yes&quot;,&quot;autoplay_speed&quot;:5000,&quot;infinite&quot;:&quot;yes&quot;,&quot;transition&quot;:&quot;slide&quot;,&quot;transition_speed&quot;:500}\" data-widget_type=\"slides.default\">\n\t\t\t\t<div class=\"elementor-widget-container\">\n\t\t\t\t\t\t\t\t\t<div class=\"elementor-swiper\">\n\t\t\t\t\t<div class=\"elementor-slides-wrapper elementor-main-swiper swiper\" role=\"region\" aria-roledescription=\"carousel\" aria-label=\"Diapositives\" dir=\"ltr\" data-animation=\"fadeInUp\">\n\t\t\t\t<div class=\"swiper-wrapper elementor-slides\">\n\t\t\t\t\t\t\t\t\t\t<div class=\"elementor-repeater-item-f84db39 swiper-slide\" role=\"group\" aria-roledescription=\"slide\"><div class=\"swiper-slide-bg\" role=\"img\" aria-label=\"voyagesalaune-vienne-autriche\"><\/div><div class=\"elementor-background-overlay\"><\/div><div class=\"swiper-slide-inner\" ><div class=\"swiper-slide-contents\"><div class=\"elementor-slide-heading\">Grand H\u00f4tel de Vienne<\/div><\/div><\/div><\/div>\t\t\t\t<\/div>\n\t\t\t\t\t\t\t<\/div>\n\t\t\t\t<\/div>\n\t\t\t\t\t\t\t\t<\/div>\n\t\t\t\t<\/div>\n\t\t\t\t\t<\/div>\n\t\t<\/div>\n\t\t\t\t\t<\/div>\n\t\t<\/section>\n\t\t\t\t<section class=\"elementor-section elementor-top-section elementor-element elementor-element-85bf8d9 elementor-section-boxed elementor-section-height-default elementor-section-height-default qodef-backgound-letter-holder-no qodef-elementor-content-no\" data-id=\"85bf8d9\" data-element_type=\"section\" data-e-type=\"section\">\n\t\t\t\t\t\t<div class=\"elementor-container elementor-column-gap-default\">\n\t\t\t\t\t<div class=\"elementor-column elementor-col-50 elementor-top-column elementor-element elementor-element-55f2b89\" data-id=\"55f2b89\" data-element_type=\"column\" data-e-type=\"column\">\n\t\t\t<div class=\"elementor-widget-wrap elementor-element-populated\">\n\t\t\t\t\t\t<div class=\"elementor-element elementor-element-13a25ae elementor-widget elementor-widget-text-editor\" data-id=\"13a25ae\" data-element_type=\"widget\" data-e-type=\"widget\" data-widget_type=\"text-editor.default\">\n\t\t\t\t<div class=\"elementor-widget-container\">\n\t\t\t\t\t\t\t\t\t<p><strong>Prix par personne : (\u00e0 partir de)<\/strong><\/p><p>Voyage \u00e0 Vienne\u00a0 2 980 \u20ac<\/p>\t\t\t\t\t\t\t\t<\/div>\n\t\t\t\t<\/div>\n\t\t\t\t\t<\/div>\n\t\t<\/div>\n\t\t\t\t<div class=\"elementor-column elementor-col-50 elementor-top-column elementor-element elementor-element-fb19e95\" data-id=\"fb19e95\" data-element_type=\"column\" data-e-type=\"column\">\n\t\t\t<div class=\"elementor-widget-wrap elementor-element-populated\">\n\t\t\t\t\t\t<div class=\"elementor-element elementor-element-f1d0085 elementor-widget elementor-widget-text-editor\" data-id=\"f1d0085\" data-element_type=\"widget\" data-e-type=\"widget\" data-widget_type=\"text-editor.default\">\n\t\t\t\t<div class=\"elementor-widget-container\">\n\t\t\t\t\t\t\t\t\t<p><strong>DEMANDEZ LE PROGRAMME POUR RECEVOIR LES CONDITIONS DE PARTICIPATION ET VOUS INSCRIRE<\/strong><\/p>\t\t\t\t\t\t\t\t<\/div>\n\t\t\t\t<\/div>\n\t\t\t\t\t<\/div>\n\t\t<\/div>\n\t\t\t\t\t<\/div>\n\t\t<\/section>\n\t\t\t\t<section class=\"elementor-section elementor-top-section elementor-element elementor-element-9a18dc0 elementor-section-boxed elementor-section-height-default elementor-section-height-default qodef-backgound-letter-holder-no qodef-elementor-content-no\" data-id=\"9a18dc0\" data-element_type=\"section\" data-e-type=\"section\">\n\t\t\t\t\t\t<div class=\"elementor-container elementor-column-gap-default\">\n\t\t\t\t\t<div class=\"elementor-column elementor-col-100 elementor-top-column elementor-element elementor-element-adfae05\" data-id=\"adfae05\" data-element_type=\"column\" data-e-type=\"column\">\n\t\t\t<div class=\"elementor-widget-wrap elementor-element-populated\">\n\t\t\t\t\t\t<div class=\"elementor-element elementor-element-18251b0 elementor-widget elementor-widget-image-gallery\" data-id=\"18251b0\" data-element_type=\"widget\" data-e-type=\"widget\" data-widget_type=\"image-gallery.default\">\n\t\t\t\t<div class=\"elementor-widget-container\">\n\t\t\t\t\t\t\t<div class=\"elementor-image-gallery\">\n\t\t\t\n\t\t<style type=\"text\/css\">\n\t\t\t#gallery-1 {\n\t\t\t\tmargin: auto;\n\t\t\t}\n\t\t\t#gallery-1 .gallery-item {\n\t\t\t\tfloat: left;\n\t\t\t\tmargin-top: 10px;\n\t\t\t\ttext-align: center;\n\t\t\t\twidth: 25%;\n\t\t\t}\n\t\t\t#gallery-1 img {\n\t\t\t\tborder: 2px solid #cfcfcf;\n\t\t\t}\n\t\t\t#gallery-1 .gallery-caption {\n\t\t\t\tmargin-left: 0;\n\t\t\t}\n\t\t\t\/* see gallery_shortcode() in wp-includes\/media.php *\/\n\t\t<\/style>\n\t\t<div id='gallery-1' class='gallery galleryid-28019 gallery-columns-4 gallery-size-large'><dl class='gallery-item'>\n\t\t\t<dt class='gallery-icon landscape'>\n\t\t\t\t<img decoding=\"async\" width=\"1024\" height=\"533\" src=\"https:\/\/voyagesalaune.com\/wp-content\/uploads\/2026\/01\/Capture-decran-2026-01-18-a-10.01.34-1024x533.jpg\" class=\"attachment-large size-large\" alt=\"\" srcset=\"https:\/\/voyagesalaune.com\/wp-content\/uploads\/2026\/01\/Capture-decran-2026-01-18-a-10.01.34-1024x533.jpg 1024w, https:\/\/voyagesalaune.com\/wp-content\/uploads\/2026\/01\/Capture-decran-2026-01-18-a-10.01.34-300x156.jpg 300w, https:\/\/voyagesalaune.com\/wp-content\/uploads\/2026\/01\/Capture-decran-2026-01-18-a-10.01.34-768x399.jpg 768w, https:\/\/voyagesalaune.com\/wp-content\/uploads\/2026\/01\/Capture-decran-2026-01-18-a-10.01.34.jpg 1192w\" sizes=\"(max-width: 1024px) 100vw, 1024px\" \/>\n\t\t\t<\/dt><\/dl><dl class='gallery-item'>\n\t\t\t<dt class='gallery-icon landscape'>\n\t\t\t\t<img loading=\"lazy\" decoding=\"async\" width=\"736\" height=\"491\" src=\"https:\/\/voyagesalaune.com\/wp-content\/uploads\/2024\/01\/388039.ori_.jpg\" class=\"attachment-large size-large\" alt=\"\" srcset=\"https:\/\/voyagesalaune.com\/wp-content\/uploads\/2024\/01\/388039.ori_.jpg 736w, https:\/\/voyagesalaune.com\/wp-content\/uploads\/2024\/01\/388039.ori_-300x200.jpg 300w\" sizes=\"(max-width: 736px) 100vw, 736px\" \/>\n\t\t\t<\/dt><\/dl><dl class='gallery-item'>\n\t\t\t<dt class='gallery-icon landscape'>\n\t\t\t\t<img loading=\"lazy\" decoding=\"async\" width=\"1024\" height=\"538\" src=\"https:\/\/voyagesalaune.com\/wp-content\/uploads\/2024\/01\/cover-vienne-1024x538.jpeg\" class=\"attachment-large size-large\" alt=\"\" srcset=\"https:\/\/voyagesalaune.com\/wp-content\/uploads\/2024\/01\/cover-vienne-1024x538.jpeg 1024w, https:\/\/voyagesalaune.com\/wp-content\/uploads\/2024\/01\/cover-vienne-300x158.jpeg 300w, https:\/\/voyagesalaune.com\/wp-content\/uploads\/2024\/01\/cover-vienne-768x403.jpeg 768w, https:\/\/voyagesalaune.com\/wp-content\/uploads\/2024\/01\/cover-vienne.jpeg 1200w\" sizes=\"(max-width: 1024px) 100vw, 1024px\" \/>\n\t\t\t<\/dt><\/dl><dl class='gallery-item'>\n\t\t\t<dt class='gallery-icon landscape'>\n\t\t\t\t<img loading=\"lazy\" decoding=\"async\" width=\"1024\" height=\"683\" src=\"https:\/\/voyagesalaune.com\/wp-content\/uploads\/2024\/06\/Alte-Hofburg-Wien-AdobeStock_77699381-1024x683.jpeg\" class=\"attachment-large size-large\" alt=\"\" srcset=\"https:\/\/voyagesalaune.com\/wp-content\/uploads\/2024\/06\/Alte-Hofburg-Wien-AdobeStock_77699381-1024x683.jpeg 1024w, https:\/\/voyagesalaune.com\/wp-content\/uploads\/2024\/06\/Alte-Hofburg-Wien-AdobeStock_77699381-300x200.jpeg 300w, https:\/\/voyagesalaune.com\/wp-content\/uploads\/2024\/06\/Alte-Hofburg-Wien-AdobeStock_77699381-768x512.jpeg 768w, https:\/\/voyagesalaune.com\/wp-content\/uploads\/2024\/06\/Alte-Hofburg-Wien-AdobeStock_77699381-1536x1024.jpeg 1536w, https:\/\/voyagesalaune.com\/wp-content\/uploads\/2024\/06\/Alte-Hofburg-Wien-AdobeStock_77699381-2048x1365.jpeg 2048w\" sizes=\"(max-width: 1024px) 100vw, 1024px\" \/>\n\t\t\t<\/dt><\/dl><br style=\"clear: both\" \/>\n\t\t<\/div>\n\t\t<\/div>\n\t\t\t\t\t\t<\/div>\n\t\t\t\t<\/div>\n\t\t\t\t\t<\/div>\n\t\t<\/div>\n\t\t\t\t\t<\/div>\n\t\t<\/section>\n\t\t\t\t<\/div>\n\t\t","protected":false},"excerpt":{"rendered":"<p>Demandez le programme Partez \u00e0 la d\u00e9couverte de Vienne, la ville souveraine, en compagnie de Serge LEGAT, historien d\u2019art passionn\u00e9. Trois jours pour visiter la Stephansplatz avec la cath\u00e9drale Saint-Etienne, les collections de la famille princi\u00e8re de Liechtenstein au cours d\u2019une visite priv\u00e9e, le Belv\u00e9d\u00e8re, r\u00e9sidence d\u2019\u00e9t\u00e9 du prince Eug\u00e8ne de Savoie qui abrite Le [&hellip;]<\/p>\n","protected":false},"author":1,"featured_media":0,"parent":20,"menu_order":0,"comment_status":"closed","ping_status":"closed","template":"","meta":{"footnotes":""},"class_list":["post-28019","page","type-page","status-publish","hentry"],"_links":{"self":[{"href":"https:\/\/voyagesalaune.com\/index.php\/wp-json\/wp\/v2\/pages\/28019","targetHints":{"allow":["GET"]}}],"collection":[{"href":"https:\/\/voyagesalaune.com\/index.php\/wp-json\/wp\/v2\/pages"}],"about":[{"href":"https:\/\/voyagesalaune.com\/index.php\/wp-json\/wp\/v2\/types\/page"}],"author":[{"embeddable":true,"href":"https:\/\/voyagesalaune.com\/index.php\/wp-json\/wp\/v2\/users\/1"}],"replies":[{"embeddable":true,"href":"https:\/\/voyagesalaune.com\/index.php\/wp-json\/wp\/v2\/comments?post=28019"}],"version-history":[{"count":20,"href":"https:\/\/voyagesalaune.com\/index.php\/wp-json\/wp\/v2\/pages\/28019\/revisions"}],"predecessor-version":[{"id":28374,"href":"https:\/\/voyagesalaune.com\/index.php\/wp-json\/wp\/v2\/pages\/28019\/revisions\/28374"}],"up":[{"embeddable":true,"href":"https:\/\/voyagesalaune.com\/index.php\/wp-json\/wp\/v2\/pages\/20"}],"wp:attachment":[{"href":"https:\/\/voyagesalaune.com\/index.php\/wp-json\/wp\/v2\/media?parent=28019"}],"curies":[{"name":"wp","href":"https:\/\/api.w.org\/{rel}","templated":true}]}}