{"id":28104,"date":"2026-02-27T16:27:26","date_gmt":"2026-02-27T15:27:26","guid":{"rendered":"http:\/\/voyagesalaune.com\/?page_id=28104"},"modified":"2026-03-16T18:07:01","modified_gmt":"2026-03-16T17:07:01","slug":"landalousie","status":"publish","type":"page","link":"https:\/\/voyagesalaune.com\/index.php\/voyages-accompagnes\/landalousie\/","title":{"rendered":"L\u2019ANDALOUSIE"},"content":{"rendered":"\t\t<div data-elementor-type=\"wp-page\" data-elementor-id=\"28104\" class=\"elementor elementor-28104\" data-elementor-post-type=\"page\">\n\t\t\t\t\t\t<section class=\"elementor-section elementor-top-section elementor-element elementor-element-d4b3b88 elementor-section-boxed elementor-section-height-default elementor-section-height-default qodef-backgound-letter-holder-no qodef-elementor-content-no\" data-id=\"d4b3b88\" data-element_type=\"section\" data-e-type=\"section\">\n\t\t\t\t\t\t<div class=\"elementor-container elementor-column-gap-default\">\n\t\t\t\t\t<div class=\"elementor-column elementor-col-100 elementor-top-column elementor-element elementor-element-a2dc611\" data-id=\"a2dc611\" data-element_type=\"column\" data-e-type=\"column\">\n\t\t\t<div class=\"elementor-widget-wrap elementor-element-populated\">\n\t\t\t\t\t\t<div class=\"elementor-element elementor-element-1cb5cf5 elementor-widget elementor-widget-slider_revolution\" data-id=\"1cb5cf5\" data-element_type=\"widget\" data-e-type=\"widget\" data-widget_type=\"slider_revolution.default\">\n\t\t\t\t<div class=\"elementor-widget-container\">\n\t\t\t\t\t\n\t\t<div class=\"wp-block-themepunch-revslider\">\n\t\t\t<!-- START L\u2019ANDALOUSIE REVOLUTION SLIDER 6.5.8 --><p class=\"rs-p-wp-fix\"><\/p>\n\t\t\t<rs-module-wrap id=\"rev_slider_132_1_wrapper\" data-source=\"gallery\" style=\"visibility:hidden;background:transparent;padding:0;margin:0px auto;margin-top:0;margin-bottom:0;\">\n\t\t\t\t<rs-module id=\"rev_slider_132_1\" style=\"\" data-version=\"6.5.8\">\n\t\t\t\t\t<rs-slides>\n\t\t\t\t\t\t<rs-slide style=\"position: absolute;\" data-key=\"rs-144\" data-title=\"Slide\" data-in=\"o:0;\" data-out=\"a:false;\">\n\t\t\t\t\t\t\t<img fetchpriority=\"high\" decoding=\"async\" src=\"\/\/voyagesalaune.com\/wp-content\/plugins\/revslider\/public\/assets\/assets\/dummy.png\" title=\"ESPAGNE CADIX\" width=\"667\" height=\"493\" class=\"rev-slidebg tp-rs-img rs-lazyload\" data-lazyload=\"\/\/voyagesalaune.com\/wp-content\/uploads\/2025\/09\/ESPAGNE-CADIX.png\" data-bg=\"p:left center;\" data-no-retina>\n<!--\n\t\t\t\t\t\t\t--><rs-layer\n\t\t\t\t\t\t\t\tid=\"slider-132-slide-144-layer-0\" \n\t\t\t\t\t\t\t\tdata-type=\"text\"\n\t\t\t\t\t\t\t\tdata-rsp_ch=\"on\"\n\t\t\t\t\t\t\t\tdata-xy=\"x:c;xo:20px,11px,0,1px;y:m;yo:-32px,-26px,-24px,-12px;\"\n\t\t\t\t\t\t\t\tdata-text=\"w:normal;s:40,33,25,25;l:68,56,42,31;a:center;\"\n\t\t\t\t\t\t\t\tdata-dim=\"w:962px,794px,603px,auto;\"\n\t\t\t\t\t\t\t\tdata-frame_999=\"o:0;st:w;\"\n\t\t\t\t\t\t\t\tstyle=\"z-index:8;font-family:'Proza Libre';\"\n\t\t\t\t\t\t\t>L\u2019ANDALOUSIE : GRENADE, CORDOUE, S\u00c9VILLE <br \/>\n \n\t\t\t\t\t\t\t<\/rs-layer><!--\n\n\t\t\t\t\t\t\t--><rs-layer\n\t\t\t\t\t\t\t\tid=\"slider-132-slide-144-layer-1\" \n\t\t\t\t\t\t\t\tdata-type=\"text\"\n\t\t\t\t\t\t\t\tdata-rsp_ch=\"on\"\n\t\t\t\t\t\t\t\tdata-xy=\"x:c;xo:34px,10px,-5px,-6px;y:b;yo:67px,62px,65px,68px;\"\n\t\t\t\t\t\t\t\tdata-text=\"w:normal;s:33,27,20,18;l:41,33,25,22;a:center;\"\n\t\t\t\t\t\t\t\tdata-dim=\"w:auto,auto,248.023px,auto;\"\n\t\t\t\t\t\t\t\tdata-frame_999=\"o:0;st:w;\"\n\t\t\t\t\t\t\t\tstyle=\"z-index:9;font-family:'Proza Libre';\"\n\t\t\t\t\t\t\t>Du 28 mai au 3 juin 2026 <br>\nAvec Franck FERRAND et Serge LEGAT\n \n\t\t\t\t\t\t\t<\/rs-layer><!--\n-->\t\t\t\t\t\t<\/rs-slide>\n\t\t\t\t\t<\/rs-slides>\n\t\t\t\t<\/rs-module>\n\t\t\t\t<script type=\"text\/javascript\">\n\t\t\t\t\tsetREVStartSize({c: 'rev_slider_132_1',rl:[1240,1024,778,480],el:[300,300,300,300],gw:[1240,1024,778,480],gh:[300,300,300,300],type:'standard',justify:'',layout:'fullwidth',mh:\"0\"});if (window.RS_MODULES!==undefined && window.RS_MODULES.modules!==undefined && window.RS_MODULES.modules[\"revslider1321\"]!==undefined) {window.RS_MODULES.modules[\"revslider1321\"].once = false;window.revapi132 = undefined;if (window.RS_MODULES.checkMinimal!==undefined) window.RS_MODULES.checkMinimal()}\n\t\t\t\t<\/script>\n\t\t\t<\/rs-module-wrap>\n\t\t\t<!-- END REVOLUTION SLIDER -->\n<\/div>\n\n\t\t\t\t\t\t<\/div>\n\t\t\t\t<\/div>\n\t\t\t\t\t<\/div>\n\t\t<\/div>\n\t\t\t\t\t<\/div>\n\t\t<\/section>\n\t\t\t\t<section class=\"elementor-section elementor-top-section elementor-element elementor-element-ab778c9 elementor-section-boxed elementor-section-height-default elementor-section-height-default qodef-backgound-letter-holder-no qodef-elementor-content-no\" data-id=\"ab778c9\" data-element_type=\"section\" data-e-type=\"section\">\n\t\t\t\t\t\t<div class=\"elementor-container elementor-column-gap-default\">\n\t\t\t\t\t<div class=\"elementor-column elementor-col-100 elementor-top-column elementor-element elementor-element-6e1a983\" data-id=\"6e1a983\" data-element_type=\"column\" data-e-type=\"column\">\n\t\t\t<div class=\"elementor-widget-wrap\">\n\t\t\t\t\t\t\t<\/div>\n\t\t<\/div>\n\t\t\t\t\t<\/div>\n\t\t<\/section>\n\t\t\t\t<section class=\"elementor-section elementor-top-section elementor-element elementor-element-1eafe89 elementor-section-boxed elementor-section-height-default elementor-section-height-default qodef-backgound-letter-holder-no qodef-elementor-content-no\" data-id=\"1eafe89\" data-element_type=\"section\" data-e-type=\"section\">\n\t\t\t\t\t\t<div class=\"elementor-container elementor-column-gap-default\">\n\t\t\t\t\t<div class=\"elementor-column elementor-col-25 elementor-top-column elementor-element elementor-element-55f3546\" data-id=\"55f3546\" data-element_type=\"column\" data-e-type=\"column\">\n\t\t\t<div class=\"elementor-widget-wrap elementor-element-populated\">\n\t\t\t\t\t\t<div class=\"elementor-element elementor-element-95f9dbb elementor-widget elementor-widget-spacer\" data-id=\"95f9dbb\" data-element_type=\"widget\" data-e-type=\"widget\" data-widget_type=\"spacer.default\">\n\t\t\t\t<div class=\"elementor-widget-container\">\n\t\t\t\t\t\t\t<div class=\"elementor-spacer\">\n\t\t\t<div class=\"elementor-spacer-inner\"><\/div>\n\t\t<\/div>\n\t\t\t\t\t\t<\/div>\n\t\t\t\t<\/div>\n\t\t\t\t<div class=\"elementor-element elementor-element-80143f6 elementor-align-center elementor-widget elementor-widget-button\" data-id=\"80143f6\" data-element_type=\"widget\" data-e-type=\"widget\" data-widget_type=\"button.default\">\n\t\t\t\t<div class=\"elementor-widget-container\">\n\t\t\t\t\t\t\t\t\t<div class=\"elementor-button-wrapper\">\n\t\t\t\t\t<a class=\"elementor-button elementor-button-link elementor-size-xs\" href=\"#elementor-action%3Aaction%3Dpopup%3Aopen%26settings%3DeyJpZCI6IjI4MjY1IiwidG9nZ2xlIjpmYWxzZX0%3D\" url=\"https:\/\/voyagesalaune.com\/wp-content\/uploads\/2026\/03\/202605-ANDALOUSIE-PROGRAMME-ET-BULLETIN.pdf\" id=\"bouton_pdf\">\n\t\t\t\t\t\t<span class=\"elementor-button-content-wrapper\">\n\t\t\t\t\t\t\t\t\t<span class=\"elementor-button-text\">Demandez le programme<\/span>\n\t\t\t\t\t<\/span>\n\t\t\t\t\t<\/a>\n\t\t\t\t<\/div>\n\t\t\t\t\t\t\t\t<\/div>\n\t\t\t\t<\/div>\n\t\t\t\t\t<\/div>\n\t\t<\/div>\n\t\t\t\t<div class=\"elementor-column elementor-col-50 elementor-top-column elementor-element elementor-element-aadb55d\" data-id=\"aadb55d\" data-element_type=\"column\" data-e-type=\"column\">\n\t\t\t<div class=\"elementor-widget-wrap elementor-element-populated\">\n\t\t\t\t\t\t<div class=\"elementor-element elementor-element-bef3ed3 elementor-widget elementor-widget-text-editor\" data-id=\"bef3ed3\" data-element_type=\"widget\" data-e-type=\"widget\" data-widget_type=\"text-editor.default\">\n\t\t\t\t<div class=\"elementor-widget-container\">\n\t\t\t\t\t\t\t\t\t<div class=\"page\" title=\"Page 1\"><div class=\"section\"><div class=\"section\"><div class=\"layoutArea\"><div class=\"column\"><div class=\"page\" title=\"Page 1\"><div class=\"layoutArea\"><div class=\"column\"><p>H\u00e9riti\u00e8re d\u2019un \u00e2ge d\u2019or multiculturel, l\u2019Andalousie rec\u00e8le parmi les plus pr\u00e9cieux joyaux du patrimoine artistique mondial. S\u00e9ville, Cordoue, Grenade\u2026 cette terre lumineuse d\u00e9ploie une richesse culturelle impressionnante et conserve de sublimes vestiges o\u00f9 dialoguent arts mauresques, gothiques et baroques. L\u00e0 flamboie l\u2019or du Nouveau Monde ; l\u00e0 s\u2019exhalent le parfum des orangers et l\u2019orgueil des hidalgos. Des g\u00e9om\u00e9tries enivrantes de l\u2019Alhambra aux arabesques infinies de la mosqu\u00e9e de Cordoue, de la jeunesse de Vel\u00e1zquez autour de l\u2019Alcazar de S\u00e9ville \u00e0 celle de Picasso dans les ruelles blanches de Malaga, l\u2019Andalousie \u00e9tincelle d\u2019histoire et de beaut\u00e9. Dans la fra\u00eecheur des patios ombrag\u00e9s, vous d\u00e9couvrirez une province marqu\u00e9e par les influences grecques, romaines, musulmanes, juives et catholiques. Franck Ferrand \u00e9voquera l\u2019Andalousie arabe, l\u2019Alhambra \u2014 la plus fascinante composition architecturale de l\u2019Espagne musulmane \u2014 ainsi que les jardins du Generalife. Serge Legat reviendra sur les grandes heures de la peinture espagnole, notamment Vel\u00e1zquez, n\u00e9 \u00e0 S\u00e9ville en 1599. Des visites exclusives et priv\u00e9es ponctueront ce voyage, accompagn\u00e9es des conf\u00e9rences de nos invit\u00e9s.<\/p><\/div><\/div><\/div><\/div><\/div><\/div><\/div><\/div>\t\t\t\t\t\t\t\t<\/div>\n\t\t\t\t<\/div>\n\t\t\t\t\t<\/div>\n\t\t<\/div>\n\t\t\t\t<div class=\"elementor-column elementor-col-25 elementor-top-column elementor-element elementor-element-2c6dedd\" data-id=\"2c6dedd\" data-element_type=\"column\" data-e-type=\"column\">\n\t\t\t<div class=\"elementor-widget-wrap elementor-element-populated\">\n\t\t\t\t\t\t<section class=\"elementor-section elementor-inner-section elementor-element elementor-element-1cf5ded elementor-section-content-middle elementor-section-boxed elementor-section-height-default elementor-section-height-default qodef-backgound-letter-holder-no qodef-elementor-content-no\" data-id=\"1cf5ded\" data-element_type=\"section\" data-e-type=\"section\">\n\t\t\t\t\t\t<div class=\"elementor-container elementor-column-gap-wide\">\n\t\t\t\t\t<div class=\"elementor-column elementor-col-50 elementor-inner-column elementor-element elementor-element-e1986b6\" data-id=\"e1986b6\" data-element_type=\"column\" data-e-type=\"column\">\n\t\t\t<div class=\"elementor-widget-wrap elementor-element-populated\">\n\t\t\t\t\t\t<div class=\"elementor-element elementor-element-67fff2d elementor-view-default elementor-widget elementor-widget-icon\" data-id=\"67fff2d\" data-element_type=\"widget\" data-e-type=\"widget\" data-widget_type=\"icon.default\">\n\t\t\t\t<div class=\"elementor-widget-container\">\n\t\t\t\t\t\t\t<div class=\"elementor-icon-wrapper\">\n\t\t\t<div class=\"elementor-icon\">\n\t\t\t<i aria-hidden=\"true\" class=\"far fa-calendar-alt\"><\/i>\t\t\t<\/div>\n\t\t<\/div>\n\t\t\t\t\t\t<\/div>\n\t\t\t\t<\/div>\n\t\t\t\t<div class=\"elementor-element elementor-element-6a3b8ae elementor-widget elementor-widget-text-editor\" data-id=\"6a3b8ae\" data-element_type=\"widget\" data-e-type=\"widget\" data-widget_type=\"text-editor.default\">\n\t\t\t\t<div class=\"elementor-widget-container\">\n\t\t\t\t\t\t\t\t\t<h3 style=\"text-align: center;\"><span style=\"color: #1b3864;\"><b><span style=\"text-align: center; background-color: #ffffff;\">DUR\u00c9E S\u00c9JOUR<br \/><\/span><\/b><\/span><span style=\"text-align: center; background-color: #ffffff;\">7 jours<\/span><\/h3>\t\t\t\t\t\t\t\t<\/div>\n\t\t\t\t<\/div>\n\t\t\t\t\t<\/div>\n\t\t<\/div>\n\t\t\t\t<div class=\"elementor-column elementor-col-50 elementor-inner-column elementor-element elementor-element-0d00faa\" data-id=\"0d00faa\" data-element_type=\"column\" data-e-type=\"column\">\n\t\t\t<div class=\"elementor-widget-wrap elementor-element-populated\">\n\t\t\t\t\t\t<div class=\"elementor-element elementor-element-e8b8c26 elementor-view-default elementor-widget elementor-widget-icon\" data-id=\"e8b8c26\" data-element_type=\"widget\" data-e-type=\"widget\" data-widget_type=\"icon.default\">\n\t\t\t\t<div class=\"elementor-widget-container\">\n\t\t\t\t\t\t\t<div class=\"elementor-icon-wrapper\">\n\t\t\t<div class=\"elementor-icon\">\n\t\t\t<i aria-hidden=\"true\" class=\"far fa-clock\"><\/i>\t\t\t<\/div>\n\t\t<\/div>\n\t\t\t\t\t\t<\/div>\n\t\t\t\t<\/div>\n\t\t\t\t<div class=\"elementor-element elementor-element-134d9c2 elementor-widget elementor-widget-text-editor\" data-id=\"134d9c2\" data-element_type=\"widget\" data-e-type=\"widget\" data-widget_type=\"text-editor.default\">\n\t\t\t\t<div class=\"elementor-widget-container\">\n\t\t\t\t\t\t\t\t\t<h3 style=\"text-align: center;\"><span style=\"color: #1b3864;\"><b><span style=\"text-align: center; background-color: #ffffff;\">D\u00c9CALAGE HORAIRE<\/span><br style=\"text-align: center;\" \/><\/b><\/span><span style=\"text-align: center; background-color: #ffffff;\">Aucun<\/span><\/h3>\t\t\t\t\t\t\t\t<\/div>\n\t\t\t\t<\/div>\n\t\t\t\t\t<\/div>\n\t\t<\/div>\n\t\t\t\t\t<\/div>\n\t\t<\/section>\n\t\t\t\t<section class=\"elementor-section elementor-inner-section elementor-element elementor-element-d9dcf13 elementor-section-content-middle elementor-section-boxed elementor-section-height-default elementor-section-height-default qodef-backgound-letter-holder-no qodef-elementor-content-no\" data-id=\"d9dcf13\" data-element_type=\"section\" data-e-type=\"section\">\n\t\t\t\t\t\t<div class=\"elementor-container elementor-column-gap-wide\">\n\t\t\t\t\t<div class=\"elementor-column elementor-col-50 elementor-inner-column elementor-element elementor-element-50c8bb7\" data-id=\"50c8bb7\" data-element_type=\"column\" data-e-type=\"column\">\n\t\t\t<div class=\"elementor-widget-wrap elementor-element-populated\">\n\t\t\t\t\t\t<div class=\"elementor-element elementor-element-33d7853 elementor-view-default elementor-widget elementor-widget-icon\" data-id=\"33d7853\" data-element_type=\"widget\" data-e-type=\"widget\" data-widget_type=\"icon.default\">\n\t\t\t\t<div class=\"elementor-widget-container\">\n\t\t\t\t\t\t\t<div class=\"elementor-icon-wrapper\">\n\t\t\t<div class=\"elementor-icon\">\n\t\t\t<i aria-hidden=\"true\" class=\"far fa-id-badge\"><\/i>\t\t\t<\/div>\n\t\t<\/div>\n\t\t\t\t\t\t<\/div>\n\t\t\t\t<\/div>\n\t\t\t\t<div class=\"elementor-element elementor-element-63ed205 elementor-widget elementor-widget-text-editor\" data-id=\"63ed205\" data-element_type=\"widget\" data-e-type=\"widget\" data-widget_type=\"text-editor.default\">\n\t\t\t\t<div class=\"elementor-widget-container\">\n\t\t\t\t\t\t\t\t\t<h3 style=\"text-align: center;\"><b><span style=\"color: #1b3864;\">PASSEPORT<\/span><br \/><\/b>Non<\/h3>\t\t\t\t\t\t\t\t<\/div>\n\t\t\t\t<\/div>\n\t\t\t\t\t<\/div>\n\t\t<\/div>\n\t\t\t\t<div class=\"elementor-column elementor-col-50 elementor-inner-column elementor-element elementor-element-c85d60f\" data-id=\"c85d60f\" data-element_type=\"column\" data-e-type=\"column\">\n\t\t\t<div class=\"elementor-widget-wrap elementor-element-populated\">\n\t\t\t\t\t\t<div class=\"elementor-element elementor-element-30bc536 elementor-view-default elementor-widget elementor-widget-icon\" data-id=\"30bc536\" data-element_type=\"widget\" data-e-type=\"widget\" data-widget_type=\"icon.default\">\n\t\t\t\t<div class=\"elementor-widget-container\">\n\t\t\t\t\t\t\t<div class=\"elementor-icon-wrapper\">\n\t\t\t<div class=\"elementor-icon\">\n\t\t\t<i aria-hidden=\"true\" class=\"fas fa-plane-departure\"><\/i>\t\t\t<\/div>\n\t\t<\/div>\n\t\t\t\t\t\t<\/div>\n\t\t\t\t<\/div>\n\t\t\t\t<div class=\"elementor-element elementor-element-0f7dfdd elementor-widget elementor-widget-text-editor\" data-id=\"0f7dfdd\" data-element_type=\"widget\" data-e-type=\"widget\" data-widget_type=\"text-editor.default\">\n\t\t\t\t<div class=\"elementor-widget-container\">\n\t\t\t\t\t\t\t\t\t<h3 style=\"text-align: center;\"><b><span style=\"color: #1b3864;\">VISA<\/span><br \/><\/b>Non<\/h3>\t\t\t\t\t\t\t\t<\/div>\n\t\t\t\t<\/div>\n\t\t\t\t\t<\/div>\n\t\t<\/div>\n\t\t\t\t\t<\/div>\n\t\t<\/section>\n\t\t\t\t\t<\/div>\n\t\t<\/div>\n\t\t\t\t\t<\/div>\n\t\t<\/section>\n\t\t\t\t<section class=\"elementor-section elementor-top-section elementor-element elementor-element-4947c9b elementor-hidden-tablet elementor-hidden-mobile elementor-section-boxed elementor-section-height-default elementor-section-height-default qodef-backgound-letter-holder-no qodef-elementor-content-no\" data-id=\"4947c9b\" data-element_type=\"section\" data-e-type=\"section\">\n\t\t\t\t\t\t<div class=\"elementor-container elementor-column-gap-default\">\n\t\t\t\t\t<div class=\"elementor-column elementor-col-50 elementor-top-column elementor-element elementor-element-20b6489\" data-id=\"20b6489\" data-element_type=\"column\" data-e-type=\"column\">\n\t\t\t<div class=\"elementor-widget-wrap elementor-element-populated\">\n\t\t\t\t\t\t<div class=\"elementor-element elementor-element-80157ca elementor-position-left elementor-vertical-align-middle elementor-widget elementor-widget-image-box\" data-id=\"80157ca\" data-element_type=\"widget\" data-e-type=\"widget\" data-widget_type=\"image-box.default\">\n\t\t\t\t<div class=\"elementor-widget-container\">\n\t\t\t\t\t<div class=\"elementor-image-box-wrapper\"><figure class=\"elementor-image-box-img\"><img decoding=\"async\" src=\"https:\/\/voyagesalaune.com\/wp-content\/uploads\/elementor\/thumbs\/Franck-33-3-31-scaled-r0j55fe5bk06lp75t97s1eaur633ny7r0uio16tvi0.jpg\" title=\"Franck-33 3.jpg-3(1)\" alt=\"Franck-33 3.jpg-3(1)\" loading=\"lazy\" \/><\/figure><div class=\"elementor-image-box-content\"><h5 class=\"elementor-image-box-title\">VOUS VOYAGEREZ AVEC <br> <br> FRANCK FERRAND<\/h5><p class=\"elementor-image-box-description\">Il est notre Alain Decaux du XXIe sie\u0300cle. Historien, \u00e9crivain, il a su naturellement imposer une voix, un style limpide.<\/p><\/div><\/div>\t\t\t\t<\/div>\n\t\t\t\t<\/div>\n\t\t\t\t<div class=\"elementor-element elementor-element-2b6ce04 elementor-position-left elementor-vertical-align-middle elementor-widget elementor-widget-image-box\" data-id=\"2b6ce04\" data-element_type=\"widget\" data-e-type=\"widget\" data-widget_type=\"image-box.default\">\n\t\t\t\t<div class=\"elementor-widget-container\">\n\t\t\t\t\t<div class=\"elementor-image-box-wrapper\"><figure class=\"elementor-image-box-img\"><img decoding=\"async\" src=\"https:\/\/voyagesalaune.com\/wp-content\/uploads\/elementor\/thumbs\/Serge-Legat-q4wfcpz6say7dj7c95lpj0b37bmjjvzm8c4plhnuew.png\" title=\"Serge Legat\" alt=\"Serge Legat\" loading=\"lazy\" \/><\/figure><div class=\"elementor-image-box-content\"><h5 class=\"elementor-image-box-title\">VOUS VOYAGEREZ AVEC <br> <br> SERGE LEGAT<\/h5><p class=\"elementor-image-box-description\">Historien d\u2019art, conf\u00e9rencier des mus\u00e9es nationaux et du Minist\u00e8re charg\u00e9 du Tourisme.<\/p><\/div><\/div>\t\t\t\t<\/div>\n\t\t\t\t<\/div>\n\t\t\t\t<div class=\"elementor-element elementor-element-77c83e7 elementor-widget elementor-widget-google_maps\" data-id=\"77c83e7\" data-element_type=\"widget\" data-e-type=\"widget\" id=\"id-map\" data-widget_type=\"google_maps.default\">\n\t\t\t\t<div class=\"elementor-widget-container\">\n\t\t\t\t\t\t\t<div class=\"elementor-custom-embed\">\n\t\t\t<iframe loading=\"lazy\"\n\t\t\t\t\tsrc=\"https:\/\/maps.google.com\/maps?q=Andalousie&#038;t=m&#038;z=7&#038;output=embed&#038;iwloc=near\"\n\t\t\t\t\ttitle=\"Andalousie\"\n\t\t\t\t\taria-label=\"Andalousie\"\n\t\t\t><\/iframe>\n\t\t<\/div>\n\t\t\t\t\t\t<\/div>\n\t\t\t\t<\/div>\n\t\t\t\t\t<\/div>\n\t\t<\/div>\n\t\t\t\t<div class=\"elementor-column elementor-col-50 elementor-top-column elementor-element elementor-element-8c35fcd\" data-id=\"8c35fcd\" data-element_type=\"column\" data-e-type=\"column\">\n\t\t\t<div class=\"elementor-widget-wrap elementor-element-populated\">\n\t\t\t\t\t\t<div class=\"elementor-element elementor-element-0ed871c elementor-widget elementor-widget-heading\" data-id=\"0ed871c\" data-element_type=\"widget\" data-e-type=\"widget\" data-widget_type=\"heading.default\">\n\t\t\t\t<div class=\"elementor-widget-container\">\n\t\t\t\t\t<h5 class=\"elementor-heading-title elementor-size-default\">VOTRE ITIN\u00c9RAIRE<\/h5>\t\t\t\t<\/div>\n\t\t\t\t<\/div>\n\t\t\t\t<div class=\"elementor-element elementor-element-4f0917f elementor-tabs-alignment-center elementor-tabs-view-horizontal elementor-widget elementor-widget-tabs\" data-id=\"4f0917f\" data-element_type=\"widget\" data-e-type=\"widget\" data-widget_type=\"tabs.default\">\n\t\t\t\t<div class=\"elementor-widget-container\">\n\t\t\t\t\t\t\t<div class=\"elementor-tabs\">\n\t\t\t<div class=\"elementor-tabs-wrapper\" role=\"tablist\" >\n\t\t\t\t\t\t\t\t\t<div id=\"elementor-tab-title-8281\" class=\"elementor-tab-title elementor-tab-desktop-title\" aria-selected=\"true\" data-tab=\"1\" role=\"tab\" tabindex=\"0\" aria-controls=\"elementor-tab-content-8281\" aria-expanded=\"false\">Jour 1<\/div>\n\t\t\t\t\t\t\t\t\t<div id=\"elementor-tab-title-8282\" class=\"elementor-tab-title elementor-tab-desktop-title\" aria-selected=\"false\" data-tab=\"2\" role=\"tab\" tabindex=\"-1\" aria-controls=\"elementor-tab-content-8282\" aria-expanded=\"false\">Jour 2<\/div>\n\t\t\t\t\t\t\t\t\t<div id=\"elementor-tab-title-8283\" class=\"elementor-tab-title elementor-tab-desktop-title\" aria-selected=\"false\" data-tab=\"3\" role=\"tab\" tabindex=\"-1\" aria-controls=\"elementor-tab-content-8283\" aria-expanded=\"false\">Jour 3 <\/div>\n\t\t\t\t\t\t\t\t\t<div id=\"elementor-tab-title-8284\" class=\"elementor-tab-title elementor-tab-desktop-title\" aria-selected=\"false\" data-tab=\"4\" role=\"tab\" tabindex=\"-1\" aria-controls=\"elementor-tab-content-8284\" aria-expanded=\"false\">Jour 4<\/div>\n\t\t\t\t\t\t\t\t\t<div id=\"elementor-tab-title-8285\" class=\"elementor-tab-title elementor-tab-desktop-title\" aria-selected=\"false\" data-tab=\"5\" role=\"tab\" tabindex=\"-1\" aria-controls=\"elementor-tab-content-8285\" aria-expanded=\"false\">Jour 5<\/div>\n\t\t\t\t\t\t\t\t\t<div id=\"elementor-tab-title-8286\" class=\"elementor-tab-title elementor-tab-desktop-title\" aria-selected=\"false\" data-tab=\"6\" role=\"tab\" tabindex=\"-1\" aria-controls=\"elementor-tab-content-8286\" aria-expanded=\"false\">Jour 6<\/div>\n\t\t\t\t\t\t\t\t\t<div id=\"elementor-tab-title-8287\" class=\"elementor-tab-title elementor-tab-desktop-title\" aria-selected=\"false\" data-tab=\"7\" role=\"tab\" tabindex=\"-1\" aria-controls=\"elementor-tab-content-8287\" aria-expanded=\"false\">Jour 7<\/div>\n\t\t\t\t\t\t\t<\/div>\n\t\t\t<div class=\"elementor-tabs-content-wrapper\" role=\"tablist\" aria-orientation=\"vertical\">\n\t\t\t\t\t\t\t\t\t<div class=\"elementor-tab-title elementor-tab-mobile-title\" aria-selected=\"true\" data-tab=\"1\" role=\"tab\" tabindex=\"0\" aria-controls=\"elementor-tab-content-8281\" aria-expanded=\"false\">Jour 1<\/div>\n\t\t\t\t\t<div id=\"elementor-tab-content-8281\" class=\"elementor-tab-content elementor-clearfix\" data-tab=\"1\" role=\"tabpanel\" aria-labelledby=\"elementor-tab-title-8281\" tabindex=\"0\" hidden=\"false\"><div class=\"page\" title=\"Page 2\"><div class=\"section\"><div class=\"layoutArea\"><div class=\"column\"><p><strong>PARIS &#8211; MALAGA &#8211; GRENADE<\/strong><\/p><p>9h15D\u00e9collage de l\u2019a\u00e9roport Paris Charles de Gaulle, du vol Air France AF 1746 \u00e0 destination de Malaga. 11h45\u00a0\u00a0 Arriv\u00e9e \u00e0 l\u2019a\u00e9roport de Malaga. D\u00e9jeuner au restaurant <strong>El Pimpi<\/strong>, <em>dans une tr\u00e8s belle maison du XVIIIe si\u00e8cle.<\/em> <strong>Visite comment\u00e9e par Serge Legat du mus\u00e9e Picasso au Palacio de los Condes de Buenavista<\/strong>, un magnifique palais de style Renaissance et mud\u00e9jar. Ce mus\u00e9e moderne rend hommage \u00e0 Pablo Picasso, n\u00e9 \u00e0 Malaga en 1881. La collection comprend plus de deux cents chefs-d\u2019\u0153uvre provenant, principalement d&rsquo;un don de Christine et Bernard Ruiz Picasso. Route vers <strong>Grenade<\/strong>, <em>ville profond\u00e9ment marqu\u00e9e par huit si\u00e8cles de pr\u00e9sence arabe et symbole de la Reconquista des Rois Catholiques.<\/em> Installation \u00e0 l\u2019h\u00f4tel <strong>Meli\u00e0<\/strong>, <em>\u00e0 quelques pas de la cath\u00e9drale et des ruelles anim\u00e9es du c\u0153ur de la ville. <\/em><strong>Conf\u00e9rence-cocktail\u00a0: \u00ab\u00a0Zurbaran et Murillo\u00a0: Humanisme et Mysticisme\u00a0\u00bb par Serge LEGAT.<\/strong> D\u00eener au restaurant <strong>Nervio<\/strong> \u00e0 l\u2019h\u00f4tel.<\/p><\/div><\/div><\/div><\/div><\/div>\n\t\t\t\t\t\t\t\t\t<div class=\"elementor-tab-title elementor-tab-mobile-title\" aria-selected=\"false\" data-tab=\"2\" role=\"tab\" tabindex=\"-1\" aria-controls=\"elementor-tab-content-8282\" aria-expanded=\"false\">Jour 2<\/div>\n\t\t\t\t\t<div id=\"elementor-tab-content-8282\" class=\"elementor-tab-content elementor-clearfix\" data-tab=\"2\" role=\"tabpanel\" aria-labelledby=\"elementor-tab-title-8282\" tabindex=\"0\" hidden=\"hidden\"><p><strong>GRENADE<\/strong><\/p><p>D\u00e9couverte de <strong>l\u2019Alhambra<\/strong>, <em>dress\u00e9 avec fiert\u00e9 sur les hauteurs de Grenade. Construit au XIIIe si\u00e8cle, il appartient depuis la fin du XVe si\u00e8cle aux Rois Catholiques d\u2019Espagne. Ses jardins incarnent avec po\u00e9sie l\u2019h\u00e9ritage mauresque espagnol.<\/em> D\u00e9jeuner au restaurant <strong>El Coso<\/strong>, <em>situ\u00e9 dans les ar\u00e8nes<\/em>.\u00a0Promenade dans les <strong>jardins du G\u00e9n\u00e9ralife<\/strong>, <em>merveilleux jardins andalous aux multiples jets d\u2019eau<\/em>. D\u00eener au restaurant<strong> Huerto de Juan Ranas, <\/strong><em>avec une magnifique vue face \u00e0 <\/em><em>l\u2019Alhambra.<\/em><\/p><\/div>\n\t\t\t\t\t\t\t\t\t<div class=\"elementor-tab-title elementor-tab-mobile-title\" aria-selected=\"false\" data-tab=\"3\" role=\"tab\" tabindex=\"-1\" aria-controls=\"elementor-tab-content-8283\" aria-expanded=\"false\">Jour 3 <\/div>\n\t\t\t\t\t<div id=\"elementor-tab-content-8283\" class=\"elementor-tab-content elementor-clearfix\" data-tab=\"3\" role=\"tabpanel\" aria-labelledby=\"elementor-tab-title-8283\" tabindex=\"0\" hidden=\"hidden\"><p><strong>GRENADE &#8211; CORDOUE &#8211; GRENADE<\/strong><\/p><p>Pour ceux qui le souhaitent, journ\u00e9e libre \u00e0 Grenade ou journ\u00e9e d\u2019excursion \u00e0 Cordoue.<\/p><p><strong>EN OPTION\u00a0:<\/strong> journ\u00e9e \u00e0<strong> Cordoue<\/strong>, l\u2019une des plus anciennes villes d\u2019Espagne. D\u00e9couverte de la <strong>Mosqu\u00e9e-Cath\u00e9drale, la Mezquita<\/strong>. <em>Chef-d\u2019\u0153uvre absolu de l\u2019architecture islamique en Occident. V\u00e9ritable for\u00eat de 856 colonnes, garnies de jaspes, de granit et de marbres sp\u00e9ciaux.<\/em> D\u00e9jeuner au restaurant <strong>Caballo Rojo<\/strong><em>., \u00e0 quelques pas de la Mosqu\u00e9e-Cath\u00e9drale.<\/em> <strong>Promenade dans la ville<\/strong>, capitale du pouvoir des califats durant leur r\u00e8gne\u00a0 : le <strong>quartier de la Juderia<\/strong>, <em>ancien ghetto juif, avec les rues blanches, \u00e9troites et fleuries, les palaces, les patios et les jardins.<\/em><\/p><p><strong>EN OPTION\u00a0:<\/strong> <strong>Conf\u00e9rence-cocktail\u00a0: \u00ab\u00a0L\u2019Orientalisme\u00a0: mythe et r\u00e9alit\u00e9 face \u00e0 l\u2019Orient\u00a0\u00bb <\/strong><strong>par Serge LEGAT. <\/strong>D\u00eener au restaurant <strong>Asador de la Reina<\/strong>, <em>dans une \u00e9l\u00e9gante demeure. Le chef Sergio Lara, propose les plus belles viandes rouges grill\u00e9es au feu de bois d\u2019olivier.<\/em><\/p><\/div>\n\t\t\t\t\t\t\t\t\t<div class=\"elementor-tab-title elementor-tab-mobile-title\" aria-selected=\"false\" data-tab=\"4\" role=\"tab\" tabindex=\"-1\" aria-controls=\"elementor-tab-content-8284\" aria-expanded=\"false\">Jour 4<\/div>\n\t\t\t\t\t<div id=\"elementor-tab-content-8284\" class=\"elementor-tab-content elementor-clearfix\" data-tab=\"4\" role=\"tabpanel\" aria-labelledby=\"elementor-tab-title-8284\" tabindex=\"0\" hidden=\"hidden\"><p><strong>GRENADE &#8211; S\u00c9VILLE<\/strong><\/p><p>D\u00e9part pour rejoindre <strong>Ronda,<\/strong> situ\u00e9e au c\u0153ur de la Sierra de Ronda, qui est l\u2019une des plus anciennes villes d\u2019Espagne. Visite de l\u2019ancienne cit\u00e9 mauresque, la Plaza de Espana, la cath\u00e9drale <em>dont le clocher conserve l\u2019ancienne structure d\u2019un minaret coiff\u00e9 d\u2019un clocheton gothique<\/em>, la maison de Don Bosco, la plaza de Toros, <em>la plus ancienne d\u2019Espagne. <\/em>D\u00e9jeuner au <strong>Parador de Ronda<\/strong>, <em>au bord du Tajo de Ronda, juste \u00e0 c\u00f4t\u00e9 du Puente Nuevo et avec des vues spectaculaires sur la gorge et le paysage andalou. <\/em>Route pour rejoindre <strong>S\u00e9ville<\/strong>, capitale de l\u2019Andalousie. Installation au c\u00e9l\u00e8bre h\u00f4tel <strong>Alfonso XIII<\/strong>. <em>En plein c\u0153ur de la vieille ville, le long des rives du Guadalquivir, ce magnifique palais maure, \u00e9difi\u00e9 en 1928, est consid\u00e9r\u00e9 comme l\u2019un des plus beaux monuments de la ville et le meilleur h\u00f4tel de la ville. <\/em><strong>Conf\u00e9rence-cocktail\u00a0: \u00ab\u00a0Velazquez\u00a0: le peintre des peintres\u00a0\u00bb par Serge LEGAT. <\/strong>D\u00eener au restaurant <strong>San Fernando<\/strong> \u00e0 l\u2019h\u00f4tel.<\/p><\/div>\n\t\t\t\t\t\t\t\t\t<div class=\"elementor-tab-title elementor-tab-mobile-title\" aria-selected=\"false\" data-tab=\"5\" role=\"tab\" tabindex=\"-1\" aria-controls=\"elementor-tab-content-8285\" aria-expanded=\"false\">Jour 5<\/div>\n\t\t\t\t\t<div id=\"elementor-tab-content-8285\" class=\"elementor-tab-content elementor-clearfix\" data-tab=\"5\" role=\"tabpanel\" aria-labelledby=\"elementor-tab-title-8285\" tabindex=\"0\" hidden=\"hidden\"><p><strong>S\u00c9VILLE<\/strong><\/p><p>Promenade en cal\u00e8che pour d\u00e9couvrir S\u00e9ville et visite de l\u2019<strong>Alcazar<\/strong>, <em>ancien<\/em> <em>palais du roi Al Mutamid au XIe si\u00e8cle, d\u2019architecture maure et espagnole.<\/em> D\u00e9couverte du quartier de <strong>Santa Cruz<\/strong>, <em>l\u2019ancien quartier juif, aux rues tr\u00e8s<\/em> <em>\u00e9troites et maisons blanchies \u00e0 la chaux.<\/em> Apr\u00e8s le d\u00e9jeuner, visite de la <strong>Cath\u00e9drale<\/strong><em>, construite \u00e0 partir de 1420 en style gothique, puis Renaissance. Elle renferme d\u2019innombrables toiles de ma\u00eetres et \u0153uvres d\u2019art ainsi que le tombeau de Christophe Colomb et le plus grand retable en bois dor\u00e9 jamais r\u00e9alis\u00e9, achev\u00e9 en 1564.<\/em><\/p><p><strong>EN OPTION<\/strong><strong> :<\/strong><strong>Visite priv\u00e9e et cocktail au Palais de la Comtesse de Lebrija,<\/strong> <em>premi\u00e8re femme membre de l\u2019Acad\u00e9mie des Beaux-Arts de S\u00e9ville. Son escalier monumental est l\u2019un des chefs-d&rsquo;\u0153uvre de la ville, son mus\u00e9e renferme une importante collection de mosa\u00efques romaines, c\u00e9ramiques musulmanes.<\/em> <strong>Conf\u00e9rence. Cocktail et d\u00eener au restaurant Egana Oriza, <\/strong><em>\u00e0 quelques pas des jardins de Murillo et de l&rsquo;Alcazar.<\/em><\/p><\/div>\n\t\t\t\t\t\t\t\t\t<div class=\"elementor-tab-title elementor-tab-mobile-title\" aria-selected=\"false\" data-tab=\"6\" role=\"tab\" tabindex=\"-1\" aria-controls=\"elementor-tab-content-8286\" aria-expanded=\"false\">Jour 6<\/div>\n\t\t\t\t\t<div id=\"elementor-tab-content-8286\" class=\"elementor-tab-content elementor-clearfix\" data-tab=\"6\" role=\"tabpanel\" aria-labelledby=\"elementor-tab-title-8286\" tabindex=\"0\" hidden=\"hidden\"><p><strong>S\u00c9VILLE \u2013 CADIX \u2013 JEREZ DE LA FRONTERA &#8211; S\u00c9VILLE <\/strong><\/p><p>Pour ceux qui le souhaitent, journ\u00e9e libre \u00e0 S\u00e9ville ou journ\u00e9e d&rsquo;excursion \u00e0 Cadix et \u00e0 Jerez de la Jerez de la Frontera.<\/p><p><strong>EN OPTION\u00a0:<\/strong> D\u00e9couverte de<strong> Cadix<\/strong>, <em>fond\u00e9e il y a 3 000 ans par les Ph\u00e9niciens. <\/em>Visite de la Cath\u00e9drale, n\u00e9o-classique avec de tr\u00e8s belles stalles sculpt\u00e9es par Pedro Duque Cornejo. Promenade le long des remparts datant du XVIIe si\u00e8cle et de la plaza de la Victoria avec la puerta de Tierra, porte perc\u00e9e en 1751. D\u00e9jeuner \u00e0 <strong>Jerez de la Frontera<\/strong>, situ\u00e9e<em> au milieu des vignobles<\/em>. <em>C\u2019est l\u2019une des plus aristocratiques villes de l\u2019Andalousie avec ses monuments Renaissance et baroque tels l\u2019Alcazar et la cath\u00e9drale<\/em>.<\/p><p><strong>EN OPTION :<\/strong> D\u00eener au restaurant <strong>Salvador Rojo<\/strong>, avec vue sur l\u2019Alcazar. <strong>Spectacle de Flamenco au cabaret de Los Gallos<\/strong>, sur la place de Santa Cruz. Le tablao de flamenco le plus r\u00e9put\u00e9 de S\u00e9ville.<\/p><\/div>\n\t\t\t\t\t\t\t\t\t<div class=\"elementor-tab-title elementor-tab-mobile-title\" aria-selected=\"false\" data-tab=\"7\" role=\"tab\" tabindex=\"-1\" aria-controls=\"elementor-tab-content-8287\" aria-expanded=\"false\">Jour 7<\/div>\n\t\t\t\t\t<div id=\"elementor-tab-content-8287\" class=\"elementor-tab-content elementor-clearfix\" data-tab=\"7\" role=\"tabpanel\" aria-labelledby=\"elementor-tab-title-8287\" tabindex=\"0\" hidden=\"hidden\"><p><strong>S\u00c9VILLE &#8211; PARIS<\/strong><\/p><p>Visite de la <strong>Maison de Pilatos<\/strong>, <em>demeure du XVIe si\u00e8cle qui poss\u00e8de des \u00e9l\u00e9ments gothiques, mud\u00e9jars et Renaissance. C\u2019est l\u2019un des plus beaux palais andalous de la ville. <\/em>D\u00e9jeuner au restaurant <strong>Poncio<\/strong>, <em>d\u00e9licieuse cuisine andalouse. <\/em>17h15 D\u00e9collage de l\u2019a\u00e9roport de S\u00e9ville, du vol Air France AF 1547 \u00e0 destination de Paris. 19h45 Arriv\u00e9e \u00e0 l\u2019a\u00e9roport de Paris Charles de Gaulle.<\/p><\/div>\n\t\t\t\t\t\t\t<\/div>\n\t\t<\/div>\n\t\t\t\t\t\t<\/div>\n\t\t\t\t<\/div>\n\t\t\t\t\t<\/div>\n\t\t<\/div>\n\t\t\t\t\t<\/div>\n\t\t<\/section>\n\t\t\t\t<section class=\"elementor-section elementor-top-section elementor-element elementor-element-0ffe82c elementor-hidden-desktop elementor-section-boxed elementor-section-height-default elementor-section-height-default qodef-backgound-letter-holder-no qodef-elementor-content-no\" data-id=\"0ffe82c\" data-element_type=\"section\" data-e-type=\"section\">\n\t\t\t\t\t\t<div class=\"elementor-container elementor-column-gap-default\">\n\t\t\t\t\t<div class=\"elementor-column elementor-col-50 elementor-top-column elementor-element elementor-element-5d25b50\" data-id=\"5d25b50\" data-element_type=\"column\" data-e-type=\"column\">\n\t\t\t<div class=\"elementor-widget-wrap elementor-element-populated\">\n\t\t\t\t\t\t<div class=\"elementor-element elementor-element-63b3686 elementor-position-left elementor-vertical-align-middle elementor-widget elementor-widget-image-box\" data-id=\"63b3686\" data-element_type=\"widget\" data-e-type=\"widget\" data-widget_type=\"image-box.default\">\n\t\t\t\t<div class=\"elementor-widget-container\">\n\t\t\t\t\t<div class=\"elementor-image-box-wrapper\"><figure class=\"elementor-image-box-img\"><img decoding=\"async\" width=\"200\" height=\"300\" src=\"https:\/\/voyagesalaune.com\/wp-content\/uploads\/2025\/01\/Franck-33-3.jpg-31-200x300.jpg\" class=\"attachment-medium size-medium wp-image-26982\" alt=\"\" srcset=\"https:\/\/voyagesalaune.com\/wp-content\/uploads\/2025\/01\/Franck-33-3.jpg-31-200x300.jpg 200w, https:\/\/voyagesalaune.com\/wp-content\/uploads\/2025\/01\/Franck-33-3.jpg-31-683x1024.jpg 683w, https:\/\/voyagesalaune.com\/wp-content\/uploads\/2025\/01\/Franck-33-3.jpg-31-768x1152.jpg 768w, https:\/\/voyagesalaune.com\/wp-content\/uploads\/2025\/01\/Franck-33-3.jpg-31-1024x1536.jpg 1024w, https:\/\/voyagesalaune.com\/wp-content\/uploads\/2025\/01\/Franck-33-3.jpg-31-1365x2048.jpg 1365w, https:\/\/voyagesalaune.com\/wp-content\/uploads\/2025\/01\/Franck-33-3.jpg-31-scaled.jpg 1706w\" sizes=\"(max-width: 200px) 100vw, 200px\" \/><\/figure><div class=\"elementor-image-box-content\"><h6 class=\"elementor-image-box-title\">VOUS VOYAGEREZ AVEC FRANCK FERRAND<\/h6><p class=\"elementor-image-box-description\">Franck FERRAND est notre Alain Decaux du XXIe sie\u0300cle. Sa passion pour l\u2019Histoire qui le fait vibrer depuis son enfance poitevine, est des plus contagieuses.\n<br><br>\n <\/p><\/div><\/div>\t\t\t\t<\/div>\n\t\t\t\t<\/div>\n\t\t\t\t<div class=\"elementor-element elementor-element-bdd3ea4 elementor-position-left elementor-vertical-align-middle elementor-widget elementor-widget-image-box\" data-id=\"bdd3ea4\" data-element_type=\"widget\" data-e-type=\"widget\" data-widget_type=\"image-box.default\">\n\t\t\t\t<div class=\"elementor-widget-container\">\n\t\t\t\t\t<div class=\"elementor-image-box-wrapper\"><figure class=\"elementor-image-box-img\"><img decoding=\"async\" width=\"300\" height=\"268\" src=\"https:\/\/voyagesalaune.com\/wp-content\/uploads\/2023\/04\/Serge-Legat-300x268.png\" class=\"attachment-medium size-medium wp-image-15208\" alt=\"\" srcset=\"https:\/\/voyagesalaune.com\/wp-content\/uploads\/2023\/04\/Serge-Legat-300x268.png 300w, https:\/\/voyagesalaune.com\/wp-content\/uploads\/2023\/04\/Serge-Legat.png 490w\" sizes=\"(max-width: 300px) 100vw, 300px\" \/><\/figure><div class=\"elementor-image-box-content\"><h6 class=\"elementor-image-box-title\">VOUS VOYAGEREZ AVEC SERGE LEGAT<\/h6><p class=\"elementor-image-box-description\">Historien d'art, conf\u00e9rencier des mus\u00e9es nationaux et du minist\u00e8re charg\u00e9 du Tourisme.\n<br><br>\n <\/p><\/div><\/div>\t\t\t\t<\/div>\n\t\t\t\t<\/div>\n\t\t\t\t\t<\/div>\n\t\t<\/div>\n\t\t\t\t<div class=\"elementor-column elementor-col-50 elementor-top-column elementor-element elementor-element-865add2\" data-id=\"865add2\" data-element_type=\"column\" data-e-type=\"column\">\n\t\t\t<div class=\"elementor-widget-wrap elementor-element-populated\">\n\t\t\t\t\t\t<div class=\"elementor-element elementor-element-718fb89 elementor-widget elementor-widget-google_maps\" data-id=\"718fb89\" data-element_type=\"widget\" data-e-type=\"widget\" data-widget_type=\"google_maps.default\">\n\t\t\t\t<div class=\"elementor-widget-container\">\n\t\t\t\t\t\t\t<div class=\"elementor-custom-embed\">\n\t\t\t<iframe loading=\"lazy\"\n\t\t\t\t\tsrc=\"https:\/\/maps.google.com\/maps?q=Andalousi&#038;t=m&#038;z=7&#038;output=embed&#038;iwloc=near\"\n\t\t\t\t\ttitle=\"Andalousi\"\n\t\t\t\t\taria-label=\"Andalousi\"\n\t\t\t><\/iframe>\n\t\t<\/div>\n\t\t\t\t\t\t<\/div>\n\t\t\t\t<\/div>\n\t\t\t\t\t<\/div>\n\t\t<\/div>\n\t\t\t\t\t<\/div>\n\t\t<\/section>\n\t\t\t\t<section class=\"elementor-section elementor-top-section elementor-element elementor-element-68be82f elementor-hidden-desktop elementor-hidden-mobile elementor-section-boxed elementor-section-height-default elementor-section-height-default qodef-backgound-letter-holder-no qodef-elementor-content-no\" data-id=\"68be82f\" data-element_type=\"section\" data-e-type=\"section\">\n\t\t\t\t\t\t<div class=\"elementor-container elementor-column-gap-default\">\n\t\t\t\t\t<div class=\"elementor-column elementor-col-100 elementor-top-column elementor-element elementor-element-c448905\" data-id=\"c448905\" data-element_type=\"column\" data-e-type=\"column\">\n\t\t\t<div class=\"elementor-widget-wrap elementor-element-populated\">\n\t\t\t\t\t\t<div class=\"elementor-element elementor-element-3ac31ef elementor-widget elementor-widget-heading\" data-id=\"3ac31ef\" data-element_type=\"widget\" data-e-type=\"widget\" data-widget_type=\"heading.default\">\n\t\t\t\t<div class=\"elementor-widget-container\">\n\t\t\t\t\t<h4 class=\"elementor-heading-title elementor-size-default\">VOTRE ITIN\u00c9RAIRE<\/h4>\t\t\t\t<\/div>\n\t\t\t\t<\/div>\n\t\t\t\t<div class=\"elementor-element elementor-element-8fb0f72 elementor-tabs-alignment-center elementor-tabs-view-horizontal elementor-widget elementor-widget-tabs\" data-id=\"8fb0f72\" data-element_type=\"widget\" data-e-type=\"widget\" data-widget_type=\"tabs.default\">\n\t\t\t\t<div class=\"elementor-widget-container\">\n\t\t\t\t\t\t\t<div class=\"elementor-tabs\">\n\t\t\t<div class=\"elementor-tabs-wrapper\" role=\"tablist\" >\n\t\t\t\t\t\t\t\t\t<div id=\"elementor-tab-title-1501\" class=\"elementor-tab-title elementor-tab-desktop-title\" aria-selected=\"true\" data-tab=\"1\" role=\"tab\" tabindex=\"0\" aria-controls=\"elementor-tab-content-1501\" aria-expanded=\"false\">Jour 1<\/div>\n\t\t\t\t\t\t\t\t\t<div id=\"elementor-tab-title-1502\" class=\"elementor-tab-title elementor-tab-desktop-title\" aria-selected=\"false\" data-tab=\"2\" role=\"tab\" tabindex=\"-1\" aria-controls=\"elementor-tab-content-1502\" aria-expanded=\"false\">Jour 2<\/div>\n\t\t\t\t\t\t\t\t\t<div id=\"elementor-tab-title-1503\" class=\"elementor-tab-title elementor-tab-desktop-title\" aria-selected=\"false\" data-tab=\"3\" role=\"tab\" tabindex=\"-1\" aria-controls=\"elementor-tab-content-1503\" aria-expanded=\"false\">Jour 3 <\/div>\n\t\t\t\t\t\t\t\t\t<div id=\"elementor-tab-title-1504\" class=\"elementor-tab-title elementor-tab-desktop-title\" aria-selected=\"false\" data-tab=\"4\" role=\"tab\" tabindex=\"-1\" aria-controls=\"elementor-tab-content-1504\" aria-expanded=\"false\">Jour 4<\/div>\n\t\t\t\t\t\t\t\t\t<div id=\"elementor-tab-title-1505\" class=\"elementor-tab-title elementor-tab-desktop-title\" aria-selected=\"false\" data-tab=\"5\" role=\"tab\" tabindex=\"-1\" aria-controls=\"elementor-tab-content-1505\" aria-expanded=\"false\">Jour 5<\/div>\n\t\t\t\t\t\t\t\t\t<div id=\"elementor-tab-title-1506\" class=\"elementor-tab-title elementor-tab-desktop-title\" aria-selected=\"false\" data-tab=\"6\" role=\"tab\" tabindex=\"-1\" aria-controls=\"elementor-tab-content-1506\" aria-expanded=\"false\">Jour 6<\/div>\n\t\t\t\t\t\t\t\t\t<div id=\"elementor-tab-title-1507\" class=\"elementor-tab-title elementor-tab-desktop-title\" aria-selected=\"false\" data-tab=\"7\" role=\"tab\" tabindex=\"-1\" aria-controls=\"elementor-tab-content-1507\" aria-expanded=\"false\">Jour 7<\/div>\n\t\t\t\t\t\t\t<\/div>\n\t\t\t<div class=\"elementor-tabs-content-wrapper\" role=\"tablist\" aria-orientation=\"vertical\">\n\t\t\t\t\t\t\t\t\t<div class=\"elementor-tab-title elementor-tab-mobile-title\" aria-selected=\"true\" data-tab=\"1\" role=\"tab\" tabindex=\"0\" aria-controls=\"elementor-tab-content-1501\" aria-expanded=\"false\">Jour 1<\/div>\n\t\t\t\t\t<div id=\"elementor-tab-content-1501\" class=\"elementor-tab-content elementor-clearfix\" data-tab=\"1\" role=\"tabpanel\" aria-labelledby=\"elementor-tab-title-1501\" tabindex=\"0\" hidden=\"false\"><p><strong>PARIS &#8211; MALAGA &#8211; GRENADE<\/strong><\/p><p>9h15D\u00e9collage de l\u2019a\u00e9roport Paris Charles de Gaulle, du vol Air France AF 1746 \u00e0 destination de Malaga. 11h45\u00a0\u00a0 Arriv\u00e9e \u00e0 l\u2019a\u00e9roport de Malaga. D\u00e9jeuner au restaurant <strong>El Pimpi<\/strong>, <em>dans une tr\u00e8s belle maison du XVIIIe si\u00e8cle.<\/em> <strong>Visite comment\u00e9e par Serge Legat du mus\u00e9e Picasso au Palacio de los Condes de Buenavista<\/strong>, un magnifique palais de style Renaissance et mud\u00e9jar. Ce mus\u00e9e moderne rend hommage \u00e0 Pablo Picasso, n\u00e9 \u00e0 Malaga en 1881. La collection comprend plus de deux cents chefs-d\u2019\u0153uvre provenant, principalement d&rsquo;un don de Christine et Bernard Ruiz Picasso. Route vers <strong>Grenade<\/strong>, <em>ville profond\u00e9ment marqu\u00e9e par huit si\u00e8cles de pr\u00e9sence arabe et symbole de la Reconquista des Rois Catholiques.<\/em> Installation \u00e0 l\u2019h\u00f4tel <strong>Meli\u00e0<\/strong>, <em>\u00e0 quelques pas de la cath\u00e9drale et des ruelles anim\u00e9es du c\u0153ur de la ville. <\/em><strong>Conf\u00e9rence-cocktail\u00a0: \u00ab\u00a0Zurbaran et Murillo\u00a0: Humanisme et Mysticisme\u00a0\u00bb par Serge LEGAT.<\/strong> D\u00eener au restaurant <strong>Nervio<\/strong> \u00e0 l\u2019h\u00f4tel.<\/p><\/div>\n\t\t\t\t\t\t\t\t\t<div class=\"elementor-tab-title elementor-tab-mobile-title\" aria-selected=\"false\" data-tab=\"2\" role=\"tab\" tabindex=\"-1\" aria-controls=\"elementor-tab-content-1502\" aria-expanded=\"false\">Jour 2<\/div>\n\t\t\t\t\t<div id=\"elementor-tab-content-1502\" class=\"elementor-tab-content elementor-clearfix\" data-tab=\"2\" role=\"tabpanel\" aria-labelledby=\"elementor-tab-title-1502\" tabindex=\"0\" hidden=\"hidden\"><p><strong>GRENADE<\/strong><\/p><p>D\u00e9couverte de <strong>l\u2019Alhambra<\/strong>, <em>dress\u00e9 avec fiert\u00e9 sur les hauteurs de Grenade. Construit au XIIIe si\u00e8cle, il appartient depuis la fin du XVe si\u00e8cle aux Rois Catholiques d\u2019Espagne. Ses jardins incarnent avec po\u00e9sie l\u2019h\u00e9ritage mauresque espagnol.<\/em> D\u00e9jeuner au restaurant <strong>El Coso<\/strong>, <em>situ\u00e9 dans les ar\u00e8nes<\/em>.\u00a0Promenade dans les <strong>jardins du G\u00e9n\u00e9ralife<\/strong>, <em>merveilleux jardins andalous aux multiples jets d\u2019eau<\/em>. D\u00eener au restaurant<strong> Huerto de Juan Ranas, <\/strong><em>avec une magnifique vue face \u00e0<\/em> <em>l\u2019Alhambra.<\/em><\/p><\/div>\n\t\t\t\t\t\t\t\t\t<div class=\"elementor-tab-title elementor-tab-mobile-title\" aria-selected=\"false\" data-tab=\"3\" role=\"tab\" tabindex=\"-1\" aria-controls=\"elementor-tab-content-1503\" aria-expanded=\"false\">Jour 3 <\/div>\n\t\t\t\t\t<div id=\"elementor-tab-content-1503\" class=\"elementor-tab-content elementor-clearfix\" data-tab=\"3\" role=\"tabpanel\" aria-labelledby=\"elementor-tab-title-1503\" tabindex=\"0\" hidden=\"hidden\"><p><strong>GRENADE &#8211; CORDOUE &#8211; GRENADE<\/strong><\/p><p>Pour ceux qui le souhaitent, journ\u00e9e libre \u00e0 Grenade ou journ\u00e9e d\u2019excursion \u00e0 Cordoue.<\/p><p><strong>EN OPTION\u00a0:<\/strong> journ\u00e9e \u00e0<strong> Cordoue<\/strong>, l\u2019une des plus anciennes villes d\u2019Espagne. D\u00e9couverte de la <strong>Mosqu\u00e9e-Cath\u00e9drale, la Mezquita<\/strong>. <em>Chef-d\u2019\u0153uvre absolu de l\u2019architecture islamique en Occident. V\u00e9ritable for\u00eat de 856 colonnes, garnies de jaspes, de granit et de marbres sp\u00e9ciaux.<\/em> D\u00e9jeuner au restaurant <strong>Caballo Rojo<\/strong><em>., \u00e0 quelques pas de la Mosqu\u00e9e-Cath\u00e9drale.<\/em> <strong>Promenade dans la ville<\/strong>, capitale du pouvoir des califats durant leur r\u00e8gne\u00a0 : le <strong>quartier de la Juderia<\/strong>, <em>ancien ghetto juif, avec les rues blanches, \u00e9troites et fleuries, les palaces, les patios et les jardins.<\/em><\/p><p><strong>EN OPTION\u00a0:<\/strong> <strong>Conf\u00e9rence-cocktail\u00a0: \u00ab\u00a0L\u2019Orientalisme\u00a0: mythe et r\u00e9alit\u00e9 face \u00e0 l\u2019Orient\u00a0\u00bb par Serge LEGAT. <\/strong>D\u00eener au restaurant <strong>Asador de la Reina<\/strong>, <em>dans une \u00e9l\u00e9gante demeure. Le chef Sergio Lara, propose les plus belles viandes rouges grill\u00e9es au feu de bois d\u2019olivier.<\/em><\/p><\/div>\n\t\t\t\t\t\t\t\t\t<div class=\"elementor-tab-title elementor-tab-mobile-title\" aria-selected=\"false\" data-tab=\"4\" role=\"tab\" tabindex=\"-1\" aria-controls=\"elementor-tab-content-1504\" aria-expanded=\"false\">Jour 4<\/div>\n\t\t\t\t\t<div id=\"elementor-tab-content-1504\" class=\"elementor-tab-content elementor-clearfix\" data-tab=\"4\" role=\"tabpanel\" aria-labelledby=\"elementor-tab-title-1504\" tabindex=\"0\" hidden=\"hidden\"><p><strong>GRENADE &#8211; S\u00c9VILLE<\/strong><\/p><p>D\u00e9part pour rejoindre <strong>Ronda,<\/strong> situ\u00e9e au c\u0153ur de la Sierra de Ronda, qui est l\u2019une des plus anciennes villes d\u2019Espagne. Visite de l\u2019ancienne cit\u00e9 mauresque, la Plaza de Espana, la cath\u00e9drale <em>dont le clocher conserve l\u2019ancienne structure d\u2019un minaret coiff\u00e9 d\u2019un clocheton gothique<\/em>, la maison de Don Bosco, la plaza de Toros, <em>la plus ancienne d\u2019Espagne. <\/em>D\u00e9jeuner au <strong>Parador de Ronda<\/strong>, <em>au bord du Tajo de Ronda, juste \u00e0 c\u00f4t\u00e9 du Puente Nuevo et avec des vues spectaculaires sur la gorge et le paysage andalou. <\/em>Route pour rejoindre <strong>S\u00e9ville<\/strong>, capitale de l\u2019Andalousie. Installation au c\u00e9l\u00e8bre h\u00f4tel <strong>Alfonso XIII<\/strong>. <em>En plein c\u0153ur de la vieille ville, le long des rives du Guadalquivir, ce magnifique palais maure, \u00e9difi\u00e9 en 1928, est consid\u00e9r\u00e9 comme l\u2019un des plus beaux monuments de la ville et le meilleur h\u00f4tel de la ville. <\/em><strong>Conf\u00e9rence-cocktail\u00a0: \u00ab\u00a0Velazquez\u00a0: le peintre des peintres\u00a0\u00bb par Serge LEGAT. <\/strong>D\u00eener au restaurant <strong>San Fernando<\/strong> \u00e0 l\u2019h\u00f4tel.<\/p><\/div>\n\t\t\t\t\t\t\t\t\t<div class=\"elementor-tab-title elementor-tab-mobile-title\" aria-selected=\"false\" data-tab=\"5\" role=\"tab\" tabindex=\"-1\" aria-controls=\"elementor-tab-content-1505\" aria-expanded=\"false\">Jour 5<\/div>\n\t\t\t\t\t<div id=\"elementor-tab-content-1505\" class=\"elementor-tab-content elementor-clearfix\" data-tab=\"5\" role=\"tabpanel\" aria-labelledby=\"elementor-tab-title-1505\" tabindex=\"0\" hidden=\"hidden\"><p><strong>S\u00c9VILLE<\/strong><\/p><p>Promenade en cal\u00e8che pour d\u00e9couvrir S\u00e9ville et visite de l\u2019<strong>Alcazar<\/strong>, <em>ancien<\/em> <em>palais du roi Al Mutamid au XIe si\u00e8cle, d\u2019architecture maure et espagnole.<\/em> D\u00e9couverte du quartier de <strong>Santa Cruz<\/strong>, <em>l\u2019ancien quartier juif, aux rues tr\u00e8s<\/em> <em>\u00e9troites et maisons blanchies \u00e0 la chaux.<\/em> Apr\u00e8s le d\u00e9jeuner, visite de la <strong>Cath\u00e9drale<\/strong><em>, construite \u00e0 partir de 1420 en style gothique, puis Renaissance. Elle renferme d\u2019innombrables toiles de ma\u00eetres et \u0153uvres d\u2019art ainsi que le tombeau de Christophe Colomb et le plus grand retable en bois dor\u00e9 jamais r\u00e9alis\u00e9, achev\u00e9 en 1564.<\/em><\/p><p><strong>EN OPTION<\/strong><strong> :<\/strong><strong>Visite priv\u00e9e et cocktail au Palais de la Comtesse de Lebrija,<\/strong> <em>premi\u00e8re femme membre de l\u2019Acad\u00e9mie des Beaux-Arts de S\u00e9ville. Son escalier monumental est l\u2019un des chefs-d&rsquo;\u0153uvre de la ville, son mus\u00e9e renferme une importante collection de mosa\u00efques romaines, c\u00e9ramiques musulmanes.<\/em> <strong>Conf\u00e9rence. Cocktail et d\u00eener au restaurant Egana Oriza, <\/strong><em>\u00e0 quelques pas des jardins de Murillo et de l&rsquo;Alcazar.<\/em><\/p><\/div>\n\t\t\t\t\t\t\t\t\t<div class=\"elementor-tab-title elementor-tab-mobile-title\" aria-selected=\"false\" data-tab=\"6\" role=\"tab\" tabindex=\"-1\" aria-controls=\"elementor-tab-content-1506\" aria-expanded=\"false\">Jour 6<\/div>\n\t\t\t\t\t<div id=\"elementor-tab-content-1506\" class=\"elementor-tab-content elementor-clearfix\" data-tab=\"6\" role=\"tabpanel\" aria-labelledby=\"elementor-tab-title-1506\" tabindex=\"0\" hidden=\"hidden\"><p><strong>S\u00c9VILLE \u2013 CADIX \u2013 JEREZ DE LA FRONTERA &#8211; S\u00c9VILLE <\/strong><\/p><p>Pour ceux qui le souhaitent, journ\u00e9e libre \u00e0 S\u00e9ville ou journ\u00e9e d&rsquo;excursion \u00e0 Cadix et \u00e0 Jerez de la Jerez de la Frontera.<\/p><p><strong>EN OPTION\u00a0:<\/strong> D\u00e9couverte de<strong> Cadix<\/strong>, <em>fond\u00e9e il y a 3 000 ans par les Ph\u00e9niciens. <\/em>Visite de la Cath\u00e9drale, n\u00e9o-classique avec de tr\u00e8s belles stalles sculpt\u00e9es par Pedro Duque Cornejo. Promenade le long des remparts datant du XVIIe si\u00e8cle et de la plaza de la Victoria avec la puerta de Tierra, porte perc\u00e9e en 1751. D\u00e9jeuner \u00e0 <strong>Jerez de la Frontera<\/strong>, situ\u00e9e<em> au milieu des vignobles<\/em>. <em>C\u2019est l\u2019une des plus aristocratiques villes de l\u2019Andalousie avec ses monuments Renaissance et baroque tels l\u2019Alcazar et la cath\u00e9drale<\/em>.<\/p><p><strong>EN OPTION :<\/strong> D\u00eener au restaurant <strong>Salvador Rojo<\/strong>, avec vue sur l\u2019Alcazar. <strong>Spectacle de Flamenco au cabaret de Los Gallos<\/strong>, sur la place de Santa Cruz. Le tablao de flamenco le plus r\u00e9put\u00e9 de S\u00e9ville.<\/p><\/div>\n\t\t\t\t\t\t\t\t\t<div class=\"elementor-tab-title elementor-tab-mobile-title\" aria-selected=\"false\" data-tab=\"7\" role=\"tab\" tabindex=\"-1\" aria-controls=\"elementor-tab-content-1507\" aria-expanded=\"false\">Jour 7<\/div>\n\t\t\t\t\t<div id=\"elementor-tab-content-1507\" class=\"elementor-tab-content elementor-clearfix\" data-tab=\"7\" role=\"tabpanel\" aria-labelledby=\"elementor-tab-title-1507\" tabindex=\"0\" hidden=\"hidden\"><p><strong>S\u00c9VILLE &#8211; PARIS<\/strong><\/p><p>Visite de la <strong>Maison de Pilatos<\/strong>, <em>demeure du XVIe si\u00e8cle qui poss\u00e8de des \u00e9l\u00e9ments gothiques, mud\u00e9jars et Renaissance. C\u2019est l\u2019un des plus beaux palais andalous de la ville. <\/em>D\u00e9jeuner au restaurant <strong>Poncio<\/strong>, <em>d\u00e9licieuse cuisine andalouse. <\/em>17h15 D\u00e9collage de l\u2019a\u00e9roport de S\u00e9ville, du vol Air France AF 1547 \u00e0 destination de Paris. 19h45 Arriv\u00e9e \u00e0 l\u2019a\u00e9roport de Paris Charles de Gaulle.<\/p><\/div>\n\t\t\t\t\t\t\t<\/div>\n\t\t<\/div>\n\t\t\t\t\t\t<\/div>\n\t\t\t\t<\/div>\n\t\t\t\t\t<\/div>\n\t\t<\/div>\n\t\t\t\t\t<\/div>\n\t\t<\/section>\n\t\t\t\t<section class=\"elementor-section elementor-top-section elementor-element elementor-element-b7a7ced elementor-hidden-desktop elementor-hidden-tablet elementor-section-boxed elementor-section-height-default elementor-section-height-default qodef-backgound-letter-holder-no qodef-elementor-content-no\" data-id=\"b7a7ced\" data-element_type=\"section\" data-e-type=\"section\">\n\t\t\t\t\t\t<div class=\"elementor-container elementor-column-gap-default\">\n\t\t\t\t\t<div class=\"elementor-column elementor-col-100 elementor-top-column elementor-element elementor-element-1e67d1d\" data-id=\"1e67d1d\" data-element_type=\"column\" data-e-type=\"column\">\n\t\t\t<div class=\"elementor-widget-wrap elementor-element-populated\">\n\t\t\t\t\t\t<div class=\"elementor-element elementor-element-9b4e477 elementor-widget elementor-widget-heading\" data-id=\"9b4e477\" data-element_type=\"widget\" data-e-type=\"widget\" data-widget_type=\"heading.default\">\n\t\t\t\t<div class=\"elementor-widget-container\">\n\t\t\t\t\t<h4 class=\"elementor-heading-title elementor-size-default\">VOTRE ITIN\u00c9RAIRE<\/h4>\t\t\t\t<\/div>\n\t\t\t\t<\/div>\n\t\t\t\t<div class=\"elementor-element elementor-element-9d574cd elementor-tabs-alignment-center elementor-tabs-view-horizontal elementor-widget elementor-widget-tabs\" data-id=\"9d574cd\" data-element_type=\"widget\" data-e-type=\"widget\" data-widget_type=\"tabs.default\">\n\t\t\t\t<div class=\"elementor-widget-container\">\n\t\t\t\t\t\t\t<div class=\"elementor-tabs\">\n\t\t\t<div class=\"elementor-tabs-wrapper\" role=\"tablist\" >\n\t\t\t\t\t\t\t\t\t<div id=\"elementor-tab-title-1641\" class=\"elementor-tab-title elementor-tab-desktop-title\" aria-selected=\"true\" data-tab=\"1\" role=\"tab\" tabindex=\"0\" aria-controls=\"elementor-tab-content-1641\" aria-expanded=\"false\">Jour 1 <\/div>\n\t\t\t\t\t\t\t\t\t<div id=\"elementor-tab-title-1642\" class=\"elementor-tab-title elementor-tab-desktop-title\" aria-selected=\"false\" data-tab=\"2\" role=\"tab\" tabindex=\"-1\" aria-controls=\"elementor-tab-content-1642\" aria-expanded=\"false\">Jour 2 <\/div>\n\t\t\t\t\t\t\t\t\t<div id=\"elementor-tab-title-1643\" class=\"elementor-tab-title elementor-tab-desktop-title\" aria-selected=\"false\" data-tab=\"3\" role=\"tab\" tabindex=\"-1\" aria-controls=\"elementor-tab-content-1643\" aria-expanded=\"false\">Jour 3<\/div>\n\t\t\t\t\t\t\t\t\t<div id=\"elementor-tab-title-1644\" class=\"elementor-tab-title elementor-tab-desktop-title\" aria-selected=\"false\" data-tab=\"4\" role=\"tab\" tabindex=\"-1\" aria-controls=\"elementor-tab-content-1644\" aria-expanded=\"false\">Jour 4<\/div>\n\t\t\t\t\t\t\t\t\t<div id=\"elementor-tab-title-1645\" class=\"elementor-tab-title elementor-tab-desktop-title\" aria-selected=\"false\" data-tab=\"5\" role=\"tab\" tabindex=\"-1\" aria-controls=\"elementor-tab-content-1645\" aria-expanded=\"false\">Jour 5<\/div>\n\t\t\t\t\t\t\t\t\t<div id=\"elementor-tab-title-1646\" class=\"elementor-tab-title elementor-tab-desktop-title\" aria-selected=\"false\" data-tab=\"6\" role=\"tab\" tabindex=\"-1\" aria-controls=\"elementor-tab-content-1646\" aria-expanded=\"false\">Jour 6<\/div>\n\t\t\t\t\t\t\t\t\t<div id=\"elementor-tab-title-1647\" class=\"elementor-tab-title elementor-tab-desktop-title\" aria-selected=\"false\" data-tab=\"7\" role=\"tab\" tabindex=\"-1\" aria-controls=\"elementor-tab-content-1647\" aria-expanded=\"false\">Jour 7<\/div>\n\t\t\t\t\t\t\t<\/div>\n\t\t\t<div class=\"elementor-tabs-content-wrapper\" role=\"tablist\" aria-orientation=\"vertical\">\n\t\t\t\t\t\t\t\t\t<div class=\"elementor-tab-title elementor-tab-mobile-title\" aria-selected=\"true\" data-tab=\"1\" role=\"tab\" tabindex=\"0\" aria-controls=\"elementor-tab-content-1641\" aria-expanded=\"false\">Jour 1 <\/div>\n\t\t\t\t\t<div id=\"elementor-tab-content-1641\" class=\"elementor-tab-content elementor-clearfix\" data-tab=\"1\" role=\"tabpanel\" aria-labelledby=\"elementor-tab-title-1641\" tabindex=\"0\" hidden=\"false\"><p><strong>PARIS &#8211; MALAGA &#8211; GRENADE<\/strong><\/p><p>9h15D\u00e9collage de l\u2019a\u00e9roport Paris Charles de Gaulle, du vol Air France AF 1746 \u00e0 destination de Malaga. 11h45\u00a0\u00a0 Arriv\u00e9e \u00e0 l\u2019a\u00e9roport de Malaga. D\u00e9jeuner au restaurant <strong>El Pimpi<\/strong>, <em>dans une tr\u00e8s belle maison du XVIIIe si\u00e8cle.<\/em> <strong>Visite comment\u00e9e par Serge Legat du mus\u00e9e Picasso au Palacio de los Condes de Buenavista<\/strong>, un magnifique palais de style Renaissance et mud\u00e9jar. Ce mus\u00e9e moderne rend hommage \u00e0 Pablo Picasso, n\u00e9 \u00e0 Malaga en 1881. La collection comprend plus de deux cents chefs-d\u2019\u0153uvre provenant, principalement d&rsquo;un don de Christine et Bernard Ruiz Picasso. Route vers <strong>Grenade<\/strong>, <em>ville profond\u00e9ment marqu\u00e9e par huit si\u00e8cles de pr\u00e9sence arabe et symbole de la Reconquista des Rois Catholiques.<\/em> Installation \u00e0 l\u2019h\u00f4tel <strong>Meli\u00e0<\/strong>, <em>\u00e0 quelques pas de la cath\u00e9drale et des ruelles anim\u00e9es du c\u0153ur de la ville. <\/em><strong>Conf\u00e9rence-cocktail\u00a0: \u00ab\u00a0Zurbaran et Murillo\u00a0: Humanisme et Mysticisme\u00a0\u00bb par Serge LEGAT.<\/strong> D\u00eener au restaurant <strong>Nervio<\/strong> \u00e0 l\u2019h\u00f4tel.<\/p><\/div>\n\t\t\t\t\t\t\t\t\t<div class=\"elementor-tab-title elementor-tab-mobile-title\" aria-selected=\"false\" data-tab=\"2\" role=\"tab\" tabindex=\"-1\" aria-controls=\"elementor-tab-content-1642\" aria-expanded=\"false\">Jour 2 <\/div>\n\t\t\t\t\t<div id=\"elementor-tab-content-1642\" class=\"elementor-tab-content elementor-clearfix\" data-tab=\"2\" role=\"tabpanel\" aria-labelledby=\"elementor-tab-title-1642\" tabindex=\"0\" hidden=\"hidden\"><p><strong>GRENADE<\/strong><\/p><p>D\u00e9couverte de <strong>l\u2019Alhambra<\/strong>, <em>dress\u00e9 avec fiert\u00e9 sur les hauteurs de Grenade. Construit au XIIIe si\u00e8cle, il appartient depuis la fin du XVe si\u00e8cle aux Rois Catholiques d\u2019Espagne. Ses jardins incarnent avec po\u00e9sie l\u2019h\u00e9ritage mauresque espagnol.<\/em> D\u00e9jeuner au restaurant <strong>El Coso<\/strong>, <em>situ\u00e9 dans les ar\u00e8nes<\/em>.\u00a0Promenade dans les <strong>jardins du G\u00e9n\u00e9ralife<\/strong>, <em>merveilleux jardins andalous aux multiples jets d\u2019eau<\/em>. D\u00eener au restaurant<strong> Huerto de Juan Ranas, <\/strong><em>avec une magnifique vue face \u00e0<\/em> <em>l\u2019Alhambra.<\/em><\/p><\/div>\n\t\t\t\t\t\t\t\t\t<div class=\"elementor-tab-title elementor-tab-mobile-title\" aria-selected=\"false\" data-tab=\"3\" role=\"tab\" tabindex=\"-1\" aria-controls=\"elementor-tab-content-1643\" aria-expanded=\"false\">Jour 3<\/div>\n\t\t\t\t\t<div id=\"elementor-tab-content-1643\" class=\"elementor-tab-content elementor-clearfix\" data-tab=\"3\" role=\"tabpanel\" aria-labelledby=\"elementor-tab-title-1643\" tabindex=\"0\" hidden=\"hidden\"><p><strong>GRENADE &#8211; CORDOUE &#8211; GRENADE<\/strong><\/p><p>Pour ceux qui le souhaitent, journ\u00e9e libre \u00e0 Grenade ou journ\u00e9e d\u2019excursion \u00e0 Cordoue.<\/p><p><strong>EN OPTION\u00a0:<\/strong> journ\u00e9e \u00e0<strong> Cordoue<\/strong>, l\u2019une des plus anciennes villes d\u2019Espagne. D\u00e9couverte de la <strong>Mosqu\u00e9e-Cath\u00e9drale, la Mezquita<\/strong>. <em>Chef-d\u2019\u0153uvre absolu de l\u2019architecture islamique en Occident. V\u00e9ritable for\u00eat de 856 colonnes, garnies de jaspes, de granit et de marbres sp\u00e9ciaux.<\/em> D\u00e9jeuner au restaurant <strong>Caballo Rojo<\/strong><em>., \u00e0 quelques pas de la Mosqu\u00e9e-Cath\u00e9drale.<\/em> <strong>Promenade dans la ville<\/strong>, capitale du pouvoir des califats durant leur r\u00e8gne\u00a0 : le <strong>quartier de la Juderia<\/strong>, <em>ancien ghetto juif, avec les rues blanches, \u00e9troites et fleuries, les palaces, les patios et les jardins.<\/em><\/p><p><strong>EN OPTION\u00a0:<\/strong> <strong>Conf\u00e9rence-cocktail\u00a0: \u00ab\u00a0L\u2019Orientalisme\u00a0: mythe et r\u00e9alit\u00e9 face \u00e0 l\u2019Orient\u00a0\u00bb par Serge LEGAT. <\/strong>D\u00eener au restaurant <strong>Asador de la Reina<\/strong>, <em>dans une \u00e9l\u00e9gante demeure. Le chef Sergio Lara, propose les plus belles viandes rouges grill\u00e9es au feu de bois d\u2019olivier.<\/em><\/p><\/div>\n\t\t\t\t\t\t\t\t\t<div class=\"elementor-tab-title elementor-tab-mobile-title\" aria-selected=\"false\" data-tab=\"4\" role=\"tab\" tabindex=\"-1\" aria-controls=\"elementor-tab-content-1644\" aria-expanded=\"false\">Jour 4<\/div>\n\t\t\t\t\t<div id=\"elementor-tab-content-1644\" class=\"elementor-tab-content elementor-clearfix\" data-tab=\"4\" role=\"tabpanel\" aria-labelledby=\"elementor-tab-title-1644\" tabindex=\"0\" hidden=\"hidden\"><p><strong>GRENADE &#8211; S\u00c9VILLE<\/strong><\/p><p>D\u00e9part pour rejoindre <strong>Ronda,<\/strong> situ\u00e9e au c\u0153ur de la Sierra de Ronda, qui est l\u2019une des plus anciennes villes d\u2019Espagne. Visite de l\u2019ancienne cit\u00e9 mauresque, la Plaza de Espana, la cath\u00e9drale <em>dont le clocher conserve l\u2019ancienne structure d\u2019un minaret coiff\u00e9 d\u2019un clocheton gothique<\/em>, la maison de Don Bosco, la plaza de Toros, <em>la plus ancienne d\u2019Espagne. <\/em>D\u00e9jeuner au <strong>Parador de Ronda<\/strong>, <em>au bord du Tajo de Ronda, juste \u00e0 c\u00f4t\u00e9 du Puente Nuevo et avec des vues spectaculaires sur la gorge et le paysage andalou. <\/em>Route pour rejoindre <strong>S\u00e9ville<\/strong>, capitale de l\u2019Andalousie. Installation au c\u00e9l\u00e8bre h\u00f4tel <strong>Alfonso XIII<\/strong>. <em>En plein c\u0153ur de la vieille ville, le long des rives du Guadalquivir, ce magnifique palais maure, \u00e9difi\u00e9 en 1928, est consid\u00e9r\u00e9 comme l\u2019un des plus beaux monuments de la ville et le meilleur h\u00f4tel de la ville. <\/em><strong>Conf\u00e9rence-cocktail\u00a0: \u00ab\u00a0Velazquez\u00a0: le peintre des peintres\u00a0\u00bb par Serge LEGAT. <\/strong>D\u00eener au restaurant <strong>San Fernando<\/strong> \u00e0 l\u2019h\u00f4tel.<\/p><\/div>\n\t\t\t\t\t\t\t\t\t<div class=\"elementor-tab-title elementor-tab-mobile-title\" aria-selected=\"false\" data-tab=\"5\" role=\"tab\" tabindex=\"-1\" aria-controls=\"elementor-tab-content-1645\" aria-expanded=\"false\">Jour 5<\/div>\n\t\t\t\t\t<div id=\"elementor-tab-content-1645\" class=\"elementor-tab-content elementor-clearfix\" data-tab=\"5\" role=\"tabpanel\" aria-labelledby=\"elementor-tab-title-1645\" tabindex=\"0\" hidden=\"hidden\"><p><strong>S\u00c9VILLE<\/strong><\/p><p>Promenade en cal\u00e8che pour d\u00e9couvrir S\u00e9ville et visite de l\u2019<strong>Alcazar<\/strong>, <em>ancien<\/em> <em>palais du roi Al Mutamid au XIe si\u00e8cle, d\u2019architecture maure et espagnole.<\/em> D\u00e9couverte du quartier de <strong>Santa Cruz<\/strong>, <em>l\u2019ancien quartier juif, aux rues tr\u00e8s<\/em> <em>\u00e9troites et maisons blanchies \u00e0 la chaux.<\/em> Apr\u00e8s le d\u00e9jeuner, visite de la <strong>Cath\u00e9drale<\/strong><em>, construite \u00e0 partir de 1420 en style gothique, puis Renaissance. Elle renferme d\u2019innombrables toiles de ma\u00eetres et \u0153uvres d\u2019art ainsi que le tombeau de Christophe Colomb et le plus grand retable en bois dor\u00e9 jamais r\u00e9alis\u00e9, achev\u00e9 en 1564.<\/em><\/p><p><strong>EN OPTION<\/strong><strong> :<\/strong><strong>Visite priv\u00e9e et cocktail au Palais de la Comtesse de Lebrija,<\/strong> <em>premi\u00e8re femme membre de l\u2019Acad\u00e9mie des Beaux-Arts de S\u00e9ville. Son escalier monumental est l\u2019un des chefs-d&rsquo;\u0153uvre de la ville, son mus\u00e9e renferme une importante collection de mosa\u00efques romaines, c\u00e9ramiques musulmanes.<\/em> <strong>Conf\u00e9rence. Cocktail et d\u00eener au restaurant Egana Oriza, <\/strong><em>\u00e0 quelques pas des jardins de Murillo et de l&rsquo;Alcazar.<\/em><\/p><\/div>\n\t\t\t\t\t\t\t\t\t<div class=\"elementor-tab-title elementor-tab-mobile-title\" aria-selected=\"false\" data-tab=\"6\" role=\"tab\" tabindex=\"-1\" aria-controls=\"elementor-tab-content-1646\" aria-expanded=\"false\">Jour 6<\/div>\n\t\t\t\t\t<div id=\"elementor-tab-content-1646\" class=\"elementor-tab-content elementor-clearfix\" data-tab=\"6\" role=\"tabpanel\" aria-labelledby=\"elementor-tab-title-1646\" tabindex=\"0\" hidden=\"hidden\"><p><strong>S\u00c9VILLE \u2013 CADIX \u2013 JEREZ DE LA FRONTERA &#8211; S\u00c9VILLE <\/strong><\/p><p>Pour ceux qui le souhaitent, journ\u00e9e libre \u00e0 S\u00e9ville ou journ\u00e9e d&rsquo;excursion \u00e0 Cadix et \u00e0 Jerez de la Jerez de la Frontera.<\/p><p><strong>EN OPTION\u00a0:<\/strong> D\u00e9couverte de<strong> Cadix<\/strong>, <em>fond\u00e9e il y a 3 000 ans par les Ph\u00e9niciens. <\/em>Visite de la Cath\u00e9drale, n\u00e9o-classique avec de tr\u00e8s belles stalles sculpt\u00e9es par Pedro Duque Cornejo. Promenade le long des remparts datant du XVIIe si\u00e8cle et de la plaza de la Victoria avec la puerta de Tierra, porte perc\u00e9e en 1751. D\u00e9jeuner \u00e0 <strong>Jerez de la Frontera<\/strong>, situ\u00e9e<em> au milieu des vignobles<\/em>. <em>C\u2019est l\u2019une des plus aristocratiques villes de l\u2019Andalousie avec ses monuments Renaissance et baroque tels l\u2019Alcazar et la cath\u00e9drale<\/em>.<\/p><p><strong>EN OPTION :<\/strong> D\u00eener au restaurant <strong>Salvador Rojo<\/strong>, avec vue sur l\u2019Alcazar. <strong>Spectacle de Flamenco au cabaret de Los Gallos<\/strong>, sur la place de Santa Cruz. Le tablao de flamenco le plus r\u00e9put\u00e9 de S\u00e9ville.<\/p><\/div>\n\t\t\t\t\t\t\t\t\t<div class=\"elementor-tab-title elementor-tab-mobile-title\" aria-selected=\"false\" data-tab=\"7\" role=\"tab\" tabindex=\"-1\" aria-controls=\"elementor-tab-content-1647\" aria-expanded=\"false\">Jour 7<\/div>\n\t\t\t\t\t<div id=\"elementor-tab-content-1647\" class=\"elementor-tab-content elementor-clearfix\" data-tab=\"7\" role=\"tabpanel\" aria-labelledby=\"elementor-tab-title-1647\" tabindex=\"0\" hidden=\"hidden\"><p><strong>S\u00c9VILLE &#8211; PARIS<\/strong><\/p><p>Visite de la <strong>Maison de Pilatos<\/strong>, <em>demeure du XVIe si\u00e8cle qui poss\u00e8de des \u00e9l\u00e9ments gothiques, mud\u00e9jars et Renaissance. C\u2019est l\u2019un des plus beaux palais andalous de la ville. <\/em>D\u00e9jeuner au restaurant <strong>Poncio<\/strong>, <em>d\u00e9licieuse cuisine andalouse. <\/em>17h15 D\u00e9collage de l\u2019a\u00e9roport de S\u00e9ville, du vol Air France AF 1547 \u00e0 destination de Paris. 19h45 Arriv\u00e9e \u00e0 l\u2019a\u00e9roport de Paris Charles de Gaulle.<\/p><\/div>\n\t\t\t\t\t\t\t<\/div>\n\t\t<\/div>\n\t\t\t\t\t\t<\/div>\n\t\t\t\t<\/div>\n\t\t\t\t\t<\/div>\n\t\t<\/div>\n\t\t\t\t\t<\/div>\n\t\t<\/section>\n\t\t\t\t<section class=\"elementor-section elementor-top-section elementor-element elementor-element-18e899e elementor-section-boxed elementor-section-height-default elementor-section-height-default qodef-backgound-letter-holder-no qodef-elementor-content-no\" data-id=\"18e899e\" data-element_type=\"section\" data-e-type=\"section\">\n\t\t\t\t\t\t<div class=\"elementor-container elementor-column-gap-default\">\n\t\t\t\t\t<div class=\"elementor-column elementor-col-100 elementor-top-column elementor-element elementor-element-398bfdd\" data-id=\"398bfdd\" data-element_type=\"column\" data-e-type=\"column\">\n\t\t\t<div class=\"elementor-widget-wrap elementor-element-populated\">\n\t\t\t\t\t\t<div class=\"elementor-element elementor-element-e424d08 elementor-widget-divider--view-line elementor-widget elementor-widget-divider\" data-id=\"e424d08\" data-element_type=\"widget\" data-e-type=\"widget\" data-widget_type=\"divider.default\">\n\t\t\t\t<div class=\"elementor-widget-container\">\n\t\t\t\t\t\t\t<div class=\"elementor-divider\">\n\t\t\t<span class=\"elementor-divider-separator\">\n\t\t\t\t\t\t<\/span>\n\t\t<\/div>\n\t\t\t\t\t\t<\/div>\n\t\t\t\t<\/div>\n\t\t\t\t\t<\/div>\n\t\t<\/div>\n\t\t\t\t\t<\/div>\n\t\t<\/section>\n\t\t\t\t<section class=\"elementor-section elementor-top-section elementor-element elementor-element-8a57676 elementor-section-boxed elementor-section-height-default elementor-section-height-default qodef-backgound-letter-holder-no qodef-elementor-content-no\" data-id=\"8a57676\" data-element_type=\"section\" data-e-type=\"section\">\n\t\t\t\t\t\t<div class=\"elementor-container elementor-column-gap-default\">\n\t\t\t\t\t<div class=\"elementor-column elementor-col-33 elementor-top-column elementor-element elementor-element-63541a4\" data-id=\"63541a4\" data-element_type=\"column\" data-e-type=\"column\">\n\t\t\t<div class=\"elementor-widget-wrap elementor-element-populated\">\n\t\t\t\t\t\t<div class=\"elementor-element elementor-element-f0ed6a5 elementor-widget elementor-widget-text-editor\" data-id=\"f0ed6a5\" data-element_type=\"widget\" data-e-type=\"widget\" data-widget_type=\"text-editor.default\">\n\t\t\t\t<div class=\"elementor-widget-container\">\n\t\t\t\t\t\t\t\t\t<h6 style=\"text-align: center;\"><span style=\"color: #1b3864;\"><span style=\"caret-color: #1b3864;\"><b>VOS H\u00d4TELS<\/b><\/span><\/span><\/h6><p><strong>MELIA GRANADA <\/strong><\/p><p>Id\u00e9alement situ\u00e9 \u00e0 quelques pas de la cath\u00e9drale et des ruelles anim\u00e9es du centre historique.<\/p><p><strong>ALFONSO XIII <\/strong><\/p><p>Ce prestigieux \u00e9tablissement est situ\u00e9 au c\u0153ur de S\u00e9ville, \u00e0 proximit\u00e9 de l\u2019Alcazar.<\/p>\t\t\t\t\t\t\t\t<\/div>\n\t\t\t\t<\/div>\n\t\t\t\t\t<\/div>\n\t\t<\/div>\n\t\t\t\t<div class=\"elementor-column elementor-col-66 elementor-top-column elementor-element elementor-element-b7f91d8\" data-id=\"b7f91d8\" data-element_type=\"column\" data-e-type=\"column\">\n\t\t\t<div class=\"elementor-widget-wrap elementor-element-populated\">\n\t\t\t\t\t\t<div class=\"elementor-element elementor-element-bcf2c49 elementor--h-position-center elementor--v-position-middle elementor-arrows-position-inside elementor-pagination-position-inside elementor-widget elementor-widget-slides\" data-id=\"bcf2c49\" data-element_type=\"widget\" data-e-type=\"widget\" data-settings=\"{&quot;navigation&quot;:&quot;both&quot;,&quot;autoplay&quot;:&quot;yes&quot;,&quot;pause_on_hover&quot;:&quot;yes&quot;,&quot;pause_on_interaction&quot;:&quot;yes&quot;,&quot;autoplay_speed&quot;:5000,&quot;infinite&quot;:&quot;yes&quot;,&quot;transition&quot;:&quot;slide&quot;,&quot;transition_speed&quot;:500}\" data-widget_type=\"slides.default\">\n\t\t\t\t<div class=\"elementor-widget-container\">\n\t\t\t\t\t\t\t\t\t<div class=\"elementor-swiper\">\n\t\t\t\t\t<div class=\"elementor-slides-wrapper elementor-main-swiper swiper\" role=\"region\" aria-roledescription=\"carousel\" aria-label=\"Diapositives\" dir=\"ltr\" data-animation=\"fadeInUp\">\n\t\t\t\t<div class=\"swiper-wrapper elementor-slides\">\n\t\t\t\t\t\t\t\t\t\t<div class=\"elementor-repeater-item-ecb20b5 swiper-slide\" role=\"group\" aria-roledescription=\"slide\"><div class=\"swiper-slide-bg\" role=\"img\" aria-label=\"MELIA restaurant Espagne\"><\/div><div class=\"elementor-background-overlay\"><\/div><div class=\"swiper-slide-inner\" ><div class=\"swiper-slide-contents\"><div class=\"elementor-slide-heading\">MELIA GRANADA<\/div><\/div><\/div><\/div><div class=\"elementor-repeater-item-f84db39 swiper-slide\" role=\"group\" aria-roledescription=\"slide\"><div class=\"swiper-slide-bg\" role=\"img\" aria-label=\"ALFONSO ext Espagne\"><\/div><div class=\"elementor-background-overlay\"><\/div><div class=\"swiper-slide-inner\" ><div class=\"swiper-slide-contents\"><div class=\"elementor-slide-heading\">ALFONSO XIII<\/div><\/div><\/div><\/div>\t\t\t\t<\/div>\n\t\t\t\t\t\t\t\t\t\t\t\t\t\t\t<div class=\"elementor-swiper-button elementor-swiper-button-prev\" role=\"button\" tabindex=\"0\" aria-label=\"Diapositive pr\u00e9c\u00e9dente\">\n\t\t\t\t\t\t\t<i aria-hidden=\"true\" class=\"eicon-chevron-left\"><\/i>\t\t\t\t\t\t<\/div>\n\t\t\t\t\t\t<div class=\"elementor-swiper-button elementor-swiper-button-next\" role=\"button\" tabindex=\"0\" aria-label=\"Diapositive suivante\">\n\t\t\t\t\t\t\t<i aria-hidden=\"true\" class=\"eicon-chevron-right\"><\/i>\t\t\t\t\t\t<\/div>\n\t\t\t\t\t\t\t\t\t\t\t\t\t\t\t\t<div class=\"swiper-pagination\"><\/div>\n\t\t\t\t\t\t\t\t\t\t\t\t<\/div>\n\t\t\t\t<\/div>\n\t\t\t\t\t\t\t\t<\/div>\n\t\t\t\t<\/div>\n\t\t\t\t\t<\/div>\n\t\t<\/div>\n\t\t\t\t\t<\/div>\n\t\t<\/section>\n\t\t\t\t<section class=\"elementor-section elementor-top-section elementor-element elementor-element-85bf8d9 elementor-section-boxed elementor-section-height-default elementor-section-height-default qodef-backgound-letter-holder-no qodef-elementor-content-no\" data-id=\"85bf8d9\" data-element_type=\"section\" data-e-type=\"section\">\n\t\t\t\t\t\t<div class=\"elementor-container elementor-column-gap-default\">\n\t\t\t\t\t<div class=\"elementor-column elementor-col-50 elementor-top-column elementor-element elementor-element-55f2b89\" data-id=\"55f2b89\" data-element_type=\"column\" data-e-type=\"column\">\n\t\t\t<div class=\"elementor-widget-wrap elementor-element-populated\">\n\t\t\t\t\t\t<div class=\"elementor-element elementor-element-13a25ae elementor-widget elementor-widget-text-editor\" data-id=\"13a25ae\" data-element_type=\"widget\" data-e-type=\"widget\" data-widget_type=\"text-editor.default\">\n\t\t\t\t<div class=\"elementor-widget-container\">\n\t\t\t\t\t\t\t\t\t<p><strong>Prix par personne : (\u00e0 partir de)<\/strong><\/p><p>Voyage en Andalousie 6 380 \u20ac<\/p>\t\t\t\t\t\t\t\t<\/div>\n\t\t\t\t<\/div>\n\t\t\t\t\t<\/div>\n\t\t<\/div>\n\t\t\t\t<div class=\"elementor-column elementor-col-50 elementor-top-column elementor-element elementor-element-fb19e95\" data-id=\"fb19e95\" data-element_type=\"column\" data-e-type=\"column\">\n\t\t\t<div class=\"elementor-widget-wrap elementor-element-populated\">\n\t\t\t\t\t\t<div class=\"elementor-element elementor-element-f1d0085 elementor-widget elementor-widget-text-editor\" data-id=\"f1d0085\" data-element_type=\"widget\" data-e-type=\"widget\" data-widget_type=\"text-editor.default\">\n\t\t\t\t<div class=\"elementor-widget-container\">\n\t\t\t\t\t\t\t\t\t<p><strong>DEMANDEZ LE PROGRAMME POUR RECEVOIR LES CONDITIONS DE PARTICIPATION ET VOUS INSCRIRE<\/strong><\/p>\t\t\t\t\t\t\t\t<\/div>\n\t\t\t\t<\/div>\n\t\t\t\t\t<\/div>\n\t\t<\/div>\n\t\t\t\t\t<\/div>\n\t\t<\/section>\n\t\t\t\t<section class=\"elementor-section elementor-top-section elementor-element elementor-element-9a18dc0 elementor-section-boxed elementor-section-height-default elementor-section-height-default qodef-backgound-letter-holder-no qodef-elementor-content-no\" data-id=\"9a18dc0\" data-element_type=\"section\" data-e-type=\"section\">\n\t\t\t\t\t\t<div class=\"elementor-container elementor-column-gap-default\">\n\t\t\t\t\t<div class=\"elementor-column elementor-col-100 elementor-top-column elementor-element elementor-element-119ed8b\" data-id=\"119ed8b\" data-element_type=\"column\" data-e-type=\"column\">\n\t\t\t<div class=\"elementor-widget-wrap elementor-element-populated\">\n\t\t\t\t\t\t<div class=\"elementor-element elementor-element-77658b9 elementor-widget elementor-widget-gallery\" data-id=\"77658b9\" data-element_type=\"widget\" data-e-type=\"widget\" data-settings=\"{&quot;gap&quot;:{&quot;unit&quot;:&quot;px&quot;,&quot;size&quot;:0,&quot;sizes&quot;:[]},&quot;lazyload&quot;:&quot;yes&quot;,&quot;gallery_layout&quot;:&quot;grid&quot;,&quot;columns&quot;:4,&quot;columns_tablet&quot;:2,&quot;columns_mobile&quot;:1,&quot;gap_tablet&quot;:{&quot;unit&quot;:&quot;px&quot;,&quot;size&quot;:10,&quot;sizes&quot;:[]},&quot;gap_mobile&quot;:{&quot;unit&quot;:&quot;px&quot;,&quot;size&quot;:10,&quot;sizes&quot;:[]},&quot;aspect_ratio&quot;:&quot;3:2&quot;,&quot;overlay_background&quot;:&quot;yes&quot;,&quot;content_hover_animation&quot;:&quot;fade-in&quot;}\" data-widget_type=\"gallery.default\">\n\t\t\t\t<div class=\"elementor-widget-container\">\n\t\t\t\t\t\t\t<div class=\"elementor-gallery__container\">\n\t\t\t\t\t\t\t<div class=\"e-gallery-item elementor-gallery-item elementor-animated-content\">\n\t\t\t\t\t<div class=\"e-gallery-image elementor-gallery-item__image\" data-thumbnail=\"https:\/\/voyagesalaune.com\/wp-content\/uploads\/2025\/09\/ESPAGNE-768x404.png\" data-width=\"768\" data-height=\"404\" aria-label=\"\" role=\"img\" ><\/div>\n\t\t\t\t\t\t\t\t\t\t\t<div class=\"elementor-gallery-item__overlay\"><\/div>\n\t\t\t\t\t\t\t\t\t\t\t\t\t\t<\/div>\n\t\t\t\t\t\t\t<div class=\"e-gallery-item elementor-gallery-item elementor-animated-content\">\n\t\t\t\t\t<div class=\"e-gallery-image elementor-gallery-item__image\" data-thumbnail=\"https:\/\/voyagesalaune.com\/wp-content\/uploads\/2025\/09\/ESPAGNE-SEVILLE.png\" data-width=\"726\" data-height=\"470\" aria-label=\"\" role=\"img\" ><\/div>\n\t\t\t\t\t\t\t\t\t\t\t<div class=\"elementor-gallery-item__overlay\"><\/div>\n\t\t\t\t\t\t\t\t\t\t\t\t\t\t<\/div>\n\t\t\t\t\t\t\t<div class=\"e-gallery-item elementor-gallery-item elementor-animated-content\">\n\t\t\t\t\t<div class=\"e-gallery-image elementor-gallery-item__image\" data-thumbnail=\"https:\/\/voyagesalaune.com\/wp-content\/uploads\/2023\/08\/city-5164368_1280-768x512.jpg\" data-width=\"768\" data-height=\"512\" aria-label=\"\" role=\"img\" ><\/div>\n\t\t\t\t\t\t\t\t\t\t\t<div class=\"elementor-gallery-item__overlay\"><\/div>\n\t\t\t\t\t\t\t\t\t\t\t\t\t\t<\/div>\n\t\t\t\t\t\t\t<div class=\"e-gallery-item elementor-gallery-item elementor-animated-content\">\n\t\t\t\t\t<div class=\"e-gallery-image elementor-gallery-item__image\" data-thumbnail=\"https:\/\/voyagesalaune.com\/wp-content\/uploads\/2025\/07\/CADIX-ESPAGNE-768x456.png\" data-width=\"768\" data-height=\"456\" aria-label=\"\" role=\"img\" ><\/div>\n\t\t\t\t\t\t\t\t\t\t\t<div class=\"elementor-gallery-item__overlay\"><\/div>\n\t\t\t\t\t\t\t\t\t\t\t\t\t\t<\/div>\n\t\t\t\t\t<\/div>\n\t\t\t\t\t<\/div>\n\t\t\t\t<\/div>\n\t\t\t\t\t<\/div>\n\t\t<\/div>\n\t\t\t\t\t<\/div>\n\t\t<\/section>\n\t\t\t\t<\/div>\n\t\t","protected":false},"excerpt":{"rendered":"<p>Demandez le programme H\u00e9riti\u00e8re d\u2019un \u00e2ge d\u2019or multiculturel, l\u2019Andalousie rec\u00e8le parmi les plus pr\u00e9cieux joyaux du patrimoine artistique mondial. S\u00e9ville, Cordoue, Grenade\u2026 cette terre lumineuse d\u00e9ploie une richesse culturelle impressionnante et conserve de sublimes vestiges o\u00f9 dialoguent arts mauresques, gothiques et baroques. L\u00e0 flamboie l\u2019or du Nouveau Monde ; l\u00e0 s\u2019exhalent le parfum des orangers [&hellip;]<\/p>\n","protected":false},"author":4,"featured_media":0,"parent":20,"menu_order":0,"comment_status":"closed","ping_status":"closed","template":"","meta":{"footnotes":""},"class_list":["post-28104","page","type-page","status-publish","hentry"],"_links":{"self":[{"href":"https:\/\/voyagesalaune.com\/index.php\/wp-json\/wp\/v2\/pages\/28104","targetHints":{"allow":["GET"]}}],"collection":[{"href":"https:\/\/voyagesalaune.com\/index.php\/wp-json\/wp\/v2\/pages"}],"about":[{"href":"https:\/\/voyagesalaune.com\/index.php\/wp-json\/wp\/v2\/types\/page"}],"author":[{"embeddable":true,"href":"https:\/\/voyagesalaune.com\/index.php\/wp-json\/wp\/v2\/users\/4"}],"replies":[{"embeddable":true,"href":"https:\/\/voyagesalaune.com\/index.php\/wp-json\/wp\/v2\/comments?post=28104"}],"version-history":[{"count":16,"href":"https:\/\/voyagesalaune.com\/index.php\/wp-json\/wp\/v2\/pages\/28104\/revisions"}],"predecessor-version":[{"id":28427,"href":"https:\/\/voyagesalaune.com\/index.php\/wp-json\/wp\/v2\/pages\/28104\/revisions\/28427"}],"up":[{"embeddable":true,"href":"https:\/\/voyagesalaune.com\/index.php\/wp-json\/wp\/v2\/pages\/20"}],"wp:attachment":[{"href":"https:\/\/voyagesalaune.com\/index.php\/wp-json\/wp\/v2\/media?parent=28104"}],"curies":[{"name":"wp","href":"https:\/\/api.w.org\/{rel}","templated":true}]}}